{"id":35925,"date":"2025-11-03T16:19:43","date_gmt":"2025-11-03T15:19:43","guid":{"rendered":"https:\/\/www.ehorses.de\/magazin\/?post_type=partner&#038;p=35925"},"modified":"2025-11-03T16:19:44","modified_gmt":"2025-11-03T15:19:44","slug":"thermoregulation-pferd","status":"publish","type":"partner","link":"https:\/\/www.ehorses.de\/magazin\/partner\/thermoregulation-pferd\/","title":{"rendered":"Thermoregulation beim Pferd \u2013 Symptome, Risiken &#038; richtige Unterst\u00fctzung"},"content":{"rendered":"\t\t<div data-elementor-type=\"wp-post\" data-elementor-id=\"35925\" class=\"elementor elementor-35925\" data-elementor-post-type=\"partner\">\n\t\t\t\t\t\t<section data-particle_enable=\"false\" data-particle-mobile-disabled=\"false\" class=\"penci-section penci-disSticky penci-structure-10 elementor-section elementor-top-section elementor-element elementor-element-44c33a7b elementor-section-boxed elementor-section-height-default elementor-section-height-default\" data-id=\"44c33a7b\" data-element_type=\"section\" data-e-type=\"section\">\n\t\t\t\t\t\t<div class=\"elementor-container elementor-column-gap-default\">\n\t\t\t\t\t<div class=\"penci-ercol-100 penci-ercol-order-1 penci-sticky-ct    elementor-column elementor-col-100 elementor-top-column elementor-element elementor-element-4bbe2821\" data-id=\"4bbe2821\" data-element_type=\"column\" data-e-type=\"column\">\n\t\t\t<div class=\"elementor-widget-wrap elementor-element-populated\">\n\t\t\t\t\t\t<div class=\"elementor-element elementor-element-d40ee3c elementor-widget elementor-widget-text-editor\" data-id=\"d40ee3c\" data-element_type=\"widget\" data-e-type=\"widget\" data-widget_type=\"text-editor.default\">\n\t\t\t\t<div class=\"elementor-widget-container\">\n\t\t\t\t\t\t\t\t\t<p data-start=\"149\" data-end=\"533\"><strong>Anzeige: Ob klirrende K\u00e4lte oder dr\u00fcckende Sommerhitze \u2013 extreme Temperaturen belasten auch unsere Pferde. Damit dein Pferd gesund durch alle Jahreszeiten kommt, spielt die Thermoregulation eine entscheidende Rolle. In diesem Artikel erf\u00e4hrst du, wie Pferde ihre K\u00f6rpertemperatur regulieren, wann sie Unterst\u00fctzung brauchen \u2013 und welche <a href=\"http:\/\/www.weatherbeetaeu.com\" target=\"_blank\" rel=\"noopener nofollow\">Decken<\/a> bei K\u00e4lte wirklich sch\u00fctzen.<\/strong><\/p><p data-start=\"535\" data-end=\"540\"><strong><\/strong><\/p>\t\t\t\t\t\t\t\t<\/div>\n\t\t\t\t<\/div>\n\t\t\t\t<div class=\"elementor-element elementor-element-e959987 elementor-widget elementor-widget-text-editor\" data-id=\"e959987\" data-element_type=\"widget\" data-e-type=\"widget\" data-widget_type=\"text-editor.default\">\n\t\t\t\t<div class=\"elementor-widget-container\">\n\t\t\t\t\t\t\t\t\t<h2 data-start=\"150\" data-end=\"228\">Wie sch\u00fctzt sich dein Pferd durch Thermoregulation bei K\u00e4lte und Hitze \u2013 und wann braucht es deine Hilfe?<\/h2><p data-start=\"230\" data-end=\"636\">Pferde sind wahre Meister der Anpassung: Ihre individuelle Wohlf\u00fchltemperatur liegt \u2013 je nach Rasse, Alter und Haltung \u2013 zwischen etwa <strong data-start=\"365\" data-end=\"391\">-7\u202f\u00b0C (trockene K\u00e4lte)<\/strong> und <strong data-start=\"396\" data-end=\"406\">+25\u202f\u00b0C<\/strong>. Doch trotz dieser breiten Spanne gilt: Extreme Temperaturen k\u00f6nnen zur Belastung werden \u2013 mit m\u00f6glichen Folgen wie <strong data-start=\"523\" data-end=\"577\">Leistungsminderung, Unwohlsein, <a href=\"https:\/\/www.ehorses.de\/magazin\/partner\/durchfall-pferd\/\" target=\"_blank\" rel=\"noopener\">Durchfall<\/a>, <a href=\"https:\/\/www.ehorses.de\/magazin\/kolik-beim-pferd-vorbeugen-8-tipps\/\" target=\"_blank\" rel=\"noopener\">Koliken<\/a><\/strong> oder im schlimmsten Fall <strong data-start=\"603\" data-end=\"635\"><a href=\"https:\/\/www.ehorses.de\/magazin\/hitze-bei-pferden-tipps-fuer-heisse-sommertage\/\" target=\"_blank\" rel=\"noopener\">Hitzschlag<\/a> oder Erfrierungen<\/strong>.<\/p><p data-start=\"638\" data-end=\"932\"><strong data-start=\"638\" data-end=\"666\">Was viele untersch\u00e4tzen:<\/strong> Pferde regulieren ihre K\u00f6rpertemperatur \u00fcber Haut, Fell, Blutgef\u00e4\u00dfe und Schwei\u00dfdr\u00fcsen. Das dichte Winterfell, die Fettschicht unter der Haut und die Talgproduktion sorgen f\u00fcr nat\u00fcrlichen Schutz \u2013 solange wir diesen nicht mit falscher Haltung oder Ausr\u00fcstung st\u00f6ren.<\/p><p data-start=\"934\" data-end=\"990\"><strong data-start=\"934\" data-end=\"990\">Wichtige Grundlagen zur Thermoregulation beim Pferd:<\/strong><\/p><ul data-start=\"991\" data-end=\"1198\"><li data-start=\"991\" data-end=\"1033\"><p data-start=\"993\" data-end=\"1033\">Wie Pferde W\u00e4rme produzieren und abgeben<\/p><\/li><li data-start=\"1034\" data-end=\"1072\"><p data-start=\"1036\" data-end=\"1072\">Die Rolle von Sommer- vs. Winterfell<\/p><\/li><li data-start=\"1073\" data-end=\"1132\"><p data-start=\"1075\" data-end=\"1132\">Einfluss von Alter, Rasse, Gesundheitszustand und Haltung<\/p><\/li><li data-start=\"1133\" data-end=\"1198\"><p data-start=\"1135\" data-end=\"1198\">Warum eine falsche Decke bei Regen mehr schaden als helfen kann<\/p><\/li><\/ul><p data-start=\"1200\" data-end=\"1349\"><strong data-start=\"1200\" data-end=\"1210\">Merke:<\/strong> Ein verschwitztes Pferd unter einer Decke k\u00fchlt schneller aus als ein nasses Pferd ohne \u2013 Feuchtigkeit direkt auf der Haut ist gef\u00e4hrlich.<\/p>\t\t\t\t\t\t\t\t<\/div>\n\t\t\t\t<\/div>\n\t\t\t\t<div class=\"elementor-element elementor-element-1f094f84 elementor-position-inline-start elementor-view-default elementor-mobile-position-block-start elementor-widget elementor-widget-icon-box\" data-id=\"1f094f84\" data-element_type=\"widget\" data-e-type=\"widget\" data-widget_type=\"icon-box.default\">\n\t\t\t\t<div class=\"elementor-widget-container\">\n\t\t\t\t\t\t\t<div class=\"elementor-icon-box-wrapper\">\n\n\t\t\t\t\t\t<div class=\"elementor-icon-box-icon\">\n\t\t\t\t<span  class=\"elementor-icon\">\n\t\t\t\t<svg xmlns=\"http:\/\/www.w3.org\/2000\/svg\" xmlns:xlink=\"http:\/\/www.w3.org\/1999\/xlink\" id=\"Ebene_1\" x=\"0px\" y=\"0px\" viewBox=\"0 0 40 40\" style=\"enable-background:new 0 0 40 40;\" xml:space=\"preserve\"><style type=\"text\/css\">\t.st0{fill:#C42026;}<\/style><path class=\"st0\" d=\"M20.1,28.6c0.5,0,0.9-0.2,1.2-0.5c0.3-0.3,0.5-0.7,0.5-1.2V20c0-0.5-0.2-0.9-0.5-1.2c-0.3-0.3-0.7-0.5-1.2-0.5 c-0.5,0-0.9,0.2-1.2,0.5c-0.3,0.3-0.5,0.7-0.5,1.2v6.9c0,0.5,0.2,0.9,0.5,1.2C19.2,28.5,19.6,28.6,20.1,28.6z M20,15.6 c0.5,0,1-0.2,1.3-0.5c0.4-0.4,0.5-0.8,0.5-1.3c0-0.5-0.2-1-0.5-1.4C21,12,20.5,11.8,20,11.8c-0.5,0-1,0.2-1.3,0.5 c-0.4,0.4-0.5,0.8-0.5,1.3c0,0.5,0.2,1,0.5,1.3C19,15.4,19.5,15.6,20,15.6z M20,37.3c-2.4,0-4.7-0.5-6.8-1.4 c-2.1-0.9-3.9-2.1-5.5-3.7c-1.6-1.6-2.8-3.4-3.7-5.5c-0.9-2.1-1.4-4.4-1.4-6.8c0-2.4,0.5-4.7,1.4-6.8c0.9-2.1,2.1-3.9,3.7-5.5 c1.6-1.6,3.4-2.8,5.5-3.7c2.1-0.9,4.4-1.4,6.8-1.4c2.4,0,4.7,0.5,6.8,1.4c2.1,0.9,3.9,2.1,5.5,3.7c1.6,1.6,2.8,3.4,3.7,5.5 c0.9,2.1,1.4,4.4,1.4,6.8c0,2.4-0.5,4.7-1.4,6.8c-0.9,2.1-2.1,3.9-3.7,5.5c-1.6,1.6-3.4,2.8-5.5,3.7C24.7,36.9,22.4,37.3,20,37.3z\"><\/path><\/svg>\t\t\t\t<\/span>\n\t\t\t<\/div>\n\t\t\t\n\t\t\t\t\t\t<div class=\"elementor-icon-box-content\">\n\n\t\t\t\t\t\t\t\t\t<p class=\"elementor-icon-box-title\">\n\t\t\t\t\t\t<span  >\n\t\t\t\t\t\t\tWie regulieren Pferde ihre K\u00f6rpertemperatur?\t\t\t\t\t\t<\/span>\n\t\t\t\t\t<\/p>\n\t\t\t\t\n\t\t\t\t\t\t\t\t\t<p class=\"elementor-icon-box-description\">\n\t\t\t\t\t\tPferde regulieren ihre K\u00f6rpertemperatur durch eine Kombination aus Haut, Fell, Schwei\u00dfdr\u00fcsen und Blutgef\u00e4\u00dfen \u2013 doch bei extremen Temperaturen, N\u00e4sse oder falscher Haltung kann diese nat\u00fcrliche Thermoregulation an ihre Grenzen sto\u00dfen.\t\t\t\t\t<\/p>\n\t\t\t\t\n\t\t\t<\/div>\n\t\t\t\n\t\t<\/div>\n\t\t\t\t\t\t<\/div>\n\t\t\t\t<\/div>\n\t\t\t\t<div class=\"elementor-element elementor-element-7aed884 elementor-widget elementor-widget-text-editor\" data-id=\"7aed884\" data-element_type=\"widget\" data-e-type=\"widget\" data-widget_type=\"text-editor.default\">\n\t\t\t\t<div class=\"elementor-widget-container\">\n\t\t\t\t\t\t\t\t\t<h2 data-start=\"109\" data-end=\"185\"><strong data-start=\"109\" data-end=\"185\">Wann braucht ein Pferd eine Decke? \u2013 Wichtige Faustregeln f\u00fcrs Eindecken<\/strong><\/h2><p data-start=\"187\" data-end=\"435\">Ob und wann ein Pferd eingedeckt werden sollte, h\u00e4ngt von mehreren Faktoren ab \u2013 nicht nur von der Temperatur. Entscheidend sind unter anderem <strong data-start=\"330\" data-end=\"412\">Rasse, Alter, Gesundheitszustand, Haltung (<a href=\"https:\/\/www.ehorses.de\/magazin\/pferdehaltung-im-offenstall\/\" target=\"_blank\" rel=\"noopener\">Offenstall<\/a> vs. Box), Trainingslevel<\/strong> sowie <a href=\"https:\/\/www.ehorses.de\/magazin\/fellwechsel-beim-pferd\/\" target=\"_blank\" rel=\"noopener\"><strong data-start=\"419\" data-end=\"434\">Fellwechsel<\/strong><\/a>.<\/p><p data-start=\"437\" data-end=\"456\">Grunds\u00e4tzlich gilt:<\/p><ul data-start=\"457\" data-end=\"889\"><li data-start=\"457\" data-end=\"575\"><p data-start=\"459\" data-end=\"575\"><strong data-start=\"459\" data-end=\"498\">Untrainierte oder <a href=\"https:\/\/www.ehorses.de\/magazin\/pferd-scheren\/\" target=\"_blank\" rel=\"noopener\">geschorene Pferde<\/a><\/strong> ben\u00f6tigen eher eine Decke als robust gehaltene Pferde mit vollem Winterfell.<\/p><\/li><li data-start=\"576\" data-end=\"758\"><p data-start=\"578\" data-end=\"758\"><strong data-start=\"578\" data-end=\"633\">Starker Wind, Dauerregen oder hohe Luftfeuchtigkeit<\/strong> verst\u00e4rken die K\u00e4ltewirkung massiv \u2013 hier kann eine Regendecke sinnvoll sein, auch bei Temperaturen um den Gefrierpunkt.<\/p><\/li><li data-start=\"759\" data-end=\"889\"><p data-start=\"761\" data-end=\"889\">Bei <strong data-start=\"765\" data-end=\"801\">starkem Frost (-5\u202f\u00b0C und k\u00e4lter)<\/strong> kann eine Winterdecke notwendig sein, besonders bei geschorenen oder alten Pferden.<\/p><\/li><\/ul><p data-start=\"891\" data-end=\"937\"><strong data-start=\"891\" data-end=\"937\">Typische Temperaturgrenzen (orientierend):<\/strong><\/p><div class=\"_tableContainer_1rjym_1\"><div class=\"group _tableWrapper_1rjym_13 flex w-fit flex-col-reverse\" tabindex=\"-1\"><div class=\"pcrstb-wrap\"><table class=\"w-fit min-w-(--thread-content-width)\" data-start=\"938\" data-end=\"1499\"><thead data-start=\"938\" data-end=\"1029\"><tr data-start=\"938\" data-end=\"1029\"><th data-start=\"938\" data-end=\"956\" data-col-size=\"sm\">Au\u00dfentemperatur<\/th><th data-start=\"956\" data-end=\"991\" data-col-size=\"sm\">Empfehlung f\u00fcr geschorene Pferde<\/th><th data-start=\"991\" data-end=\"1029\" data-col-size=\"sm\">Empfehlung f\u00fcr ungeschorene Pferde<\/th><\/tr><\/thead><tbody data-start=\"1123\" data-end=\"1499\"><tr data-start=\"1123\" data-end=\"1217\"><td data-start=\"1123\" data-end=\"1142\" data-col-size=\"sm\">+10\u202f\u00b0C bis +5\u202f\u00b0C<\/td><td data-start=\"1142\" data-end=\"1178\" data-col-size=\"sm\">\u00dcbergangsdecke \/ leicht gef\u00fcttert<\/td><td data-start=\"1178\" data-end=\"1217\" data-col-size=\"sm\">meist keine Decke n\u00f6tig<\/td><\/tr><tr data-start=\"1218\" data-end=\"1311\"><td data-start=\"1218\" data-end=\"1237\" data-col-size=\"sm\">+5\u202f\u00b0C bis 0\u202f\u00b0C<\/td><td data-start=\"1237\" data-end=\"1272\" data-col-size=\"sm\">Gef\u00fctterte Decke<\/td><td data-start=\"1272\" data-end=\"1311\" data-col-size=\"sm\">evtl. Regendecke bei N\u00e4sse<\/td><\/tr><tr data-start=\"1312\" data-end=\"1405\"><td data-start=\"1312\" data-end=\"1331\" data-col-size=\"sm\">0\u202f\u00b0C bis -5\u202f\u00b0C<\/td><td data-start=\"1331\" data-end=\"1366\" data-col-size=\"sm\">100\u2013200\u202fg F\u00fcllung<\/td><td data-start=\"1366\" data-end=\"1405\" data-col-size=\"sm\">Winterdecke nur bei Bedarf<\/td><\/tr><tr data-start=\"1406\" data-end=\"1499\"><td data-start=\"1406\" data-end=\"1425\" data-col-size=\"sm\">-5\u202f\u00b0C und k\u00e4lter<\/td><td data-col-size=\"sm\" data-start=\"1425\" data-end=\"1460\">200\u2013300\u202fg F\u00fcllung<\/td><td data-col-size=\"sm\" data-start=\"1460\" data-end=\"1499\">bei \u00e4lteren Tieren ggf. eindecken<\/td><\/tr><\/tbody><\/table><\/div><\/div><\/div><p data-start=\"1501\" data-end=\"1720\"><strong data-start=\"1501\" data-end=\"1513\">Wichtig:<\/strong> Die Winterdecke sch\u00fctzt vor K\u00e4lte und sollte w\u00e4rmeisolierend sein, w\u00e4hrend die Regendecke vor allem nasskaltem Wetter trotzt \u2013 sie ist meist ungef\u00fcttert, daf\u00fcr aber wasserdicht und atmungsaktiv.<\/p><div id=\"attachment_82386\" style=\"width: 610px\" class=\"wp-caption aligncenter\"><img fetchpriority=\"high\" decoding=\"async\" aria-describedby=\"caption-attachment-82386\" class=\"wp-image-82386 size-full\" src=\"https:\/\/www.ehorses.de\/magazin\/wp-content\/uploads\/Thermoregulation-beim-Pferd-3.jpg\" alt=\"Thermoregulation beim Pferd: Decken von Weatherbeeta\" width=\"600\" height=\"400\" srcset=\"https:\/\/www.ehorses.de\/magazin\/wp-content\/uploads\/Thermoregulation-beim-Pferd-3.jpg 600w, https:\/\/www.ehorses.de\/magazin\/wp-content\/uploads\/Thermoregulation-beim-Pferd-3-300x200.jpg 300w, https:\/\/www.ehorses.de\/magazin\/wp-content\/uploads\/Thermoregulation-beim-Pferd-3-585x390.jpg 585w, https:\/\/www.ehorses.de\/magazin\/wp-content\/uploads\/Thermoregulation-beim-Pferd-3-263x175.jpg 263w\" sizes=\"(max-width: 600px) 100vw, 600px\" \/><p id=\"caption-attachment-82386\" class=\"wp-caption-text\">Gut eingepackt durch den Winter \u2013 mit der richtigen Decke bleibt dein Pferd auch bei K\u00e4lte und N\u00e4sse gesch\u00fctzt.<\/p><\/div>\t\t\t\t\t\t\t\t<\/div>\n\t\t\t\t<\/div>\n\t\t\t\t<div class=\"elementor-element elementor-element-567b056 elementor-widget elementor-widget-text-editor\" data-id=\"567b056\" data-element_type=\"widget\" data-e-type=\"widget\" data-widget_type=\"text-editor.default\">\n\t\t\t\t<div class=\"elementor-widget-container\">\n\t\t\t\t\t\t\t\t\t<h2 data-start=\"308\" data-end=\"401\">Verl\u00e4sslicher Schutz beginnt mit der richtigen Decke \u2013 unsere Empfehlung f\u00fcr den Winter<\/h2><p data-start=\"403\" data-end=\"745\">Gerade wenn die Temperaturen fallen, stellt sich f\u00fcr viele Pferdebesitzer die Frage: Welche Decke ist die richtige f\u00fcr mein Pferd \u2013 und worauf kann ich mich wirklich verlassen?<\/p><p data-start=\"403\" data-end=\"745\">Aus diesem Grund m\u00f6chten wir dir hochwertige, funktionale und langlebige <a href=\"http:\/\/www.weatherbeetaeu.com\" target=\"_blank\" rel=\"noopener nofollow\">Pferdedecken f\u00fcr Herbst und Winter von <strong data-start=\"719\" data-end=\"735\">WeatherBeeta<\/strong><\/a> vorstellen.<\/p><p data-start=\"747\" data-end=\"1138\">Die Traditionsmarke aus Australien steht <strong>seit \u00fcber 45 Jahren<\/strong> f\u00fcr durchdachten Wetterschutz, der mit jeder Kollektion weiterentwickelt wird \u2013 mit echtem Praxisbezug, innovativer Technik und einem feinen Gesp\u00fcr f\u00fcr die Bed\u00fcrfnisse aktiver Pferde.<\/p><p data-start=\"747\" data-end=\"1138\"><strong>Deine Vorteile auf einen Blick:<\/strong><\/p><ul><li data-start=\"791\" data-end=\"937\"><p data-start=\"793\" data-end=\"937\"><strong data-start=\"793\" data-end=\"822\">\u00dcberragende W\u00e4rmeleistung<\/strong>: Die Decken sind so konzipiert, dass sie selbst bei klirrender K\u00e4lte f\u00fcr eine angenehme K\u00f6rpertemperatur sorgen.<\/p><\/li><li data-start=\"938\" data-end=\"1090\"><p data-start=\"940\" data-end=\"1090\"><strong data-start=\"940\" data-end=\"985\">Wasser- und winddicht \u2013 aber atmungsaktiv<\/strong>: Hochwertige Materialien halten N\u00e4sse drau\u00dfen, lassen aber \u00fcbersch\u00fcssige W\u00e4rme und Schwei\u00df entweichen.<\/p><\/li><li data-start=\"1091\" data-end=\"1247\"><p data-start=\"1093\" data-end=\"1247\"><strong data-start=\"1093\" data-end=\"1119\">Extrem strapazierf\u00e4hig<\/strong>: Ob t\u00e4glicher Weideeinsatz, Stallbetrieb oder wechselhaftes Wetter \u2013 die Decken sind gemacht f\u00fcr den echten Alltag mit Pferd.<\/p><\/li><li data-start=\"1248\" data-end=\"1421\"><p data-start=\"1250\" data-end=\"1421\"><strong data-start=\"1250\" data-end=\"1277\">Langfristige Sicherheit<\/strong>: Auf alle Turnout Decken der Winter 2025 Collection gibt WeatherBeeta <strong data-start=\"1341\" data-end=\"1361\">3 Jahre Garantie<\/strong> \u2013 auf Wasserdichtigkeit, Atmungsaktivit\u00e4t und die Hardware.<\/p><\/li><\/ul><p data-start=\"747\" data-end=\"1138\"><strong>Klingt spannend?<\/strong><\/p>\t\t\t\t\t\t\t\t<\/div>\n\t\t\t\t<\/div>\n\t\t\t\t<div class=\"elementor-element elementor-element-d4daf16 elementor-widget elementor-widget-button\" data-id=\"d4daf16\" data-element_type=\"widget\" data-e-type=\"widget\" data-widget_type=\"button.default\">\n\t\t\t\t<div class=\"elementor-widget-container\">\n\t\t\t\t\t\t\t\t\t<div class=\"elementor-button-wrapper\">\n\t\t\t\t\t<a class=\"elementor-button elementor-button-link elementor-size-sm\" href=\"http:\/\/www.weatherbeetaeu.com\" target=\"_blank\" rel=\"nofollow\">\n\t\t\t\t\t\t<span class=\"elementor-button-content-wrapper\">\n\t\t\t\t\t\t\t\t\t<span class=\"elementor-button-text\">Mehr erfahren<\/span>\n\t\t\t\t\t<\/span>\n\t\t\t\t\t<\/a>\n\t\t\t\t<\/div>\n\t\t\t\t\t\t\t\t<\/div>\n\t\t\t\t<\/div>\n\t\t\t\t<div class=\"elementor-element elementor-element-71aaf68 elementor-widget elementor-widget-text-editor\" data-id=\"71aaf68\" data-element_type=\"widget\" data-e-type=\"widget\" data-widget_type=\"text-editor.default\">\n\t\t\t\t<div class=\"elementor-widget-container\">\n\t\t\t\t\t\t\t\t\t<h3>Unsere Empfehlungen f\u00fcr dich \u2013 aus der neuen WeatherBeeta Winterkollektion<\/h3><p>Die neue <strong data-start=\"1001\" data-end=\"1027\">Winter 2025 Collection<\/strong> ist durchdacht, robust, anpassungsf\u00e4hig und gleichzeitig stilvoll und komfortabel f\u00fcr dein Pferd.<\/p><p><strong>Diese Modelle haben uns besonders \u00fcberzeugt:<\/strong><\/p>\t\t\t\t\t\t\t\t<\/div>\n\t\t\t\t<\/div>\n\t\t\t\t<section data-particle_enable=\"false\" data-particle-mobile-disabled=\"false\" class=\"penci-section penci-disSticky penci-structure-30 elementor-section elementor-inner-section elementor-element elementor-element-b12f78b elementor-section-boxed elementor-section-height-default elementor-section-height-default\" data-id=\"b12f78b\" data-element_type=\"section\" data-e-type=\"section\">\n\t\t\t\t\t\t<div class=\"elementor-container elementor-column-gap-default\">\n\t\t\t\t\t<div class=\"penci-ercol-33 penci-ercol-order-1 penci-sticky-sb penci-sidebarSC   elementor-column elementor-col-33 elementor-inner-column elementor-element elementor-element-eec91bf\" data-id=\"eec91bf\" data-element_type=\"column\" data-e-type=\"column\">\n\t\t\t<div class=\"elementor-widget-wrap elementor-element-populated\">\n\t\t\t\t\t\t<div class=\"elementor-element elementor-element-1bbffa8 elementor-widget elementor-widget-image\" data-id=\"1bbffa8\" data-element_type=\"widget\" data-e-type=\"widget\" data-widget_type=\"image.default\">\n\t\t\t\t<div class=\"elementor-widget-container\">\n\t\t\t\t\t\t\t\t\t\t\t\t\t\t\t<img decoding=\"async\" width=\"600\" height=\"400\" src=\"https:\/\/www.ehorses.de\/magazin\/wp-content\/uploads\/Thermoregulation-beim-Pferd-1.jpg\" class=\"attachment-large size-large wp-image-82384\" alt=\"Thermoregulation beim Pferd: Decken von Weatherbeeta\" srcset=\"https:\/\/www.ehorses.de\/magazin\/wp-content\/uploads\/Thermoregulation-beim-Pferd-1.jpg 600w, https:\/\/www.ehorses.de\/magazin\/wp-content\/uploads\/Thermoregulation-beim-Pferd-1-300x200.jpg 300w, https:\/\/www.ehorses.de\/magazin\/wp-content\/uploads\/Thermoregulation-beim-Pferd-1-585x390.jpg 585w, https:\/\/www.ehorses.de\/magazin\/wp-content\/uploads\/Thermoregulation-beim-Pferd-1-263x175.jpg 263w\" sizes=\"(max-width: 600px) 100vw, 600px\" \/>\t\t\t\t\t\t\t\t\t\t\t\t\t\t\t<\/div>\n\t\t\t\t<\/div>\n\t\t\t\t<div class=\"elementor-element elementor-element-b0c48e8 elementor-widget elementor-widget-text-editor\" data-id=\"b0c48e8\" data-element_type=\"widget\" data-e-type=\"widget\" data-widget_type=\"text-editor.default\">\n\t\t\t\t<div class=\"elementor-widget-container\">\n\t\t\t\t\t\t\t\t\t<p><strong>WeatherBeeta ComFiTec Ultra Detach-A-Neck \u2013 High-End-Schutz mit maximalem Komfort<\/strong><\/p><p data-start=\"343\" data-end=\"481\">Wenn du f\u00fcr dein Pferd keine Kompromisse machen willst, ist die Ultra das Premium-Modell der neuen Kollektion \u2013 durchdacht bis ins Detail.<\/p><ul data-start=\"483\" data-end=\"758\"><li data-start=\"483\" data-end=\"572\"><p data-start=\"485\" data-end=\"572\">Extra starke 1800 Denier-Au\u00dfenschicht \u2013 wasserdicht, atmungsaktiv und extrem rei\u00dffest<\/p><\/li><li data-start=\"573\" data-end=\"663\"><p data-start=\"575\" data-end=\"663\">Cupped Shoulder Darts &amp; Memory Foam am Widerrist \u2013 f\u00fcr perfekte Passform ohne Scheuern<\/p><\/li><li data-start=\"664\" data-end=\"758\"><p data-start=\"666\" data-end=\"758\">3-teiliges Schweiflatz-System &amp; Snug Fit Neck \u2013 Rundum-Schutz selbst bei extremstem Wetter<\/p><\/li><li data-start=\"664\" data-end=\"758\"><p data-start=\"666\" data-end=\"758\">100g \/ 200g ab \u20ac239.99<\/p><\/li><li data-start=\"664\" data-end=\"758\"><p data-start=\"666\" data-end=\"758\">Farben: Charcoal, Navy<\/p><\/li><\/ul>\t\t\t\t\t\t\t\t<\/div>\n\t\t\t\t<\/div>\n\t\t\t\t\t<\/div>\n\t\t<\/div>\n\t\t\t\t<div class=\"penci-ercol-33 penci-ercol-order-2 penci-sticky-sb penci-sidebarSC   elementor-column elementor-col-33 elementor-inner-column elementor-element elementor-element-621af79\" data-id=\"621af79\" data-element_type=\"column\" data-e-type=\"column\">\n\t\t\t<div class=\"elementor-widget-wrap elementor-element-populated\">\n\t\t\t\t\t\t<div class=\"elementor-element elementor-element-ff53565 elementor-widget elementor-widget-image\" data-id=\"ff53565\" data-element_type=\"widget\" data-e-type=\"widget\" data-widget_type=\"image.default\">\n\t\t\t\t<div class=\"elementor-widget-container\">\n\t\t\t\t\t\t\t\t\t\t\t\t\t\t\t<img decoding=\"async\" width=\"600\" height=\"400\" src=\"https:\/\/www.ehorses.de\/magazin\/wp-content\/uploads\/Thermoregulation-beim-Pferd-2.jpg\" class=\"attachment-large size-large wp-image-82385\" alt=\"Thermoregulation beim Pferd: Decken von Weatherbeeta\" srcset=\"https:\/\/www.ehorses.de\/magazin\/wp-content\/uploads\/Thermoregulation-beim-Pferd-2.jpg 600w, https:\/\/www.ehorses.de\/magazin\/wp-content\/uploads\/Thermoregulation-beim-Pferd-2-300x200.jpg 300w, https:\/\/www.ehorses.de\/magazin\/wp-content\/uploads\/Thermoregulation-beim-Pferd-2-585x390.jpg 585w, https:\/\/www.ehorses.de\/magazin\/wp-content\/uploads\/Thermoregulation-beim-Pferd-2-263x175.jpg 263w\" sizes=\"(max-width: 600px) 100vw, 600px\" \/>\t\t\t\t\t\t\t\t\t\t\t\t\t\t\t<\/div>\n\t\t\t\t<\/div>\n\t\t\t\t<div class=\"elementor-element elementor-element-140d811 elementor-widget elementor-widget-text-editor\" data-id=\"140d811\" data-element_type=\"widget\" data-e-type=\"widget\" data-widget_type=\"text-editor.default\">\n\t\t\t\t<div class=\"elementor-widget-container\">\n\t\t\t\t\t\t\t\t\t<p data-start=\"824\" data-end=\"916\"><strong>WeatherBeeta ComFiTec Plus Dynamic Detach-A-Neck \u2013 F\u00fcr aktive Pferde im Winter<\/strong><\/p><p data-start=\"917\" data-end=\"1020\">Robust, bequem, funktional: Diese Decke meistert den Stallalltag mit Bravour \u2013 egal bei welchem Wetter.<\/p><ul data-start=\"1022\" data-end=\"1230\"><li data-start=\"1022\" data-end=\"1084\"><p data-start=\"1024\" data-end=\"1084\">1200 Denier-Obermaterial \u2013 widerstandsf\u00e4hig und wetterfest<\/p><\/li><li data-start=\"1085\" data-end=\"1160\"><p data-start=\"1087\" data-end=\"1160\">Bewegungsfreiheit durch klassische Schulter-Gehfalte &amp; tiefe Kreuzgurte<\/p><\/li><li data-start=\"1161\" data-end=\"1230\"><p data-start=\"1163\" data-end=\"1230\">Mit Memory Foam, reflektierenden Details und abnehmbarem Halsteil<\/p><\/li><li data-start=\"1161\" data-end=\"1230\"><p data-start=\"1163\" data-end=\"1230\">Ab \u20ac189.99<\/p><\/li><li data-start=\"1161\" data-end=\"1230\"><p data-start=\"1163\" data-end=\"1230\">Farben: Forest Green\/Navy, Navy\/Forest Green<\/p><\/li><\/ul>\t\t\t\t\t\t\t\t<\/div>\n\t\t\t\t<\/div>\n\t\t\t\t\t<\/div>\n\t\t<\/div>\n\t\t\t\t<div class=\"penci-ercol-33 penci-ercol-order-3 penci-sticky-sb penci-sidebarSC   elementor-column elementor-col-33 elementor-inner-column elementor-element elementor-element-c93e824\" data-id=\"c93e824\" data-element_type=\"column\" data-e-type=\"column\">\n\t\t\t<div class=\"elementor-widget-wrap elementor-element-populated\">\n\t\t\t\t\t\t<div class=\"elementor-element elementor-element-c2268c3 elementor-widget elementor-widget-image\" data-id=\"c2268c3\" data-element_type=\"widget\" data-e-type=\"widget\" data-widget_type=\"image.default\">\n\t\t\t\t<div class=\"elementor-widget-container\">\n\t\t\t\t\t\t\t\t\t\t\t\t\t\t\t<img loading=\"lazy\" decoding=\"async\" width=\"600\" height=\"400\" src=\"https:\/\/www.ehorses.de\/magazin\/wp-content\/uploads\/Thermoregulation-beim-Pferd-3.jpg\" class=\"attachment-large size-large wp-image-82386\" alt=\"Thermoregulation beim Pferd: Decken von Weatherbeeta\" srcset=\"https:\/\/www.ehorses.de\/magazin\/wp-content\/uploads\/Thermoregulation-beim-Pferd-3.jpg 600w, https:\/\/www.ehorses.de\/magazin\/wp-content\/uploads\/Thermoregulation-beim-Pferd-3-300x200.jpg 300w, https:\/\/www.ehorses.de\/magazin\/wp-content\/uploads\/Thermoregulation-beim-Pferd-3-585x390.jpg 585w, https:\/\/www.ehorses.de\/magazin\/wp-content\/uploads\/Thermoregulation-beim-Pferd-3-263x175.jpg 263w\" sizes=\"(max-width: 600px) 100vw, 600px\" \/>\t\t\t\t\t\t\t\t\t\t\t\t\t\t\t<\/div>\n\t\t\t\t<\/div>\n\t\t\t\t<div class=\"elementor-element elementor-element-557c2ab elementor-widget elementor-widget-text-editor\" data-id=\"557c2ab\" data-element_type=\"widget\" data-e-type=\"widget\" data-widget_type=\"text-editor.default\">\n\t\t\t\t<div class=\"elementor-widget-container\">\n\t\t\t\t\t\t\t\t\t<p data-start=\"1306\" data-end=\"1388\"><strong>WeatherBeeta ComFiTec Essential Combo \u2013 Preis-Leistung, die \u00fcberzeugt<\/strong><\/p><p data-start=\"1389\" data-end=\"1493\">Zeitlos im Stil, zuverl\u00e4ssig im Einsatz \u2013 die Essential ist dein Einstieg in wetterfesten Rundum-Schutz.<\/p><ul data-start=\"1495\" data-end=\"1711\"><li data-start=\"1495\" data-end=\"1557\"><p data-start=\"1497\" data-end=\"1557\">1200 Denier-Au\u00dfenmaterial \u2013 strapazierf\u00e4hig &amp; atmungsaktiv<\/p><\/li><li data-start=\"1558\" data-end=\"1635\"><p data-start=\"1560\" data-end=\"1635\">Verstellbare Frontverschl\u00fcsse &amp; klassischer Schnitt f\u00fcr optimale Passform<\/p><\/li><li data-start=\"1636\" data-end=\"1711\"><p data-start=\"1638\" data-end=\"1711\">Gro\u00dfer Schweiflatz &amp; reflektierende Details f\u00fcr Schutz und Sichtbarkeit<\/p><\/li><li data-start=\"1636\" data-end=\"1711\"><p data-start=\"1638\" data-end=\"1711\">Ab \u20ac139.99<\/p><\/li><li data-start=\"1636\" data-end=\"1711\"><p data-start=\"1638\" data-end=\"1711\">Farben: Burgundy\/Navy, Navy\/Burgundy<\/p><\/li><\/ul>\t\t\t\t\t\t\t\t<\/div>\n\t\t\t\t<\/div>\n\t\t\t\t\t<\/div>\n\t\t<\/div>\n\t\t\t\t\t<\/div>\n\t\t<\/section>\n\t\t\t\t<section data-particle_enable=\"false\" data-particle-mobile-disabled=\"false\" class=\"penci-section penci-disSticky penci-structure-30 elementor-section elementor-inner-section elementor-element elementor-element-fad0cc7 elementor-section-boxed elementor-section-height-default elementor-section-height-default\" data-id=\"fad0cc7\" data-element_type=\"section\" data-e-type=\"section\">\n\t\t\t\t\t\t<div class=\"elementor-container elementor-column-gap-default\">\n\t\t\t\t\t<div class=\"penci-ercol-33 penci-ercol-order-1 penci-sticky-sb penci-sidebarSC   elementor-column elementor-col-33 elementor-inner-column elementor-element elementor-element-38a4066\" data-id=\"38a4066\" data-element_type=\"column\" data-e-type=\"column\">\n\t\t\t<div class=\"elementor-widget-wrap elementor-element-populated\">\n\t\t\t\t\t\t<div class=\"elementor-element elementor-element-02d5dd5 elementor-widget elementor-widget-image\" data-id=\"02d5dd5\" data-element_type=\"widget\" data-e-type=\"widget\" data-widget_type=\"image.default\">\n\t\t\t\t<div class=\"elementor-widget-container\">\n\t\t\t\t\t\t\t\t\t\t\t\t\t\t\t<img loading=\"lazy\" decoding=\"async\" width=\"600\" height=\"400\" src=\"https:\/\/www.ehorses.de\/magazin\/wp-content\/uploads\/Thermoregulation-beim-Pferd.png\" class=\"attachment-large size-large wp-image-82387\" alt=\"Thermoregulation beim Pferd: Decken von Weatherbeeta\" srcset=\"https:\/\/www.ehorses.de\/magazin\/wp-content\/uploads\/Thermoregulation-beim-Pferd.png 600w, https:\/\/www.ehorses.de\/magazin\/wp-content\/uploads\/Thermoregulation-beim-Pferd-300x200.png 300w, https:\/\/www.ehorses.de\/magazin\/wp-content\/uploads\/Thermoregulation-beim-Pferd-585x390.png 585w, https:\/\/www.ehorses.de\/magazin\/wp-content\/uploads\/Thermoregulation-beim-Pferd-263x175.png 263w\" sizes=\"(max-width: 600px) 100vw, 600px\" \/>\t\t\t\t\t\t\t\t\t\t\t\t\t\t\t<\/div>\n\t\t\t\t<\/div>\n\t\t\t\t<div class=\"elementor-element elementor-element-602095c elementor-widget elementor-widget-text-editor\" data-id=\"602095c\" data-element_type=\"widget\" data-e-type=\"widget\" data-widget_type=\"text-editor.default\">\n\t\t\t\t<div class=\"elementor-widget-container\">\n\t\t\t\t\t\t\t\t\t<p data-start=\"1779\" data-end=\"1860\"><strong>WeatherBeeta ComFiTec Classic Combo \u2013 Funktion pur zum starken Preis<\/strong><\/p><p data-start=\"1861\" data-end=\"1932\">Ideal f\u00fcr robuste Pferde oder als wetterfeste Weidedecke f\u00fcr jeden Tag.<\/p><ul data-start=\"1934\" data-end=\"2146\"><li data-start=\"1934\" data-end=\"2010\"><p data-start=\"1936\" data-end=\"2010\">600 Denier-Obermaterial \u2013 wasserdicht, atmungsaktiv und widerstandsf\u00e4hig<\/p><\/li><li data-start=\"2011\" data-end=\"2081\"><p data-start=\"2013\" data-end=\"2081\">Klassische Passform mit doppeltem Frontverschluss &amp; Kreuzbegurtung<\/p><\/li><li data-start=\"2082\" data-end=\"2146\"><p data-start=\"2084\" data-end=\"2146\">Wetterfest durch gro\u00dfen Schweiflatz &amp; reflektierende Akzente<\/p><\/li><li data-start=\"2082\" data-end=\"2146\"><p data-start=\"2084\" data-end=\"2146\">Ab \u20ac109.99<\/p><\/li><li data-start=\"2082\" data-end=\"2146\"><p data-start=\"2084\" data-end=\"2146\">Farbe: Forest Green\/Black<\/p><\/li><\/ul>\t\t\t\t\t\t\t\t<\/div>\n\t\t\t\t<\/div>\n\t\t\t\t\t<\/div>\n\t\t<\/div>\n\t\t\t\t<div class=\"penci-ercol-33 penci-ercol-order-2 penci-sticky-sb penci-sidebarSC   elementor-column elementor-col-33 elementor-inner-column elementor-element elementor-element-50a64d3\" data-id=\"50a64d3\" data-element_type=\"column\" data-e-type=\"column\">\n\t\t\t<div class=\"elementor-widget-wrap elementor-element-populated\">\n\t\t\t\t\t\t<div class=\"elementor-element elementor-element-e12f5e7 elementor-widget elementor-widget-image\" data-id=\"e12f5e7\" data-element_type=\"widget\" data-e-type=\"widget\" data-widget_type=\"image.default\">\n\t\t\t\t<div class=\"elementor-widget-container\">\n\t\t\t\t\t\t\t\t\t\t\t\t\t\t\t<img loading=\"lazy\" decoding=\"async\" width=\"600\" height=\"400\" src=\"https:\/\/www.ehorses.de\/magazin\/wp-content\/uploads\/Thermoregulation-beim-Pferd-4.jpg\" class=\"attachment-large size-large wp-image-82388\" alt=\"\" srcset=\"https:\/\/www.ehorses.de\/magazin\/wp-content\/uploads\/Thermoregulation-beim-Pferd-4.jpg 600w, https:\/\/www.ehorses.de\/magazin\/wp-content\/uploads\/Thermoregulation-beim-Pferd-4-300x200.jpg 300w, https:\/\/www.ehorses.de\/magazin\/wp-content\/uploads\/Thermoregulation-beim-Pferd-4-585x390.jpg 585w, https:\/\/www.ehorses.de\/magazin\/wp-content\/uploads\/Thermoregulation-beim-Pferd-4-263x175.jpg 263w\" sizes=\"(max-width: 600px) 100vw, 600px\" \/>\t\t\t\t\t\t\t\t\t\t\t\t\t\t\t<\/div>\n\t\t\t\t<\/div>\n\t\t\t\t<div class=\"elementor-element elementor-element-bcd4521 elementor-widget elementor-widget-text-editor\" data-id=\"bcd4521\" data-element_type=\"widget\" data-e-type=\"widget\" data-widget_type=\"text-editor.default\">\n\t\t\t\t<div class=\"elementor-widget-container\">\n\t\t\t\t\t\t\t\t\t<p data-start=\"2203\" data-end=\"2285\"><strong>WeatherBeeta ComFiTec Prelim \u2013 Solider Rundumschutz bei jedem Wetter<\/strong><\/p><p data-start=\"2286\" data-end=\"2369\">Die Prelim vereint Schutz, Komfort und Langlebigkeit \u2013 ideal f\u00fcr wechselhafte Tage.<\/p><ul data-start=\"2371\" data-end=\"2569\"><li data-start=\"2371\" data-end=\"2430\"><p data-start=\"2373\" data-end=\"2430\">1200 Denier-Material \u2013 langlebig, wasser- und winddicht<\/p><\/li><li data-start=\"2431\" data-end=\"2503\"><p data-start=\"2433\" data-end=\"2503\">Verstellbarer Doppelschnallen-Verschluss mit Klett f\u00fcr sicheren Sitz<\/p><\/li><li data-start=\"2504\" data-end=\"2569\"><p data-start=\"2506\" data-end=\"2569\">Bewegungsfreiheit &amp; Wetterschutz durch gro\u00dfe Schweifabdeckung<\/p><\/li><li data-start=\"2504\" data-end=\"2569\"><p data-start=\"2506\" data-end=\"2569\">Ab \u20ac114.99<\/p><\/li><li data-start=\"2504\" data-end=\"2569\"><p data-start=\"2506\" data-end=\"2569\">Farben: Burgundy\/Navy, Navy Embossed Plaid<\/p><\/li><\/ul>\t\t\t\t\t\t\t\t<\/div>\n\t\t\t\t<\/div>\n\t\t\t\t\t<\/div>\n\t\t<\/div>\n\t\t\t\t<div class=\"penci-ercol-33 penci-ercol-order-3 penci-sticky-sb penci-sidebarSC   elementor-column elementor-col-33 elementor-inner-column elementor-element elementor-element-055d75b\" data-id=\"055d75b\" data-element_type=\"column\" data-e-type=\"column\">\n\t\t\t<div class=\"elementor-widget-wrap elementor-element-populated\">\n\t\t\t\t\t\t<div class=\"elementor-element elementor-element-a1d49e3 elementor-widget elementor-widget-image\" data-id=\"a1d49e3\" data-element_type=\"widget\" data-e-type=\"widget\" data-widget_type=\"image.default\">\n\t\t\t\t<div class=\"elementor-widget-container\">\n\t\t\t\t\t\t\t\t\t\t\t\t\t\t\t<img loading=\"lazy\" decoding=\"async\" width=\"600\" height=\"400\" src=\"https:\/\/www.ehorses.de\/magazin\/wp-content\/uploads\/thermoregulation-in-horses-7.png\" class=\"attachment-large size-large wp-image-82905\" alt=\"Thermoregulation beim Pferd\" srcset=\"https:\/\/www.ehorses.de\/magazin\/wp-content\/uploads\/thermoregulation-in-horses-7.png 600w, https:\/\/www.ehorses.de\/magazin\/wp-content\/uploads\/thermoregulation-in-horses-7-300x200.png 300w, https:\/\/www.ehorses.de\/magazin\/wp-content\/uploads\/thermoregulation-in-horses-7-585x390.png 585w, https:\/\/www.ehorses.de\/magazin\/wp-content\/uploads\/thermoregulation-in-horses-7-263x175.png 263w\" sizes=\"(max-width: 600px) 100vw, 600px\" \/>\t\t\t\t\t\t\t\t\t\t\t\t\t\t\t<\/div>\n\t\t\t\t<\/div>\n\t\t\t\t<div class=\"elementor-element elementor-element-e43b988 elementor-widget elementor-widget-text-editor\" data-id=\"e43b988\" data-element_type=\"widget\" data-e-type=\"widget\" data-widget_type=\"text-editor.default\">\n\t\t\t\t<div class=\"elementor-widget-container\">\n\t\t\t\t\t\t\t\t\t<p data-start=\"2643\" data-end=\"2742\"><strong data-start=\"2650\" data-end=\"2740\">WeatherBeeta ComFiTec Tyro Combo \u2013 Alltagsdecke mit starkem Preis-Leistungs-Verh\u00e4ltnis<\/strong><\/p><p data-start=\"2743\" data-end=\"2830\">Perfekt f\u00fcr alle, die eine g\u00fcnstige, aber funktionale Decke f\u00fcr Stall und Weide suchen.<\/p><ul data-start=\"2832\" data-end=\"3032\"><li data-start=\"2832\" data-end=\"2895\"><p data-start=\"2834\" data-end=\"2895\">600 Denier-Obermaterial \u2013 wetterfest und solide verarbeitet<\/p><\/li><li data-start=\"2896\" data-end=\"2967\"><p data-start=\"2898\" data-end=\"2967\">Verstellbare Frontverschl\u00fcsse mit Klett \u2013 einfach in der Handhabung<\/p><\/li><li data-start=\"2968\" data-end=\"3032\"><p data-start=\"2970\" data-end=\"3032\">Klassischer Schnitt mit gro\u00dfem Schweiflatz und Reflexdetails<\/p><\/li><li data-start=\"2968\" data-end=\"3032\"><p data-start=\"2970\" data-end=\"3032\">Ab \u20ac104.99<\/p><\/li><li data-start=\"2968\" data-end=\"3032\"><p data-start=\"2970\" data-end=\"3032\">Farben: Navy\/Charcoal, Black\/Cobalt<\/p><\/li><\/ul>\t\t\t\t\t\t\t\t<\/div>\n\t\t\t\t<\/div>\n\t\t\t\t\t<\/div>\n\t\t<\/div>\n\t\t\t\t\t<\/div>\n\t\t<\/section>\n\t\t\t\t<div class=\"elementor-element elementor-element-12ebbc2 elementor-widget elementor-widget-text-editor\" data-id=\"12ebbc2\" data-element_type=\"widget\" data-e-type=\"widget\" data-widget_type=\"text-editor.default\">\n\t\t\t\t<div class=\"elementor-widget-container\">\n\t\t\t\t\t\t\t\t\t<h2 data-start=\"131\" data-end=\"219\"><strong data-start=\"131\" data-end=\"219\">Richtig eindecken, umdecken, ausdecken \u2013 wie passe ich die Decke optimal ans Wetter an?<\/strong><\/h2><p data-start=\"221\" data-end=\"578\">Das Wetter schl\u00e4gt um \u2013 und mit ihm oft auch die Frage: <a href=\"https:\/\/www.ehorses.de\/magazin\/pferd-eindecken-oder-nicht-tipps\/\" target=\"_blank\" rel=\"noopener\">Decke drauf oder runter?<\/a> Gerade in der \u00dcbergangszeit zwischen Herbst und Winter oder im fr\u00fchen Fr\u00fchling ist Feingef\u00fchl gefragt. Denn <strong>falsches Eindecken kann die<\/strong> <strong data-start=\"450\" data-end=\"482\">Thermoregulation des Pferdes<\/strong> <strong>st\u00f6ren<\/strong> \u2013 mit Folgen wie \u00dcberhitzen, Schwitzen, oder im schlimmsten Fall Ausfrieren.<\/p><p data-start=\"580\" data-end=\"614\"><strong data-start=\"580\" data-end=\"614\">Wichtige Tipps f\u00fcr den Alltag:<\/strong><\/p><ul data-start=\"615\" data-end=\"1338\"><li data-start=\"615\" data-end=\"771\"><p data-start=\"617\" data-end=\"771\"><strong data-start=\"617\" data-end=\"645\">T\u00e4gliche Wetterkontrolle<\/strong>: Achte nicht nur auf die Temperatur, sondern auch auf Wind, Regen und Luftfeuchtigkeit \u2013 sie verst\u00e4rken die K\u00e4ltewirkung.<\/p><\/li><li data-start=\"772\" data-end=\"1000\"><p data-start=\"774\" data-end=\"1000\"><strong data-start=\"774\" data-end=\"799\">Regelm\u00e4\u00dfiges Anfassen<\/strong>: F\u00fchlt sich das Pferd hinter dem Widerrist warm und trocken an, ist alles in Ordnung. Ist es dort feucht und hei\u00df, kann \u00dcberhitzung drohen. Ist es kalt, kann das Pferd bereits frieren. <strong>Tipp<\/strong>: Alle neuen Turnout Rugs der Winterkollektion sind jetzt mit einem Liner-System kompatibel. So brauchst du weniger verschiedene Decken im Schrank \u2013 und kannst je nach Wetterlage einfach die Innenf\u00fctterung wechseln. Das spart Platz, Geld \u2013 und macht das Waschen deutlich einfacher.<\/p><\/li><li data-start=\"1001\" data-end=\"1165\"><p data-start=\"1003\" data-end=\"1165\"><strong data-start=\"1003\" data-end=\"1036\">Deckenwechsel nicht vergessen<\/strong>: Wird es w\u00e4rmer oder k\u00e4lter, ist Umdecken oft sinnvoll \u2013 z.\u202fB. morgens eine leichtere Decke, abends wieder w\u00e4rmer eindecken.<\/p><\/li><li data-start=\"1166\" data-end=\"1338\"><p data-start=\"1168\" data-end=\"1338\"><strong data-start=\"1168\" data-end=\"1203\">Langsames Ausdecken im Fr\u00fchling<\/strong>: Damit das Winterfell nicht zu fr\u00fch zur\u00fcckgeht, solltest du schrittweise ausdecken, sobald die Temperaturen dauerhaft steigen.<\/p><\/li><\/ul><p data-start=\"1340\" data-end=\"1560\">Um die Thermoregulation beim Pferd nicht zu sehr zu beeinflussen, sollten Decken deshalb immer dem Wetter UND dem Pferdetyp angepasst sein \u2013 pauschale L\u00f6sungen funktionieren selten.<\/p>\t\t\t\t\t\t\t\t<\/div>\n\t\t\t\t<\/div>\n\t\t\t\t<div class=\"elementor-element elementor-element-14b21a5 elementor-widget elementor-widget-text-editor\" data-id=\"14b21a5\" data-element_type=\"widget\" data-e-type=\"widget\" data-widget_type=\"text-editor.default\">\n\t\t\t\t<div class=\"elementor-widget-container\">\n\t\t\t\t\t\t\t\t\t<h2 data-start=\"177\" data-end=\"236\">Was passiert im Pferdek\u00f6rper bei \u00dcberhitzung oder Unterk\u00fchlung?<\/h2><p data-start=\"238\" data-end=\"818\">Nicht nur klirrende K\u00e4lte, sondern auch extreme Hitze kann Pferden stark zusetzen. Besonders an hei\u00dfen Sommertagen geraten Pferde schnell an ihre Grenzen: Sie <strong data-start=\"405\" data-end=\"457\">\u00fcberhitzen bis zu zehnmal schneller als Menschen<\/strong>. Bei Temperaturen \u00fcber 35\u202f\u00b0C sollten intensive Trainingseinheiten oder Transporte nach M\u00f6glichkeit vermieden werden. Muss ein Pferd dennoch bewegt oder transportiert werden \u2013 etwa in einem Notfall \u2013 ist es essenziell, f\u00fcr ausreichende K\u00fchlung zu sorgen: Schatten, Luftzirkulation und k\u00fchles Wasser k\u00f6nnen helfen, den Kreislauf zu entlasten.<\/p><p data-start=\"820\" data-end=\"1096\">Pferde mit <strong data-start=\"848\" data-end=\"864\">dunklem Fell<\/strong> heizen sich schneller auf, da sie Sonnenstrahlen st\u00e4rker absorbieren. Auch <strong data-start=\"940\" data-end=\"960\">nordische Rassen<\/strong> wie <a href=\"https:\/\/www.ehorses.de\/magazin\/pferderassen\/islandpferd\/\" target=\"_blank\" rel=\"noopener\">Island<\/a>&#8211; oder <a href=\"https:\/\/www.ehorses.de\/magazin\/pferderassen\/norweger-pferde\/\" target=\"_blank\" rel=\"noopener\">Fjordpferde<\/a> sind hitzeempfindlicher als robuste <a href=\"https:\/\/www.ehorses.de\/magazin\/warmblueter\/\">Warmbl\u00fcter<\/a> oder iberische Pferde, die w\u00e4rmere Klimazonen gewohnt sind.<\/p><p data-start=\"1098\" data-end=\"1437\">Doch auch bei der <strong data-start=\"1116\" data-end=\"1143\">Abk\u00fchlung gilt Vorsicht<\/strong>: Kaltes Wasser ist zwar hilfreich, darf aber nicht zu abrupt und nicht gro\u00dffl\u00e4chig eiskalt angewendet werden. Sonst drohen <strong data-start=\"1267\" data-end=\"1335\">Kreislaufprobleme, <a href=\"https:\/\/www.ehorses.de\/magazin\/partner\/verspannungen-pferd-loesen\/\" target=\"_blank\" rel=\"noopener\">Muskelverspannungen<\/a> oder sogar Schockzust\u00e4nde<\/strong>. Besonders sensible Stellen \u2013 wie Nieren- oder Lendengegend \u2013 sollten nur mit Bedacht gek\u00fchlt werden.<\/p><p data-start=\"1439\" data-end=\"1724\">Auch K\u00e4lte fordert den Organismus: Trifft sie auf die Haut, ziehen sich die Blutgef\u00e4\u00dfe zusammen. Beim anschlie\u00dfenden Wiedererw\u00e4rmen weiten sich die Gef\u00e4\u00dfe \u2013 dieser Mechanismus kann gezielt genutzt werden, um die <strong data-start=\"1655\" data-end=\"1723\">Durchblutung zu f\u00f6rdern und Entz\u00fcndungsstoffe abzutransportieren<\/strong>.<\/p>\t\t\t\t\t\t\t\t<\/div>\n\t\t\t\t<\/div>\n\t\t\t\t<div class=\"elementor-element elementor-element-f0dda59 elementor-position-inline-start elementor-view-default elementor-mobile-position-block-start elementor-widget elementor-widget-icon-box\" data-id=\"f0dda59\" data-element_type=\"widget\" data-e-type=\"widget\" data-widget_type=\"icon-box.default\">\n\t\t\t\t<div class=\"elementor-widget-container\">\n\t\t\t\t\t\t\t<div class=\"elementor-icon-box-wrapper\">\n\n\t\t\t\t\t\t<div class=\"elementor-icon-box-icon\">\n\t\t\t\t<span  class=\"elementor-icon\">\n\t\t\t\t<svg xmlns=\"http:\/\/www.w3.org\/2000\/svg\" xmlns:xlink=\"http:\/\/www.w3.org\/1999\/xlink\" id=\"Ebene_1\" x=\"0px\" y=\"0px\" viewBox=\"0 0 40 40\" style=\"enable-background:new 0 0 40 40;\" xml:space=\"preserve\"><style type=\"text\/css\">\t.st0{fill:#C42026;}<\/style><path class=\"st0\" d=\"M20.1,28.6c0.5,0,0.9-0.2,1.2-0.5c0.3-0.3,0.5-0.7,0.5-1.2V20c0-0.5-0.2-0.9-0.5-1.2c-0.3-0.3-0.7-0.5-1.2-0.5 c-0.5,0-0.9,0.2-1.2,0.5c-0.3,0.3-0.5,0.7-0.5,1.2v6.9c0,0.5,0.2,0.9,0.5,1.2C19.2,28.5,19.6,28.6,20.1,28.6z M20,15.6 c0.5,0,1-0.2,1.3-0.5c0.4-0.4,0.5-0.8,0.5-1.3c0-0.5-0.2-1-0.5-1.4C21,12,20.5,11.8,20,11.8c-0.5,0-1,0.2-1.3,0.5 c-0.4,0.4-0.5,0.8-0.5,1.3c0,0.5,0.2,1,0.5,1.3C19,15.4,19.5,15.6,20,15.6z M20,37.3c-2.4,0-4.7-0.5-6.8-1.4 c-2.1-0.9-3.9-2.1-5.5-3.7c-1.6-1.6-2.8-3.4-3.7-5.5c-0.9-2.1-1.4-4.4-1.4-6.8c0-2.4,0.5-4.7,1.4-6.8c0.9-2.1,2.1-3.9,3.7-5.5 c1.6-1.6,3.4-2.8,5.5-3.7c2.1-0.9,4.4-1.4,6.8-1.4c2.4,0,4.7,0.5,6.8,1.4c2.1,0.9,3.9,2.1,5.5,3.7c1.6,1.6,2.8,3.4,3.7,5.5 c0.9,2.1,1.4,4.4,1.4,6.8c0,2.4-0.5,4.7-1.4,6.8c-0.9,2.1-2.1,3.9-3.7,5.5c-1.6,1.6-3.4,2.8-5.5,3.7C24.7,36.9,22.4,37.3,20,37.3z\"><\/path><\/svg>\t\t\t\t<\/span>\n\t\t\t<\/div>\n\t\t\t\n\t\t\t\t\t\t<div class=\"elementor-icon-box-content\">\n\n\t\t\t\t\t\t\t\t\t<p class=\"elementor-icon-box-title\">\n\t\t\t\t\t\t<span  >\n\t\t\t\t\t\t\tWas sind die Symptome der Thermoregulation?\t\t\t\t\t\t<\/span>\n\t\t\t\t\t<\/p>\n\t\t\t\t\n\t\t\t\t\t\t\t\t\t<p class=\"elementor-icon-box-description\">\n\t\t\t\t\t\tSymptome einer gest\u00f6rten Thermoregulation beim Pferd zeigen sich je nach Ursache durch Muskelzittern, Untertemperatur und Steifheit bei K\u00e4lte oder durch starkes Schwitzen, beschleunigte <a href=\"https:\/\/www.ehorses.de\/magazin\/erste-hilfe-fuer-pferde-atmung-beim-pferd-kontrollieren\/\">Atmung<\/a> und \u00dcberhitzung bei Hitze.\t\t\t\t\t<\/p>\n\t\t\t\t\n\t\t\t<\/div>\n\t\t\t\n\t\t<\/div>\n\t\t\t\t\t\t<\/div>\n\t\t\t\t<\/div>\n\t\t\t\t<div class=\"elementor-element elementor-element-63eba8a1 elementor-widget elementor-widget-text-editor\" data-id=\"63eba8a1\" data-element_type=\"widget\" data-e-type=\"widget\" data-widget_type=\"text-editor.default\">\n\t\t\t\t<div class=\"elementor-widget-container\">\n\t\t\t\t\t\t\t\t\t<h2>Welche Warnzeichen sendet mein Pferd bei Hitze oder K\u00e4lte?<\/h2><p>Hier haben wir die wichtigsten Anzeichen f\u00fcr dich \u00fcbersichtlich zusammen gefasst:<\/p><div class=\"pcrstb-wrap\"><table class=\"w-fit min-w-(--thread-content-width)\" data-start=\"338\" data-end=\"999\"><thead data-start=\"338\" data-end=\"448\"><tr data-start=\"338\" data-end=\"448\"><th data-start=\"338\" data-end=\"358\" data-col-size=\"sm\"><strong data-start=\"340\" data-end=\"351\">Zustand<\/strong><\/th><th data-start=\"358\" data-end=\"448\" data-col-size=\"xl\"><strong data-start=\"360\" data-end=\"382\">Typische Anzeichen<\/strong><\/th><\/tr><\/thead><tbody data-start=\"559\" data-end=\"999\"><tr data-start=\"559\" data-end=\"812\"><td data-start=\"559\" data-end=\"579\" data-col-size=\"sm\"><strong data-start=\"561\" data-end=\"574\">\u00dcberhitzt<\/strong><\/td><td data-start=\"579\" data-end=\"812\" data-col-size=\"xl\">&#8211; Beschleunigte Atmung, erweiterte N\u00fcstern <br \/>&#8211; Apathie <br \/>&#8211; Dunkle bis helle Schleimh\u00e4ute <br \/>&#8211; Erh\u00f6hte K\u00f6rpertemperatur <br \/>&#8211; Starkes Schwitzen, Dehydrierung <br \/>&#8211; Taumeln, <a href=\"https:\/\/www.ehorses.de\/magazin\/ataxie-beim-pferd\/\" target=\"_blank\" rel=\"noopener\">Ataxie<\/a> <br \/>&#8211; Kreislaufversagen, Zusammenbruch<\/td><\/tr><tr data-start=\"813\" data-end=\"999\"><td data-start=\"813\" data-end=\"833\" data-col-size=\"sm\"><strong data-start=\"815\" data-end=\"825\">Friert<\/strong><\/td><td data-col-size=\"xl\" data-start=\"833\" data-end=\"999\">&#8211; Muskelzittern <br \/>&#8211; Verspannte Muskulatur, eingeklemmter Schweif <br \/>&#8211; Steifer Gang <br \/>&#8211; Aufgestelltes Fell <br \/>&#8211; Unzufriedene Mimik <br \/>&#8211; Untertemperatur<\/td><\/tr><\/tbody><\/table><\/div><h3><strong>Die K\u00f6rpertemperaturen des Pferdes<\/strong><\/h3><p>F\u00fchlt sich dein Pferd hei\u00df an \u2013 oder eher k\u00fchl? Ein Blick aufs Thermometer liefert wertvolle Hinweise. Doch was ist eigentlich \u201enormal\u201c \u2013 und ab wann wird es kritisch? Diese \u00dcbersicht gibt dir eine schnelle Orientierung:<\/p><ul><li>32,0 &#8211; 37,2 \u00b0C Untertemperatur<\/li><li>37,3 &#8211; 38,2 \u00b0C Normaltemperatur<\/li><li>38,3 &#8211; 39,5 \u00b0C leichtes <a href=\"https:\/\/www.ehorses.de\/magazin\/erste-hilfe-fuer-pferde-fiebermessen-beim-pferd\/\">Fieber<\/a><\/li><li>39,5 &#8211; 40,5 \u00b0C Fieber<\/li><li>40,5 &#8211; 42,0 \u00b0C hohes Fieber<\/li><li>39,0 &#8211; 39,5 \u00b0C Temperatur nach Belastung, bei starker Anstrengung sogar bis 40 \u00b0C. Bei zzgl. hei\u00dfen Temperaturen kann es f\u00fcr den Kreislauf schnell kritisch werden<\/li><\/ul>\t\t\t\t\t\t\t\t<\/div>\n\t\t\t\t<\/div>\n\t\t\t\t<div class=\"elementor-element elementor-element-ab03d14 elementor-position-inline-start elementor-view-default elementor-mobile-position-block-start elementor-widget elementor-widget-icon-box\" data-id=\"ab03d14\" data-element_type=\"widget\" data-e-type=\"widget\" data-widget_type=\"icon-box.default\">\n\t\t\t\t<div class=\"elementor-widget-container\">\n\t\t\t\t\t\t\t<div class=\"elementor-icon-box-wrapper\">\n\n\t\t\t\t\t\t<div class=\"elementor-icon-box-icon\">\n\t\t\t\t<span  class=\"elementor-icon\">\n\t\t\t\t<svg xmlns=\"http:\/\/www.w3.org\/2000\/svg\" xmlns:xlink=\"http:\/\/www.w3.org\/1999\/xlink\" id=\"Ebene_1\" x=\"0px\" y=\"0px\" viewBox=\"0 0 40 40\" style=\"enable-background:new 0 0 40 40;\" xml:space=\"preserve\"><style type=\"text\/css\">\t.st0{fill:#C42026;}<\/style><path class=\"st0\" d=\"M20.1,28.6c0.5,0,0.9-0.2,1.2-0.5c0.3-0.3,0.5-0.7,0.5-1.2V20c0-0.5-0.2-0.9-0.5-1.2c-0.3-0.3-0.7-0.5-1.2-0.5 c-0.5,0-0.9,0.2-1.2,0.5c-0.3,0.3-0.5,0.7-0.5,1.2v6.9c0,0.5,0.2,0.9,0.5,1.2C19.2,28.5,19.6,28.6,20.1,28.6z M20,15.6 c0.5,0,1-0.2,1.3-0.5c0.4-0.4,0.5-0.8,0.5-1.3c0-0.5-0.2-1-0.5-1.4C21,12,20.5,11.8,20,11.8c-0.5,0-1,0.2-1.3,0.5 c-0.4,0.4-0.5,0.8-0.5,1.3c0,0.5,0.2,1,0.5,1.3C19,15.4,19.5,15.6,20,15.6z M20,37.3c-2.4,0-4.7-0.5-6.8-1.4 c-2.1-0.9-3.9-2.1-5.5-3.7c-1.6-1.6-2.8-3.4-3.7-5.5c-0.9-2.1-1.4-4.4-1.4-6.8c0-2.4,0.5-4.7,1.4-6.8c0.9-2.1,2.1-3.9,3.7-5.5 c1.6-1.6,3.4-2.8,5.5-3.7c2.1-0.9,4.4-1.4,6.8-1.4c2.4,0,4.7,0.5,6.8,1.4c2.1,0.9,3.9,2.1,5.5,3.7c1.6,1.6,2.8,3.4,3.7,5.5 c0.9,2.1,1.4,4.4,1.4,6.8c0,2.4-0.5,4.7-1.4,6.8c-0.9,2.1-2.1,3.9-3.7,5.5c-1.6,1.6-3.4,2.8-5.5,3.7C24.7,36.9,22.4,37.3,20,37.3z\"><\/path><\/svg>\t\t\t\t<\/span>\n\t\t\t<\/div>\n\t\t\t\n\t\t\t\t\t\t<div class=\"elementor-icon-box-content\">\n\n\t\t\t\t\t\t\t\t\t<p class=\"elementor-icon-box-title\">\n\t\t\t\t\t\t<span  >\n\t\t\t\t\t\t\tWas ist die Wohlf\u00fchltemperatur f\u00fcr Pferde?\t\t\t\t\t\t<\/span>\n\t\t\t\t\t<\/p>\n\t\t\t\t\n\t\t\t\t\t\t\t\t\t<p class=\"elementor-icon-box-description\">\n\t\t\t\t\t\tDie Wohlf\u00fchltemperatur f\u00fcr Pferde liegt \u2013 je nach Rasse, Alter, Gesundheitszustand und Haltung \u2013 etwa zwischen -7\u202f\u00b0C (bei trockener K\u00e4lte) und +25\u202f\u00b0C.\t\t\t\t\t<\/p>\n\t\t\t\t\n\t\t\t<\/div>\n\t\t\t\n\t\t<\/div>\n\t\t\t\t\t\t<\/div>\n\t\t\t\t<\/div>\n\t\t\t\t<div class=\"elementor-element elementor-element-4f77bd7 elementor-widget elementor-widget-text-editor\" data-id=\"4f77bd7\" data-element_type=\"widget\" data-e-type=\"widget\" data-widget_type=\"text-editor.default\">\n\t\t\t\t<div class=\"elementor-widget-container\">\n\t\t\t\t\t\t\t\t\t<h2 data-start=\"141\" data-end=\"200\">Wie decke ich mein geschorenes oder sportlich trainiertes Pferd im Winter richtig ein?<\/h2><p data-start=\"202\" data-end=\"623\">Sportpferde oder Pferde, die im Winter intensiv trainiert werden, werden h\u00e4ufig <strong data-start=\"286\" data-end=\"299\">geschoren<\/strong>, um starkes Schwitzen zu vermeiden und das Abtrocknen nach dem <a href=\"https:\/\/www.ehorses.de\/magazin\/gelassenheitstraining-pferd\/\">Training<\/a> zu erleichtern. Doch: Mit dem <strong data-start=\"410\" data-end=\"430\">geschorenen Fell<\/strong> fehlt dem Pferd ein wichtiger Teil seiner nat\u00fcrlichen <strong data-start=\"485\" data-end=\"505\">Thermoregulation<\/strong> \u2013 es kann <strong data-start=\"516\" data-end=\"555\">W\u00e4rme nicht mehr effektiv speichern<\/strong> und ist deutlich empfindlicher gegen\u00fcber K\u00e4lte, Wind und N\u00e4sse.<\/p><p data-start=\"625\" data-end=\"657\">Was jetzt besonders wichtig ist:<\/p><ul data-start=\"658\" data-end=\"1158\"><li data-start=\"658\" data-end=\"768\"><p data-start=\"660\" data-end=\"768\"><strong data-start=\"660\" data-end=\"684\">Fr\u00fchzeitig eindecken<\/strong>, sobald die Temperaturen <strong>unter ca.<\/strong> <strong data-start=\"720\" data-end=\"729\">10\u202f\u00b0C<\/strong> fallen \u2013 je nach Schur und Wetterlage.<\/p><\/li><li data-start=\"769\" data-end=\"931\"><p data-start=\"771\" data-end=\"931\">Je nach Au\u00dfentemperatur und Aktivit\u00e4t mehrere Decken parat haben \u2013 z.\u202fB. <strong data-start=\"844\" data-end=\"862\">Abschwitzdecke<\/strong>, <strong data-start=\"864\" data-end=\"882\">\u00dcbergangsdecke<\/strong>, <strong data-start=\"884\" data-end=\"910\">gef\u00fctterte Winterdecke<\/strong> oder <strong data-start=\"916\" data-end=\"930\">Regendecke<\/strong>.<\/p><\/li><li data-start=\"932\" data-end=\"1060\"><p data-start=\"934\" data-end=\"1060\"><strong data-start=\"934\" data-end=\"964\">Vor dem Training ausdecken<\/strong>, um \u00dcberhitzung zu vermeiden \u2013 nach dem Reiten unbedingt mit einer Abschwitzdecke arbeiten.<\/p><\/li><li data-start=\"1061\" data-end=\"1158\"><p data-start=\"1063\" data-end=\"1158\"><strong data-start=\"1063\" data-end=\"1087\">Nachts gut isolieren<\/strong>, vor allem bei <a href=\"https:\/\/www.ehorses.de\/magazin\/pferdehaltung-im-offenstall\/\">Offenstallhaltung<\/a> oder ungesicherten Stalltemperaturen.<\/p><\/li><\/ul><p data-start=\"1160\" data-end=\"1380\">Achtung: Gerade bei geschorenen Pferden ist es wichtig, regelm\u00e4\u00dfig zu pr\u00fcfen, ob die Decke noch passt, richtig sitzt und die <strong data-start=\"1289\" data-end=\"1321\">W\u00e4rmebed\u00fcrfnisse des Pferdes<\/strong> abdeckt. Ein Zuviel ist genauso sch\u00e4dlich wie ein Zuwenig.<\/p>\t\t\t\t\t\t\t\t<\/div>\n\t\t\t\t<\/div>\n\t\t\t\t\t<\/div>\n\t\t<\/div>\n\t\t\t\t\t<\/div>\n\t\t<\/section>\n\t\t\t\t<\/div>\n\t\t","protected":false},"excerpt":{"rendered":"<p>Anzeige: Ob klirrende K\u00e4lte oder dr\u00fcckende Sommerhitze \u2013 extreme Temperaturen belasten auch unsere Pferde. Damit&hellip;<\/p>\n","protected":false},"author":129,"featured_media":82378,"menu_order":0,"comment_status":"open","ping_status":"open","template":"","format":"standard","meta":{"_lmt_disableupdate":"no","_lmt_disable":"","footnotes":""},"categories":[17,6],"tags":[],"class_list":["post-35925","partner","type-partner","status-publish","format-standard","has-post-thumbnail","hentry","category-gesundheit","category-pferdewissen"],"_oembed_6e2261a90c0f61b3f6e5cbf5248ae69a":null,"_oembed_d83ed97665bbfe5cbf2a5acd0571bfe8":null,"_oembed_879340bd3c064234a240bcda2f369c23":null,"_oembed_519616b8842fb308e7a3039c04f55a79":null,"yoast_head":"<!-- This site is optimized with the Yoast SEO plugin v27.5 - https:\/\/yoast.com\/product\/yoast-seo-wordpress\/ -->\n<title>Thermoregulation beim Pferd \u2013 Symptome, Risiken &amp; richtige Unterst\u00fctzung<\/title>\n<meta name=\"description\" content=\"Was die Wohlf\u00fchltemperaturen von Pferden sind &amp; wie Du merkst, dass die Thermoregulation nicht stimmst, erf\u00e4hrst Du in diesem Artikel.\" \/>\n<meta name=\"robots\" content=\"index, follow, max-snippet:-1, max-image-preview:large, max-video-preview:-1\" \/>\n<link rel=\"canonical\" href=\"https:\/\/www.ehorses.de\/magazin\/partner\/thermoregulation-pferd\/\" \/>\n<meta property=\"og:locale\" content=\"de_DE\" \/>\n<meta property=\"og:type\" content=\"article\" \/>\n<meta property=\"og:title\" content=\"Thermoregulation beim Pferd \u2013 Symptome, Risiken &amp; richtige Unterst\u00fctzung\" \/>\n<meta property=\"og:description\" content=\"Was die Wohlf\u00fchltemperaturen von Pferden sind &amp; wie Du merkst, dass die Thermoregulation nicht stimmst, erf\u00e4hrst Du in diesem Artikel.\" \/>\n<meta property=\"og:url\" content=\"https:\/\/www.ehorses.de\/magazin\/partner\/thermoregulation-pferd\/\" \/>\n<meta property=\"og:site_name\" content=\"ehorses Magazin\" \/>\n<meta property=\"article:modified_time\" content=\"2025-11-03T15:19:44+00:00\" \/>\n<meta property=\"og:image\" content=\"https:\/\/www.ehorses.de\/magazin\/wp-content\/uploads\/Thermoregulation-beim-Pferd.jpg\" \/>\n\t<meta property=\"og:image:width\" content=\"780\" \/>\n\t<meta property=\"og:image:height\" content=\"520\" \/>\n\t<meta property=\"og:image:type\" content=\"image\/jpeg\" \/>\n<meta name=\"twitter:card\" content=\"summary_large_image\" \/>\n<meta name=\"twitter:label1\" content=\"Gesch\u00e4tzte Lesezeit\" \/>\n\t<meta name=\"twitter:data1\" content=\"12\u00a0Minuten\" \/>\n<script type=\"application\/ld+json\" class=\"yoast-schema-graph\">{\"@context\":\"https:\\\/\\\/schema.org\",\"@graph\":[{\"@type\":\"WebPage\",\"@id\":\"https:\\\/\\\/www.ehorses.de\\\/magazin\\\/partner\\\/thermoregulation-pferd\\\/\",\"url\":\"https:\\\/\\\/www.ehorses.de\\\/magazin\\\/partner\\\/thermoregulation-pferd\\\/\",\"name\":\"Thermoregulation beim Pferd \u2013 Symptome, Risiken & richtige Unterst\u00fctzung\",\"isPartOf\":{\"@id\":\"https:\\\/\\\/www.ehorses.de\\\/magazin\\\/#website\"},\"primaryImageOfPage\":{\"@id\":\"https:\\\/\\\/www.ehorses.de\\\/magazin\\\/partner\\\/thermoregulation-pferd\\\/#primaryimage\"},\"image\":{\"@id\":\"https:\\\/\\\/www.ehorses.de\\\/magazin\\\/partner\\\/thermoregulation-pferd\\\/#primaryimage\"},\"thumbnailUrl\":\"https:\\\/\\\/www.ehorses.de\\\/magazin\\\/wp-content\\\/uploads\\\/Thermoregulation-beim-Pferd.jpg\",\"datePublished\":\"2025-11-03T15:19:43+00:00\",\"dateModified\":\"2025-11-03T15:19:44+00:00\",\"description\":\"Was die Wohlf\u00fchltemperaturen von Pferden sind & wie Du merkst, dass die Thermoregulation nicht stimmst, erf\u00e4hrst Du in diesem Artikel.\",\"breadcrumb\":{\"@id\":\"https:\\\/\\\/www.ehorses.de\\\/magazin\\\/partner\\\/thermoregulation-pferd\\\/#breadcrumb\"},\"inLanguage\":\"de\",\"potentialAction\":[{\"@type\":\"ReadAction\",\"target\":[\"https:\\\/\\\/www.ehorses.de\\\/magazin\\\/partner\\\/thermoregulation-pferd\\\/\"]}]},{\"@type\":\"ImageObject\",\"inLanguage\":\"de\",\"@id\":\"https:\\\/\\\/www.ehorses.de\\\/magazin\\\/partner\\\/thermoregulation-pferd\\\/#primaryimage\",\"url\":\"https:\\\/\\\/www.ehorses.de\\\/magazin\\\/wp-content\\\/uploads\\\/Thermoregulation-beim-Pferd.jpg\",\"contentUrl\":\"https:\\\/\\\/www.ehorses.de\\\/magazin\\\/wp-content\\\/uploads\\\/Thermoregulation-beim-Pferd.jpg\",\"width\":780,\"height\":520,\"caption\":\"Thermoregulation beim Pferd: Pferd steht eingedeckt auf einer Weide\"},{\"@type\":\"BreadcrumbList\",\"@id\":\"https:\\\/\\\/www.ehorses.de\\\/magazin\\\/partner\\\/thermoregulation-pferd\\\/#breadcrumb\",\"itemListElement\":[{\"@type\":\"ListItem\",\"position\":1,\"name\":\"Startseite\",\"item\":\"https:\\\/\\\/www.ehorses.de\\\/magazin\\\/\"},{\"@type\":\"ListItem\",\"position\":2,\"name\":\"Thermoregulation beim Pferd \u2013 Symptome, Risiken &#038; richtige Unterst\u00fctzung\"}]},{\"@type\":\"WebSite\",\"@id\":\"https:\\\/\\\/www.ehorses.de\\\/magazin\\\/#website\",\"url\":\"https:\\\/\\\/www.ehorses.de\\\/magazin\\\/\",\"name\":\"ehorses Magazin\",\"description\":\"\",\"potentialAction\":[{\"@type\":\"SearchAction\",\"target\":{\"@type\":\"EntryPoint\",\"urlTemplate\":\"https:\\\/\\\/www.ehorses.de\\\/magazin\\\/?s={search_term_string}\"},\"query-input\":{\"@type\":\"PropertyValueSpecification\",\"valueRequired\":true,\"valueName\":\"search_term_string\"}}],\"inLanguage\":\"de\"}]}<\/script>\n<!-- \/ Yoast SEO plugin. -->","yoast_head_json":{"title":"Thermoregulation beim Pferd \u2013 Symptome, Risiken & richtige Unterst\u00fctzung","description":"Was die Wohlf\u00fchltemperaturen von Pferden sind & wie Du merkst, dass die Thermoregulation nicht stimmst, erf\u00e4hrst Du in diesem Artikel.","robots":{"index":"index","follow":"follow","max-snippet":"max-snippet:-1","max-image-preview":"max-image-preview:large","max-video-preview":"max-video-preview:-1"},"canonical":"https:\/\/www.ehorses.de\/magazin\/partner\/thermoregulation-pferd\/","og_locale":"de_DE","og_type":"article","og_title":"Thermoregulation beim Pferd \u2013 Symptome, Risiken & richtige Unterst\u00fctzung","og_description":"Was die Wohlf\u00fchltemperaturen von Pferden sind & wie Du merkst, dass die Thermoregulation nicht stimmst, erf\u00e4hrst Du in diesem Artikel.","og_url":"https:\/\/www.ehorses.de\/magazin\/partner\/thermoregulation-pferd\/","og_site_name":"ehorses Magazin","article_modified_time":"2025-11-03T15:19:44+00:00","og_image":[{"width":780,"height":520,"url":"https:\/\/www.ehorses.de\/magazin\/wp-content\/uploads\/Thermoregulation-beim-Pferd.jpg","type":"image\/jpeg"}],"twitter_card":"summary_large_image","twitter_misc":{"Gesch\u00e4tzte Lesezeit":"12\u00a0Minuten"},"schema":{"@context":"https:\/\/schema.org","@graph":[{"@type":"WebPage","@id":"https:\/\/www.ehorses.de\/magazin\/partner\/thermoregulation-pferd\/","url":"https:\/\/www.ehorses.de\/magazin\/partner\/thermoregulation-pferd\/","name":"Thermoregulation beim Pferd \u2013 Symptome, Risiken & richtige Unterst\u00fctzung","isPartOf":{"@id":"https:\/\/www.ehorses.de\/magazin\/#website"},"primaryImageOfPage":{"@id":"https:\/\/www.ehorses.de\/magazin\/partner\/thermoregulation-pferd\/#primaryimage"},"image":{"@id":"https:\/\/www.ehorses.de\/magazin\/partner\/thermoregulation-pferd\/#primaryimage"},"thumbnailUrl":"https:\/\/www.ehorses.de\/magazin\/wp-content\/uploads\/Thermoregulation-beim-Pferd.jpg","datePublished":"2025-11-03T15:19:43+00:00","dateModified":"2025-11-03T15:19:44+00:00","description":"Was die Wohlf\u00fchltemperaturen von Pferden sind & wie Du merkst, dass die Thermoregulation nicht stimmst, erf\u00e4hrst Du in diesem Artikel.","breadcrumb":{"@id":"https:\/\/www.ehorses.de\/magazin\/partner\/thermoregulation-pferd\/#breadcrumb"},"inLanguage":"de","potentialAction":[{"@type":"ReadAction","target":["https:\/\/www.ehorses.de\/magazin\/partner\/thermoregulation-pferd\/"]}]},{"@type":"ImageObject","inLanguage":"de","@id":"https:\/\/www.ehorses.de\/magazin\/partner\/thermoregulation-pferd\/#primaryimage","url":"https:\/\/www.ehorses.de\/magazin\/wp-content\/uploads\/Thermoregulation-beim-Pferd.jpg","contentUrl":"https:\/\/www.ehorses.de\/magazin\/wp-content\/uploads\/Thermoregulation-beim-Pferd.jpg","width":780,"height":520,"caption":"Thermoregulation beim Pferd: Pferd steht eingedeckt auf einer Weide"},{"@type":"BreadcrumbList","@id":"https:\/\/www.ehorses.de\/magazin\/partner\/thermoregulation-pferd\/#breadcrumb","itemListElement":[{"@type":"ListItem","position":1,"name":"Startseite","item":"https:\/\/www.ehorses.de\/magazin\/"},{"@type":"ListItem","position":2,"name":"Thermoregulation beim Pferd \u2013 Symptome, Risiken &#038; richtige Unterst\u00fctzung"}]},{"@type":"WebSite","@id":"https:\/\/www.ehorses.de\/magazin\/#website","url":"https:\/\/www.ehorses.de\/magazin\/","name":"ehorses Magazin","description":"","potentialAction":[{"@type":"SearchAction","target":{"@type":"EntryPoint","urlTemplate":"https:\/\/www.ehorses.de\/magazin\/?s={search_term_string}"},"query-input":{"@type":"PropertyValueSpecification","valueRequired":true,"valueName":"search_term_string"}}],"inLanguage":"de"}]}},"_links":{"self":[{"href":"https:\/\/www.ehorses.de\/magazin\/wp-json\/wp\/v2\/partner\/35925","targetHints":{"allow":["GET"]}}],"collection":[{"href":"https:\/\/www.ehorses.de\/magazin\/wp-json\/wp\/v2\/partner"}],"about":[{"href":"https:\/\/www.ehorses.de\/magazin\/wp-json\/wp\/v2\/types\/partner"}],"author":[{"embeddable":true,"href":"https:\/\/www.ehorses.de\/magazin\/wp-json\/wp\/v2\/users\/129"}],"replies":[{"embeddable":true,"href":"https:\/\/www.ehorses.de\/magazin\/wp-json\/wp\/v2\/comments?post=35925"}],"version-history":[{"count":0,"href":"https:\/\/www.ehorses.de\/magazin\/wp-json\/wp\/v2\/partner\/35925\/revisions"}],"wp:featuredmedia":[{"embeddable":true,"href":"https:\/\/www.ehorses.de\/magazin\/wp-json\/wp\/v2\/media\/82378"}],"wp:attachment":[{"href":"https:\/\/www.ehorses.de\/magazin\/wp-json\/wp\/v2\/media?parent=35925"}],"wp:term":[{"taxonomy":"category","embeddable":true,"href":"https:\/\/www.ehorses.de\/magazin\/wp-json\/wp\/v2\/categories?post=35925"},{"taxonomy":"post_tag","embeddable":true,"href":"https:\/\/www.ehorses.de\/magazin\/wp-json\/wp\/v2\/tags?post=35925"}],"curies":[{"name":"wp","href":"https:\/\/api.w.org\/{rel}","templated":true}]}}