{"id":90992,"date":"2026-04-26T08:00:00","date_gmt":"2026-04-26T06:00:00","guid":{"rendered":"https:\/\/www.ehorses.de\/magazin\/?post_type=pferde-der-woche&#038;p=90992"},"modified":"2026-04-22T11:13:23","modified_gmt":"2026-04-22T09:13:23","slug":"islaender-der-woche-260426","status":"publish","type":"pferde-der-woche","link":"https:\/\/www.ehorses.de\/magazin\/pferde-der-woche\/islaender-der-woche-260426\/","title":{"rendered":"Isl\u00e4nder der Woche: Vom Youngster bis zum Naturt\u00f6lter"},"content":{"rendered":"\t\t<div data-elementor-type=\"wp-post\" data-elementor-id=\"90992\" class=\"elementor elementor-90992\" data-elementor-post-type=\"pferde-der-woche\">\n\t\t\t\t\t\t<section data-particle_enable=\"false\" data-particle-mobile-disabled=\"false\" class=\"penci-section penci-disSticky penci-structure-10 elementor-section elementor-top-section elementor-element elementor-element-6d4e94f8 elementor-section-full_width elementor-section-height-default elementor-section-height-default\" data-id=\"6d4e94f8\" data-element_type=\"section\" data-e-type=\"section\">\n\t\t\t\t\t\t<div class=\"elementor-container elementor-column-gap-default\">\n\t\t\t\t\t<div class=\"penci-ercol-100 penci-ercol-order-1 penci-sticky-ct    elementor-column elementor-col-100 elementor-top-column elementor-element elementor-element-2c6022c8\" data-id=\"2c6022c8\" data-element_type=\"column\" data-e-type=\"column\">\n\t\t\t<div class=\"elementor-widget-wrap elementor-element-populated\">\n\t\t\t\t\t\t<div class=\"elementor-element elementor-element-160b5d83 elementor-widget elementor-widget-text-editor\" data-id=\"160b5d83\" data-element_type=\"widget\" data-e-type=\"widget\" data-widget_type=\"text-editor.default\">\n\t\t\t\t<div class=\"elementor-widget-container\">\n\t\t\t\t\t\t\t\t\t<p><strong>Ob talentierter Nachwuchs oder verl\u00e4sslicher Partner: Wir stellen dir diese Woche drei au\u00dfergew\u00f6hnliche Islandpferde vor. Galdur, R\u00f3mur und Bolmur begeistern mit ihrer Gangqualit\u00e4t und ihrem einwandfreien Charakter.<\/strong><\/p><p><strong><\/strong><\/p>\t\t\t\t\t\t\t\t<\/div>\n\t\t\t\t<\/div>\n\t\t\t\t\t<\/div>\n\t\t<\/div>\n\t\t\t\t\t<\/div>\n\t\t<\/section>\n\t\t\t\t<section data-particle_enable=\"false\" data-particle-mobile-disabled=\"false\" class=\"penci-section penci-disSticky penci-structure-10 elementor-section elementor-top-section elementor-element elementor-element-5e7706b1 elementor-section-full_width elementor-section-height-default elementor-section-height-default\" data-id=\"5e7706b1\" data-element_type=\"section\" data-e-type=\"section\">\n\t\t\t\t\t\t<div class=\"elementor-container elementor-column-gap-default\">\n\t\t\t\t\t<div class=\"penci-ercol-100 penci-ercol-order-1 penci-sticky-ct    elementor-column elementor-col-100 elementor-top-column elementor-element elementor-element-6b438dc5\" data-id=\"6b438dc5\" data-element_type=\"column\" data-e-type=\"column\">\n\t\t\t<div class=\"elementor-widget-wrap elementor-element-populated\">\n\t\t\t\t\t\t<div class=\"elementor-element elementor-element-867ad72 elementor-widget__width-auto elementor-widget elementor-widget-text-editor\" data-id=\"867ad72\" data-element_type=\"widget\" data-e-type=\"widget\" data-widget_type=\"text-editor.default\">\n\t\t\t\t<div class=\"elementor-widget-container\">\n\t\t\t\t\t\t\t\t\t<p>Platz 1<\/p>\t\t\t\t\t\t\t\t<\/div>\n\t\t\t\t<\/div>\n\t\t\t\t<div class=\"elementor-element elementor-element-26e92c0f elementor-widget elementor-widget-text-editor\" data-id=\"26e92c0f\" data-element_type=\"widget\" data-e-type=\"widget\" data-widget_type=\"text-editor.default\">\n\t\t\t\t<div class=\"elementor-widget-container\">\n\t\t\t\t\t\t\t\t\t<h2>R\u00f3mur fr\u00e1 Krika: Dein verl\u00e4sslicher Naturt\u00f6lter f\u00fcr jede Lebenslage<\/h2>\n<p>Wenn du ein Islandpferd suchst, das sowohl durch seine Gr\u00f6\u00dfe als auch durch seine Gangqualit\u00e4t \u00fcberzeugt, ist R\u00f3mur fr\u00e1 Krika genau der Richtige f\u00fcr dich. Mit einem Stockma\u00df von ca. 1,46 m und einem stabilen Fundament repr\u00e4sentiert der 10-j\u00e4hrige Rappwallach den begehrten Ur-Typ. Er ist ein<strong> echter Naturt\u00f6lter<\/strong> und zeigt sich als \u201eDauert\u00f6lter\u201c mit einer sehr sch\u00f6nen Aufrichtung im T\u00f6lt. Auch sein gut gesprungener Galopp und der sichere Trab machen ihn zu einem vielseitigen Partner f\u00fcr den Freizeitbereich oder den Jugendsport. Seine erstklassige Abstammung, unter anderem von Hrynur fr\u00e1 Hrisdal, spiegelt sich in seiner Leistungsbereitschaft und seinem stets regulierbaren, mittleren Temperament wider.<\/p>\t\t\t\t\t\t\t\t<\/div>\n\t\t\t\t<\/div>\n\t\t\t\t<div class=\"elementor-element elementor-element-57ddfcf1 elementor-arrows-position-inside elementor-pagination-position-outside elementor-widget elementor-widget-image-carousel\" data-id=\"57ddfcf1\" data-element_type=\"widget\" data-e-type=\"widget\" data-settings=\"{&quot;navigation&quot;:&quot;both&quot;,&quot;infinite&quot;:&quot;yes&quot;,&quot;speed&quot;:500,&quot;image_spacing_custom&quot;:{&quot;unit&quot;:&quot;px&quot;,&quot;size&quot;:20,&quot;sizes&quot;:[]},&quot;image_spacing_custom_tablet&quot;:{&quot;unit&quot;:&quot;px&quot;,&quot;size&quot;:&quot;&quot;,&quot;sizes&quot;:[]},&quot;image_spacing_custom_mobile&quot;:{&quot;unit&quot;:&quot;px&quot;,&quot;size&quot;:&quot;&quot;,&quot;sizes&quot;:[]}}\" data-widget_type=\"image-carousel.default\">\n\t\t\t\t<div class=\"elementor-widget-container\">\n\t\t\t\t\t\t\t<div class=\"elementor-image-carousel-wrapper swiper\" role=\"region\" aria-roledescription=\"carousel\" aria-label=\"Bild Karussell\" dir=\"ltr\">\n\t\t\t<div class=\"elementor-image-carousel swiper-wrapper\" aria-live=\"polite\">\n\t\t\t\t\t\t\t\t<div class=\"swiper-slide\" role=\"group\" aria-roledescription=\"slide\" aria-label=\"1 von 3\"><figure class=\"swiper-slide-inner\"><img decoding=\"async\" class=\"swiper-slide-image\" src=\"https:\/\/www.ehorses.de\/magazin\/wp-content\/uploads\/pferde-der-woche-200426-shine-8.webp\" alt=\"Ein stimmungsvolles Portr\u00e4t eines dunklen Islandpferdes mit langer, r\u00f6tlich-brauner M\u00e4hne, das auf einer Heidefl\u00e4che steht. Im Hintergrund ist ein nebliger Wald in sanftem Licht zu sehen.\" \/><\/figure><\/div><div class=\"swiper-slide\" role=\"group\" aria-roledescription=\"slide\" aria-label=\"2 von 3\"><figure class=\"swiper-slide-inner\"><img decoding=\"async\" class=\"swiper-slide-image\" src=\"https:\/\/www.ehorses.de\/magazin\/wp-content\/uploads\/pferde-der-woche-200426-shine-7.webp\" alt=\"Nahaufnahme eines dunklen Pferdes, das ein lustiges Gesicht macht (\u201eFlehmen\u201c) und dabei die Z\u00e4hne zeigt. Eine Frau mit lockigem Haar steht daneben, l\u00e4chelt und krault das Pferd am Hals vor einem schwarzen Hintergrund.\" \/><\/figure><\/div><div class=\"swiper-slide\" role=\"group\" aria-roledescription=\"slide\" aria-label=\"3 von 3\"><figure class=\"swiper-slide-inner\"><img decoding=\"async\" class=\"swiper-slide-image\" src=\"https:\/\/www.ehorses.de\/magazin\/wp-content\/uploads\/pferde-der-woche-200426-shine-6.webp\" alt=\"Zwei dunkle Ponys stehen nebeneinander auf einem Reitplatz im Freien. Beide tragen dunkle Fliegenmasken zum Schutz ihrer Augen. Das rechte Pony tr\u00e4gt eine Maske mit der Aufschrift \u201eFENGUR\u201c. Im Hintergrund sind gr\u00fcne B\u00e4ume und ein Holzzaun zu sehen.\" \/><\/figure><\/div>\t\t\t<\/div>\n\t\t\t\t\t\t\t\t\t\t\t\t<div class=\"elementor-swiper-button elementor-swiper-button-prev\" role=\"button\" tabindex=\"0\">\n\t\t\t\t\t\t<i aria-hidden=\"true\" class=\"eicon-chevron-left\"><\/i>\t\t\t\t\t<\/div>\n\t\t\t\t\t<div class=\"elementor-swiper-button elementor-swiper-button-next\" role=\"button\" tabindex=\"0\">\n\t\t\t\t\t\t<i aria-hidden=\"true\" class=\"eicon-chevron-right\"><\/i>\t\t\t\t\t<\/div>\n\t\t\t\t\n\t\t\t\t\t\t\t\t\t<div class=\"swiper-pagination\"><\/div>\n\t\t\t\t\t\t\t\t\t<\/div>\n\t\t\t\t\t\t<\/div>\n\t\t\t\t<\/div>\n\t\t\t\t\t<\/div>\n\t\t<\/div>\n\t\t\t\t\t<\/div>\n\t\t<\/section>\n\t\t\t\t<section data-particle_enable=\"false\" data-particle-mobile-disabled=\"false\" class=\"penci-section penci-disSticky penci-structure-22 elementor-section elementor-top-section elementor-element elementor-element-355db9dc elementor-section-boxed elementor-section-height-default elementor-section-height-default\" data-id=\"355db9dc\" data-element_type=\"section\" data-e-type=\"section\">\n\t\t\t\t\t\t<div class=\"elementor-container elementor-column-gap-default\">\n\t\t\t\t\t<div class=\"penci-ercol-66 penci-ercol-order-1 penci-sticky-ct    elementor-column elementor-col-66 elementor-top-column elementor-element elementor-element-5ff05f9a\" data-id=\"5ff05f9a\" data-element_type=\"column\" data-e-type=\"column\">\n\t\t\t<div class=\"elementor-widget-wrap elementor-element-populated\">\n\t\t\t\t\t\t<div class=\"elementor-element elementor-element-5c0d92c5 elementor-widget elementor-widget-text-editor\" data-id=\"5c0d92c5\" data-element_type=\"widget\" data-e-type=\"widget\" data-widget_type=\"text-editor.default\">\n\t\t\t\t<div class=\"elementor-widget-container\">\n\t\t\t\t\t\t\t\t\t<p><strong>Du m\u00f6chtest mehr Infos zu R\u00f3mur fr\u00e1 Krika haben? \ud83d\udc34<\/strong><\/p>\t\t\t\t\t\t\t\t<\/div>\n\t\t\t\t<\/div>\n\t\t\t\t\t<\/div>\n\t\t<\/div>\n\t\t\t\t<div class=\"penci-ercol-33 penci-ercol-order-2 penci-sticky-sb penci-sidebarSC   elementor-column elementor-col-33 elementor-top-column elementor-element elementor-element-2dc5e824\" data-id=\"2dc5e824\" data-element_type=\"column\" data-e-type=\"column\">\n\t\t\t<div class=\"elementor-widget-wrap elementor-element-populated\">\n\t\t\t\t\t\t<div class=\"elementor-element elementor-element-7a9e6e4e elementor-widget elementor-widget-penci-button\" data-id=\"7a9e6e4e\" data-element_type=\"widget\" data-e-type=\"widget\" data-widget_type=\"penci-button.default\">\n\t\t\t\t<div class=\"elementor-widget-container\">\n\t\t\t\t\t\t\t<div class=\"pcbtn-wrapper pcbtn-align-right pcbtn-malign-left\">\n\t\t\t<a class=\"pcbtn pcbtn-icon-left\" \n\t\t\t\t\t\t\t\t\t\t\t\thref=\"https:\/\/www.ehorses.de\/islandpferd-wallach-10jahre-146-cm-rappe-gangpferd-distanzpferd-freizeitpferd-dressurpferd-ochtrup\/4803015.html\" id=\"referral-magazin\">\n\t\t\t\t<span class=\"pcbtn-wrapperin\">\n\t\t\t\t\t<span class=\"pcbtn-content\">\n\t\t\t\t\t\t\t\t\t\tPferd anzeigen\t\t\t<\/span>\n\t\t\t\t\t\t\t\t\t<\/span>\n\t\t\t<\/a>\n\t\t<\/div>\n\t\t\t\t\t\t<\/div>\n\t\t\t\t<\/div>\n\t\t\t\t\t<\/div>\n\t\t<\/div>\n\t\t\t\t\t<\/div>\n\t\t<\/section>\n\t\t\t\t<section data-particle_enable=\"false\" data-particle-mobile-disabled=\"false\" class=\"penci-section penci-disSticky penci-structure-10 elementor-section elementor-top-section elementor-element elementor-element-4723182b elementor-section-full_width elementor-section-height-default elementor-section-height-default\" data-id=\"4723182b\" data-element_type=\"section\" data-e-type=\"section\">\n\t\t\t\t\t\t<div class=\"elementor-container elementor-column-gap-default\">\n\t\t\t\t\t<div class=\"penci-ercol-100 penci-ercol-order-1 penci-sticky-ct    elementor-column elementor-col-100 elementor-top-column elementor-element elementor-element-39c5a3b6\" data-id=\"39c5a3b6\" data-element_type=\"column\" data-e-type=\"column\">\n\t\t\t<div class=\"elementor-widget-wrap elementor-element-populated\">\n\t\t\t\t\t\t<div class=\"elementor-element elementor-element-55d33e84 elementor-widget elementor-widget-text-editor\" data-id=\"55d33e84\" data-element_type=\"widget\" data-e-type=\"widget\" data-widget_type=\"text-editor.default\">\n\t\t\t\t<div class=\"elementor-widget-container\">\n\t\t\t\t\t\t\t\t\t<h3>Souver\u00e4n im Gel\u00e4nde und fein an den Hilfen<\/h3>\n<p>R\u00f3mur gilt als echtes Verlasspferd, das durch seine Nervenst\u00e4rke besticht. Er geht absolut<strong> brav alleine ins Gel\u00e4nde<\/strong>, zeigt sich aber auch in der Gruppe an jeder Position v\u00f6llig unkompliziert. Ob auf der Ovalbahn, in der Halle oder bei Touren durchs Wasser \u2013 er ist \u00fcberall artig und motiviert dabei. R\u00f3mur ist besonders fein ausgebildet und reagiert beispielsweise im Gel\u00e4nde zuverl\u00e4ssig auf Stimmenhilfen beim Durchparieren. Auch in der Bodenarbeit und beim Longieren zeigt er sich als echter Profi. Da er sehr menschenbezogen und ruhig im Umgang ist, eignet er sich hervorragend als Familienpferd f\u00fcr Reiter mit ein wenig Erfahrung.<\/p>\t\t\t\t\t\t\t\t<\/div>\n\t\t\t\t<\/div>\n\t\t\t\t<div class=\"elementor-element elementor-element-5b002ee0 elementor-widget elementor-widget-text-editor\" data-id=\"5b002ee0\" data-element_type=\"widget\" data-e-type=\"widget\" data-widget_type=\"text-editor.default\">\n\t\t\t\t<div class=\"elementor-widget-container\">\n\t\t\t\t\t\t\t\t\t<h3>Gesundheit und ein Rundum-Sorglos-Paket<\/h3>\n<p>In der Herde ist der Wallach \u00e4u\u00dferst sozial und kann <strong>problemlos mit Stuten zusammenstehen.<\/strong> Er ist gesund, ekzemfrei und l\u00e4uft aktuell barhuf mit sehr guter Hufqualit\u00e4t. Da er direkt aus Island stammt, wird er im Fr\u00fchjahr vorsorglich mit einer Fliegendecke gesch\u00fctzt. Ein kleiner Hinweis f\u00fcr die Optik: Aufgrund eines \u00fcberstandenen Haarling-Befalls im Winter hat er sich etwas M\u00e4hne gescheuert, was jedoch erfolgreich behandelt wurde und bereits abheilt. F\u00fcr einen reibungslosen Start in dein neues Abenteuer besteht die M\u00f6glichkeit, sein komplettes, hochwertiges Zubeh\u00f6r inklusive eines T\u00f6ltsaga-Sattels als Paket zu \u00fcbernehmen. R\u00f3mur wartet nur darauf, mit dir neue Wege zu erkunden.<\/p>\t\t\t\t\t\t\t\t<\/div>\n\t\t\t\t<\/div>\n\t\t\t\t\t<\/div>\n\t\t<\/div>\n\t\t\t\t\t<\/div>\n\t\t<\/section>\n\t\t\t\t<section data-particle_enable=\"false\" data-particle-mobile-disabled=\"false\" class=\"penci-section penci-disSticky penci-structure-10 elementor-section elementor-top-section elementor-element elementor-element-2b02578c elementor-section-full_width elementor-section-height-default elementor-section-height-default\" data-id=\"2b02578c\" data-element_type=\"section\" data-e-type=\"section\">\n\t\t\t\t\t\t<div class=\"elementor-container elementor-column-gap-default\">\n\t\t\t\t\t<div class=\"penci-ercol-100 penci-ercol-order-1 penci-sticky-ct    elementor-column elementor-col-100 elementor-top-column elementor-element elementor-element-41268892\" data-id=\"41268892\" data-element_type=\"column\" data-e-type=\"column\">\n\t\t\t<div class=\"elementor-widget-wrap elementor-element-populated\">\n\t\t\t\t\t\t<div class=\"elementor-element elementor-element-240e66cd elementor-widget__width-auto elementor-widget elementor-widget-text-editor\" data-id=\"240e66cd\" data-element_type=\"widget\" data-e-type=\"widget\" data-widget_type=\"text-editor.default\">\n\t\t\t\t<div class=\"elementor-widget-container\">\n\t\t\t\t\t\t\t\t\t<p>Platz 2<\/p>\t\t\t\t\t\t\t\t<\/div>\n\t\t\t\t<\/div>\n\t\t\t\t<div class=\"elementor-element elementor-element-49f92393 elementor-widget elementor-widget-text-editor\" data-id=\"49f92393\" data-element_type=\"widget\" data-e-type=\"widget\" data-widget_type=\"text-editor.default\">\n\t\t\t\t<div class=\"elementor-widget-container\">\n\t\t\t\t\t\t\t\t\t<h2>Bolmur \u2013 Ein gro\u00dfrahmiger Naturt\u00f6lter mit Herz und Pr\u00e4senz<\/h2>\n<p>Wenn du auf der Suche nach einem Islandpferd bist, das sowohl durch seine Gr\u00f6\u00dfe als auch durch seine Statur \u00fcberzeugt, dann ist Bolmur genau der richtige Partner f\u00fcr dich. Der sechsj\u00e4hrige Falbe ist mit seinen 145 cm Stockma\u00df ein sehr gro\u00dfrahmiger und langbeiniger Wallach, der durch sein stabiles Fundament und seine <strong>gute Bemuskelung<\/strong> auch gr\u00f6\u00dfere und kr\u00e4ftigere Reiter hervorragend abdeckt. Er besticht jedoch nicht nur durch sein Exterieur, sondern vor allem durch seine freundliche und dem Menschen zugewandte Art. Bolmur ist ein ausgeglichener Partner, der im t\u00e4glichen Umgang absolut unkompliziert ist und stets den Kontakt sucht, ohne dabei aufdringlich zu sein.<\/p>\t\t\t\t\t\t\t\t<\/div>\n\t\t\t\t<\/div>\n\t\t\t\t<div class=\"elementor-element elementor-element-3be00637 elementor-arrows-position-inside elementor-pagination-position-outside elementor-widget elementor-widget-image-carousel\" data-id=\"3be00637\" data-element_type=\"widget\" data-e-type=\"widget\" data-settings=\"{&quot;navigation&quot;:&quot;both&quot;,&quot;infinite&quot;:&quot;yes&quot;,&quot;speed&quot;:500,&quot;image_spacing_custom&quot;:{&quot;unit&quot;:&quot;px&quot;,&quot;size&quot;:20,&quot;sizes&quot;:[]},&quot;image_spacing_custom_tablet&quot;:{&quot;unit&quot;:&quot;px&quot;,&quot;size&quot;:&quot;&quot;,&quot;sizes&quot;:[]},&quot;image_spacing_custom_mobile&quot;:{&quot;unit&quot;:&quot;px&quot;,&quot;size&quot;:&quot;&quot;,&quot;sizes&quot;:[]}}\" data-widget_type=\"image-carousel.default\">\n\t\t\t\t<div class=\"elementor-widget-container\">\n\t\t\t\t\t\t\t<div class=\"elementor-image-carousel-wrapper swiper\" role=\"region\" aria-roledescription=\"carousel\" aria-label=\"Bild Karussell\" dir=\"ltr\">\n\t\t\t<div class=\"elementor-image-carousel swiper-wrapper\" aria-live=\"polite\">\n\t\t\t\t\t\t\t\t<div class=\"swiper-slide\" role=\"group\" aria-roledescription=\"slide\" aria-label=\"1 von 3\"><figure class=\"swiper-slide-inner\"><img decoding=\"async\" class=\"swiper-slide-image\" src=\"https:\/\/www.ehorses.de\/magazin\/wp-content\/uploads\/pferde-der-woche-200426-shine-9.webp\" alt=\"Portr\u00e4taufnahme eines hellbraunen Islandpferdes im Freien. Das Pferd tr\u00e4gt ein feines schwarzes Kopfst\u00fcck und blickt leicht zur Seite. Der Hintergrund zeigt eine leicht unscharfe Winterlandschaft mit kahlen B\u00e4umen unter einem hellblauen Himmel.\" \/><\/figure><\/div><div class=\"swiper-slide\" role=\"group\" aria-roledescription=\"slide\" aria-label=\"2 von 3\"><figure class=\"swiper-slide-inner\"><img decoding=\"async\" class=\"swiper-slide-image\" src=\"https:\/\/www.ehorses.de\/magazin\/wp-content\/uploads\/pferde-der-woche-200426-shine-10.webp\" alt=\"Ein hellbraunes Islandpferd galoppiert frei in einer Reithalle oder einem Longierzirkel. Die dunkle M\u00e4hne weht im Wind, und das Pferd hat einen aufmerksamen Blick. Der Boden besteht aus hellem Sand, die Seitenwand der Halle ist dunkelgrau.\" \/><\/figure><\/div><div class=\"swiper-slide\" role=\"group\" aria-roledescription=\"slide\" aria-label=\"3 von 3\"><figure class=\"swiper-slide-inner\"><img decoding=\"async\" class=\"swiper-slide-image\" src=\"https:\/\/www.ehorses.de\/magazin\/wp-content\/uploads\/pferde-der-woche-200426-shine-11.webp\" alt=\"Ein Reiter in klassischer Turnierkleidung (dunkles Sakko, helle Reithose, Reithelm) reitet ein hellbraunes Islandpferd im T\u00f6lt auf einer Ovalbahn. Das Pferd zeigt eine schwungvolle Bewegung mit hoch erhobenen Vorderbeinen. Im Hintergrund sind B\u00e4ume und ein kleiner Unterstand aus Holz zu sehen.\" \/><\/figure><\/div>\t\t\t<\/div>\n\t\t\t\t\t\t\t\t\t\t\t\t<div class=\"elementor-swiper-button elementor-swiper-button-prev\" role=\"button\" tabindex=\"0\">\n\t\t\t\t\t\t<i aria-hidden=\"true\" class=\"eicon-chevron-left\"><\/i>\t\t\t\t\t<\/div>\n\t\t\t\t\t<div class=\"elementor-swiper-button elementor-swiper-button-next\" role=\"button\" tabindex=\"0\">\n\t\t\t\t\t\t<i aria-hidden=\"true\" class=\"eicon-chevron-right\"><\/i>\t\t\t\t\t<\/div>\n\t\t\t\t\n\t\t\t\t\t\t\t\t\t<div class=\"swiper-pagination\"><\/div>\n\t\t\t\t\t\t\t\t\t<\/div>\n\t\t\t\t\t\t<\/div>\n\t\t\t\t<\/div>\n\t\t\t\t\t<\/div>\n\t\t<\/div>\n\t\t\t\t\t<\/div>\n\t\t<\/section>\n\t\t\t\t<section data-particle_enable=\"false\" data-particle-mobile-disabled=\"false\" class=\"penci-section penci-disSticky penci-structure-22 elementor-section elementor-top-section elementor-element elementor-element-25def344 elementor-section-boxed elementor-section-height-default elementor-section-height-default\" data-id=\"25def344\" data-element_type=\"section\" data-e-type=\"section\">\n\t\t\t\t\t\t<div class=\"elementor-container elementor-column-gap-default\">\n\t\t\t\t\t<div class=\"penci-ercol-66 penci-ercol-order-1 penci-sticky-ct    elementor-column elementor-col-66 elementor-top-column elementor-element elementor-element-15d84db6\" data-id=\"15d84db6\" data-element_type=\"column\" data-e-type=\"column\">\n\t\t\t<div class=\"elementor-widget-wrap elementor-element-populated\">\n\t\t\t\t\t\t<div class=\"elementor-element elementor-element-12009f65 elementor-widget elementor-widget-text-editor\" data-id=\"12009f65\" data-element_type=\"widget\" data-e-type=\"widget\" data-widget_type=\"text-editor.default\">\n\t\t\t\t<div class=\"elementor-widget-container\">\n\t\t\t\t\t\t\t\t\t<p><strong>Du m\u00f6chtest mehr Infos zu Bolmur haben? \ud83d\udc34<\/strong><\/p>\t\t\t\t\t\t\t\t<\/div>\n\t\t\t\t<\/div>\n\t\t\t\t\t<\/div>\n\t\t<\/div>\n\t\t\t\t<div class=\"penci-ercol-33 penci-ercol-order-2 penci-sticky-sb penci-sidebarSC   elementor-column elementor-col-33 elementor-top-column elementor-element elementor-element-513ae704\" data-id=\"513ae704\" data-element_type=\"column\" data-e-type=\"column\">\n\t\t\t<div class=\"elementor-widget-wrap elementor-element-populated\">\n\t\t\t\t\t\t<div class=\"elementor-element elementor-element-64f12396 elementor-widget elementor-widget-penci-button\" data-id=\"64f12396\" data-element_type=\"widget\" data-e-type=\"widget\" data-widget_type=\"penci-button.default\">\n\t\t\t\t<div class=\"elementor-widget-container\">\n\t\t\t\t\t\t\t<div class=\"pcbtn-wrapper pcbtn-align-right pcbtn-malign-left\">\n\t\t\t<a class=\"pcbtn pcbtn-icon-left\" \n\t\t\t\t\t\t\t\t\t\t\t\thref=\"https:\/\/www.ehorses.de\/islandpferd-wallach-6jahre-145-cm-falbe-gangpferd-horst\/4774962.html\" id=\"referral-magazin\">\n\t\t\t\t<span class=\"pcbtn-wrapperin\">\n\t\t\t\t\t<span class=\"pcbtn-content\">\n\t\t\t\t\t\t\t\t\t\tPferd anzeigen\t\t\t<\/span>\n\t\t\t\t\t\t\t\t\t<\/span>\n\t\t\t<\/a>\n\t\t<\/div>\n\t\t\t\t\t\t<\/div>\n\t\t\t\t<\/div>\n\t\t\t\t\t<\/div>\n\t\t<\/div>\n\t\t\t\t\t<\/div>\n\t\t<\/section>\n\t\t\t\t<section data-particle_enable=\"false\" data-particle-mobile-disabled=\"false\" class=\"penci-section penci-disSticky penci-structure-10 elementor-section elementor-top-section elementor-element elementor-element-76c1c9a6 elementor-section-full_width elementor-section-height-default elementor-section-height-default\" data-id=\"76c1c9a6\" data-element_type=\"section\" data-e-type=\"section\">\n\t\t\t\t\t\t<div class=\"elementor-container elementor-column-gap-default\">\n\t\t\t\t\t<div class=\"penci-ercol-100 penci-ercol-order-1 penci-sticky-ct    elementor-column elementor-col-100 elementor-top-column elementor-element elementor-element-3755d8e2\" data-id=\"3755d8e2\" data-element_type=\"column\" data-e-type=\"column\">\n\t\t\t<div class=\"elementor-widget-wrap elementor-element-populated\">\n\t\t\t\t\t\t<div class=\"elementor-element elementor-element-2a471d9a elementor-widget elementor-widget-text-editor\" data-id=\"2a471d9a\" data-element_type=\"widget\" data-e-type=\"widget\" data-widget_type=\"text-editor.default\">\n\t\t\t\t<div class=\"elementor-widget-container\">\n\t\t\t\t\t\t\t\t\t<h3>Reitkomfort dank \u201eN\u00e4hmaschinen-T\u00f6lt\u201c<\/h3>\n<p>Unter dem Sattel zeigt Bolmur, was in ihm steckt: Er ist ein Vierg\u00e4nger mit einem extrem bequemen und <strong>jederzeit taktklaren Naturt\u00f6lt<\/strong>. Dieser sogenannte \u201eN\u00e4hmaschinen-T\u00f6lt\u201c ist bis ins mittlere Tempo sicher abrufbar und l\u00e4sst sich selbst bei lockerem Z\u00fcgel sehr angenehm sitzen. Bolmur verf\u00fcgt \u00fcber ein gutes Temperament mit einem sch\u00f6nen Vorw\u00e4rtsdrang, bleibt dabei aber jederzeit fein regulierbar und gelassen. Auch seine Grundgangarten Trab und Galopp sind gut ausbalanciert und lassen sich mit sch\u00f6ner Tempovarianz reiten. Seine hohe Gangqualit\u00e4t und Leistungsbereitschaft verdankt er nicht zuletzt seinem ber\u00fchmten Vater Hjalti und seiner FEIF-gepr\u00fcften Mutter Bj\u00f6rk.<\/p>\t\t\t\t\t\t\t\t<\/div>\n\t\t\t\t<\/div>\n\t\t\t\t<div class=\"elementor-element elementor-element-6f67658f elementor-widget elementor-widget-text-editor\" data-id=\"6f67658f\" data-element_type=\"widget\" data-e-type=\"widget\" data-widget_type=\"text-editor.default\">\n\t\t\t\t<div class=\"elementor-widget-container\">\n\t\t\t\t\t\t\t\t\t<h3>Vielseitiger Allrounder direkt vom Z\u00fcchter<\/h3>\n<p>Bolmur kommt direkt vom Z\u00fcchter und hat seine Grundausbildung bereits erfolgreich abgeschlossen. Er pr\u00e4sentiert sich <strong>gel\u00e4ndesicher und zuverl\u00e4ssig<\/strong>, egal, ob du alleine oder in der Gruppe auf dem Platz, in der Halle oder im Wald unterwegs bist. Er reagiert fein auf deine Hilfen, geht sch\u00f6n am Z\u00fcgel und beherrscht bereits Seiteng\u00e4nge sowie das R\u00fcckw\u00e4rtsrichten. Da er aus einer ekzemfreien Elternlinie stammt und selbst keinerlei Anzeichen zeigt, ist er in einem erstklassigen Pflegezustand. Ob f\u00fcr fortgeschrittene Freizeitreiter, ambitionierte Anf\u00e4nger oder Wiedereinsteiger: Bolmur ist ein vielseitiger Partner, der mit weiterer F\u00f6rderung auch f\u00fcr den Sport hochinteressant ist.<\/p>\t\t\t\t\t\t\t\t<\/div>\n\t\t\t\t<\/div>\n\t\t\t\t\t<\/div>\n\t\t<\/div>\n\t\t\t\t\t<\/div>\n\t\t<\/section>\n\t\t\t\t<section data-particle_enable=\"false\" data-particle-mobile-disabled=\"false\" class=\"penci-section penci-disSticky penci-structure-10 elementor-section elementor-top-section elementor-element elementor-element-18fa3515 elementor-section-full_width elementor-section-height-default elementor-section-height-default\" data-id=\"18fa3515\" data-element_type=\"section\" data-e-type=\"section\">\n\t\t\t\t\t\t<div class=\"elementor-container elementor-column-gap-default\">\n\t\t\t\t\t<div class=\"penci-ercol-100 penci-ercol-order-1 penci-sticky-ct    elementor-column elementor-col-100 elementor-top-column elementor-element elementor-element-4d09ab8e\" data-id=\"4d09ab8e\" data-element_type=\"column\" data-e-type=\"column\">\n\t\t\t<div class=\"elementor-widget-wrap elementor-element-populated\">\n\t\t\t\t\t\t<div class=\"elementor-element elementor-element-467fb3 elementor-widget__width-auto elementor-widget elementor-widget-text-editor\" data-id=\"467fb3\" data-element_type=\"widget\" data-e-type=\"widget\" data-widget_type=\"text-editor.default\">\n\t\t\t\t<div class=\"elementor-widget-container\">\n\t\t\t\t\t\t\t\t\t<p>Platz 3<\/p>\t\t\t\t\t\t\t\t<\/div>\n\t\t\t\t<\/div>\n\t\t\t\t<div class=\"elementor-element elementor-element-5a4c029e elementor-widget elementor-widget-text-editor\" data-id=\"5a4c029e\" data-element_type=\"widget\" data-e-type=\"widget\" data-widget_type=\"text-editor.default\">\n\t\t\t\t<div class=\"elementor-widget-container\">\n\t\t\t\t\t\t\t\t\t<h2>Galdur vom Kranichtal: Vielversprechender Nachwuchs mit bester Genetik<\/h2>\n<p>In Galdur vereinen sich die St\u00e4rken gleich dreier herausragender Hengste. Von seinem Vater Merkur hat der vierj\u00e4hrige Jungwallach das <strong>exzellente Exterieur<\/strong> mit guten Proportionen und einer schr\u00e4gen Schulter geerbt. Sein Wesen erinnert an die Gelassenheit seines Gro\u00dfvaters Hjalti, w\u00e4hrend er den lockeren, sprudelnden T\u00f6lt von seinem Urgro\u00dfvater Laxness mitbringt. Als Vierg\u00e4nger zeigt Galdur bereits jetzt viel nat\u00fcrlichen und stets taktklaren T\u00f6lt, den er sicher in verschiedenen Tempi pr\u00e4sentiert. Seine erstklassige Abstammung verspricht dabei viel Qualit\u00e4t: Sein Vater Merkur war sportlich in der LK1 erfolgreich und schloss seine FIZO mit einer beeindruckenden Gesamtnote von 8,34 ab.<\/p>\t\t\t\t\t\t\t\t<\/div>\n\t\t\t\t<\/div>\n\t\t\t\t<div class=\"elementor-element elementor-element-3ea2e76c elementor-arrows-position-inside elementor-pagination-position-outside elementor-widget elementor-widget-image-carousel\" data-id=\"3ea2e76c\" data-element_type=\"widget\" data-e-type=\"widget\" data-settings=\"{&quot;navigation&quot;:&quot;both&quot;,&quot;infinite&quot;:&quot;yes&quot;,&quot;speed&quot;:500,&quot;image_spacing_custom&quot;:{&quot;unit&quot;:&quot;px&quot;,&quot;size&quot;:20,&quot;sizes&quot;:[]},&quot;image_spacing_custom_tablet&quot;:{&quot;unit&quot;:&quot;px&quot;,&quot;size&quot;:&quot;&quot;,&quot;sizes&quot;:[]},&quot;image_spacing_custom_mobile&quot;:{&quot;unit&quot;:&quot;px&quot;,&quot;size&quot;:&quot;&quot;,&quot;sizes&quot;:[]}}\" data-widget_type=\"image-carousel.default\">\n\t\t\t\t<div class=\"elementor-widget-container\">\n\t\t\t\t\t\t\t<div class=\"elementor-image-carousel-wrapper swiper\" role=\"region\" aria-roledescription=\"carousel\" aria-label=\"Bild Karussell\" dir=\"ltr\">\n\t\t\t<div class=\"elementor-image-carousel swiper-wrapper\" aria-live=\"polite\">\n\t\t\t\t\t\t\t\t<div class=\"swiper-slide\" role=\"group\" aria-roledescription=\"slide\" aria-label=\"1 von 3\"><figure class=\"swiper-slide-inner\"><img decoding=\"async\" class=\"swiper-slide-image\" src=\"https:\/\/www.ehorses.de\/magazin\/wp-content\/uploads\/Pferde-der-Woche-Bilder-im-Artikel.webp\" alt=\"Nahaufnahme eines dunklen Islandpferdes mit sehr langer, dichter M\u00e4hne, das direkt in die Kamera blickt. Das Pferd steht auf einem Sandplatz, im Hintergrund ist ein wei\u00dfer Lattenzaun und eine Baumreihe im Sonnenschein zu sehen.\" \/><\/figure><\/div><div class=\"swiper-slide\" role=\"group\" aria-roledescription=\"slide\" aria-label=\"2 von 3\"><figure class=\"swiper-slide-inner\"><img decoding=\"async\" class=\"swiper-slide-image\" src=\"https:\/\/www.ehorses.de\/magazin\/wp-content\/uploads\/Pferde-der-Woche-Bilder-im-Artikel-1.webp\" alt=\"Ein dunkles Islandpferd galoppiert schwungvoll und kraftvoll auf einem Sandplatz. Die schwarze M\u00e4hne weht im Wind. Das Pferd l\u00e4uft parallel zu einem wei\u00dfen Lattenzaun, im Hintergrund sind kahle B\u00e4ume zu erkennen.\" \/><\/figure><\/div><div class=\"swiper-slide\" role=\"group\" aria-roledescription=\"slide\" aria-label=\"3 von 3\"><figure class=\"swiper-slide-inner\"><img decoding=\"async\" class=\"swiper-slide-image\" src=\"https:\/\/www.ehorses.de\/magazin\/wp-content\/uploads\/Pferde-der-Woche-Bilder-im-Artikel-2.webp\" alt=\"Portr\u00e4t eines dunklen Islandpferdes, das ein schwarzes Halfter tr\u00e4gt und nach links schaut. Die dichte M\u00e4hne ist am Hals zu sehen. Das Pferd steht auf einer gr\u00fcnen Weide mit unscharfen, hellbraunen B\u00e4umen im Hintergrund. Eine F\u00fchrleine ist am Halfter befestigt.\" \/><\/figure><\/div>\t\t\t<\/div>\n\t\t\t\t\t\t\t\t\t\t\t\t<div class=\"elementor-swiper-button elementor-swiper-button-prev\" role=\"button\" tabindex=\"0\">\n\t\t\t\t\t\t<i aria-hidden=\"true\" class=\"eicon-chevron-left\"><\/i>\t\t\t\t\t<\/div>\n\t\t\t\t\t<div class=\"elementor-swiper-button elementor-swiper-button-next\" role=\"button\" tabindex=\"0\">\n\t\t\t\t\t\t<i aria-hidden=\"true\" class=\"eicon-chevron-right\"><\/i>\t\t\t\t\t<\/div>\n\t\t\t\t\n\t\t\t\t\t\t\t\t\t<div class=\"swiper-pagination\"><\/div>\n\t\t\t\t\t\t\t\t\t<\/div>\n\t\t\t\t\t\t<\/div>\n\t\t\t\t<\/div>\n\t\t\t\t\t<\/div>\n\t\t<\/div>\n\t\t\t\t\t<\/div>\n\t\t<\/section>\n\t\t\t\t<section data-particle_enable=\"false\" data-particle-mobile-disabled=\"false\" class=\"penci-section penci-disSticky penci-structure-22 elementor-section elementor-top-section elementor-element elementor-element-77cb8279 elementor-section-boxed elementor-section-height-default elementor-section-height-default\" data-id=\"77cb8279\" data-element_type=\"section\" data-e-type=\"section\">\n\t\t\t\t\t\t<div class=\"elementor-container elementor-column-gap-default\">\n\t\t\t\t\t<div class=\"penci-ercol-66 penci-ercol-order-1 penci-sticky-ct    elementor-column elementor-col-66 elementor-top-column elementor-element elementor-element-1007dd44\" data-id=\"1007dd44\" data-element_type=\"column\" data-e-type=\"column\">\n\t\t\t<div class=\"elementor-widget-wrap elementor-element-populated\">\n\t\t\t\t\t\t<div class=\"elementor-element elementor-element-63b5111d elementor-widget elementor-widget-text-editor\" data-id=\"63b5111d\" data-element_type=\"widget\" data-e-type=\"widget\" data-widget_type=\"text-editor.default\">\n\t\t\t\t<div class=\"elementor-widget-container\">\n\t\t\t\t\t\t\t\t\t<p><strong>Du m\u00f6chtest mehr Infos zu Galdur haben? \ud83d\udc34<\/strong><\/p>\t\t\t\t\t\t\t\t<\/div>\n\t\t\t\t<\/div>\n\t\t\t\t\t<\/div>\n\t\t<\/div>\n\t\t\t\t<div class=\"penci-ercol-33 penci-ercol-order-2 penci-sticky-sb penci-sidebarSC   elementor-column elementor-col-33 elementor-top-column elementor-element elementor-element-3c1b78cb\" data-id=\"3c1b78cb\" data-element_type=\"column\" data-e-type=\"column\">\n\t\t\t<div class=\"elementor-widget-wrap elementor-element-populated\">\n\t\t\t\t\t\t<div class=\"elementor-element elementor-element-1c5d39 elementor-widget elementor-widget-penci-button\" data-id=\"1c5d39\" data-element_type=\"widget\" data-e-type=\"widget\" data-widget_type=\"penci-button.default\">\n\t\t\t\t<div class=\"elementor-widget-container\">\n\t\t\t\t\t\t\t<div class=\"pcbtn-wrapper pcbtn-align-right pcbtn-malign-left\">\n\t\t\t<a class=\"pcbtn pcbtn-icon-left\" \n\t\t\t\t\t\t\t\t\t\t\t\thref=\"https:\/\/www.ehorses.de\/islandpferd-wallach-4jahre-brauner-gangpferd-freizeitpferd-lehmrade\/4356425.html\" id=\"referral-magazin\">\n\t\t\t\t<span class=\"pcbtn-wrapperin\">\n\t\t\t\t\t<span class=\"pcbtn-content\">\n\t\t\t\t\t\t\t\t\t\tPferd anzeigen\t\t\t<\/span>\n\t\t\t\t\t\t\t\t\t<\/span>\n\t\t\t<\/a>\n\t\t<\/div>\n\t\t\t\t\t\t<\/div>\n\t\t\t\t<\/div>\n\t\t\t\t\t<\/div>\n\t\t<\/div>\n\t\t\t\t\t<\/div>\n\t\t<\/section>\n\t\t\t\t<section data-particle_enable=\"false\" data-particle-mobile-disabled=\"false\" class=\"penci-section penci-disSticky penci-structure-10 elementor-section elementor-top-section elementor-element elementor-element-37908d25 elementor-section-full_width elementor-section-height-default elementor-section-height-default\" data-id=\"37908d25\" data-element_type=\"section\" data-e-type=\"section\">\n\t\t\t\t\t\t<div class=\"elementor-container elementor-column-gap-default\">\n\t\t\t\t\t<div class=\"penci-ercol-100 penci-ercol-order-1 penci-sticky-ct    elementor-column elementor-col-100 elementor-top-column elementor-element elementor-element-6ee40348\" data-id=\"6ee40348\" data-element_type=\"column\" data-e-type=\"column\">\n\t\t\t<div class=\"elementor-widget-wrap elementor-element-populated\">\n\t\t\t\t\t\t<div class=\"elementor-element elementor-element-3de0360f elementor-widget elementor-widget-text-editor\" data-id=\"3de0360f\" data-element_type=\"widget\" data-e-type=\"widget\" data-widget_type=\"text-editor.default\">\n\t\t\t\t<div class=\"elementor-widget-container\">\n\t\t\t\t\t\t\t\t\t<h3>Exterieur und Charakter zum Wohlf\u00fchlen<\/h3>\n<p>Optisch \u00fcberzeugt der Braune durch seine kr\u00e4ftige, mittelgro\u00dfe Statur. Er verf\u00fcgt \u00fcber eine sehr gute Drittelung und ausgepr\u00e4gte Gelenke, was ihn zu einem stabilen Partner f\u00fcr die Zukunft macht. Charakterlich zeigt sich Galdur von seiner besten Seite: Er ist gelassen, unkompliziert und dem Menschen sehr zugewandt. Mit seinem <strong>ruhigen Temperament<\/strong> ist er ein angenehmer Partner im Umgang und bietet die ideale Basis f\u00fcr eine vertrauensvolle weitere Ausbildung. Wenn du ein Pferd suchst, das bereits jetzt durch Ausstrahlung und Pr\u00e4senz besticht, wird dich dieser Jungwallach begeistern.<\/p>\t\t\t\t\t\t\t\t<\/div>\n\t\t\t\t<\/div>\n\t\t\t\t<div class=\"elementor-element elementor-element-28a4efa2 elementor-widget elementor-widget-text-editor\" data-id=\"28a4efa2\" data-element_type=\"widget\" data-e-type=\"widget\" data-widget_type=\"text-editor.default\">\n\t\t\t\t<div class=\"elementor-widget-container\">\n\t\t\t\t\t\t\t\t\t<h3>Gesundheit direkt vom Z\u00fcchter<\/h3>\n<p>Galdur kommt direkt vom Z\u00fcchter zu dir, was eine <strong>transparente Aufzucht<\/strong> garantiert. Er ist kerngesund und halfterf\u00fchrig. Besonders hervorzuheben ist, dass er sowie seine gesamte Elternlinie ekzemfrei sind, sodass du dir um das Thema Sommerekzem keine Sorgen machen musst. Er ist die perfekte Wahl f\u00fcr Freizeitreiter, die sich einen unkomplizierten und gangstarken Begleiter w\u00fcnschen und Freude daran haben, ein junges Pferd weiter zu f\u00f6rdern. Mit seinem freundlichen Wesen und seinem nat\u00fcrlichen T\u00f6lt ist er bereit, mit dir gemeinsam in seine Zukunft als Reitpferd zu starten.<\/p>\t\t\t\t\t\t\t\t<\/div>\n\t\t\t\t<\/div>\n\t\t\t\t\t<\/div>\n\t\t<\/div>\n\t\t\t\t\t<\/div>\n\t\t<\/section>\n\t\t\t\t<\/div>\n\t\t","protected":false},"author":129,"featured_media":91009,"template":"","class_list":["post-90992","pferde-der-woche","type-pferde-der-woche","status-publish","has-post-thumbnail","hentry"],"_oembed_6e2261a90c0f61b3f6e5cbf5248ae69a":null,"_oembed_d83ed97665bbfe5cbf2a5acd0571bfe8":null,"_oembed_879340bd3c064234a240bcda2f369c23":null,"_oembed_519616b8842fb308e7a3039c04f55a79":null,"yoast_head":"<!-- This site is optimized with the Yoast SEO plugin v27.4 - https:\/\/yoast.com\/product\/yoast-seo-wordpress\/ -->\n<title>Isl\u00e4nder der Woche: Vom Youngster bis zum Naturt\u00f6lter<\/title>\n<meta name=\"description\" content=\"Suchst du dein Traumpferd? Diese Isl\u00e4nder der Woche bieten alles: Beste Genetik, Taktsicherheit und Nervenst\u00e4rke. \u25ba Erfahre jetzt mehr!\" \/>\n<meta name=\"robots\" content=\"index, follow, max-snippet:-1, max-image-preview:large, max-video-preview:-1\" \/>\n<link rel=\"canonical\" href=\"https:\/\/www.ehorses.de\/magazin\/pferde-der-woche\/islaender-der-woche-260426\/\" \/>\n<meta property=\"og:locale\" content=\"de_DE\" \/>\n<meta property=\"og:type\" content=\"article\" \/>\n<meta property=\"og:title\" content=\"Isl\u00e4nder der Woche: Vom Youngster bis zum Naturt\u00f6lter\" \/>\n<meta property=\"og:description\" content=\"Suchst du dein Traumpferd? Diese Isl\u00e4nder der Woche bieten alles: Beste Genetik, Taktsicherheit und Nervenst\u00e4rke. \u25ba Erfahre jetzt mehr!\" \/>\n<meta property=\"og:url\" content=\"https:\/\/www.ehorses.de\/magazin\/pferde-der-woche\/islaender-der-woche-260426\/\" \/>\n<meta property=\"og:site_name\" content=\"ehorses Magazin\" \/>\n<meta property=\"og:image\" content=\"https:\/\/www.ehorses.de\/magazin\/wp-content\/uploads\/Beitragsbild-von-pferde-der-woche.webp\" \/>\n\t<meta property=\"og:image:width\" content=\"1200\" \/>\n\t<meta property=\"og:image:height\" content=\"800\" \/>\n\t<meta property=\"og:image:type\" content=\"image\/webp\" \/>\n<meta name=\"twitter:card\" content=\"summary_large_image\" \/>\n<meta name=\"twitter:label1\" content=\"Gesch\u00e4tzte Lesezeit\" \/>\n\t<meta name=\"twitter:data1\" content=\"8\u00a0Minuten\" \/>\n<script type=\"application\/ld+json\" class=\"yoast-schema-graph\">{\"@context\":\"https:\\\/\\\/schema.org\",\"@graph\":[{\"@type\":\"WebPage\",\"@id\":\"https:\\\/\\\/www.ehorses.de\\\/magazin\\\/pferde-der-woche\\\/islaender-der-woche-260426\\\/\",\"url\":\"https:\\\/\\\/www.ehorses.de\\\/magazin\\\/pferde-der-woche\\\/islaender-der-woche-260426\\\/\",\"name\":\"Isl\u00e4nder der Woche: Vom Youngster bis zum Naturt\u00f6lter\",\"isPartOf\":{\"@id\":\"https:\\\/\\\/www.ehorses.de\\\/magazin\\\/#website\"},\"primaryImageOfPage\":{\"@id\":\"https:\\\/\\\/www.ehorses.de\\\/magazin\\\/pferde-der-woche\\\/islaender-der-woche-260426\\\/#primaryimage\"},\"image\":{\"@id\":\"https:\\\/\\\/www.ehorses.de\\\/magazin\\\/pferde-der-woche\\\/islaender-der-woche-260426\\\/#primaryimage\"},\"thumbnailUrl\":\"https:\\\/\\\/www.ehorses.de\\\/magazin\\\/wp-content\\\/uploads\\\/Beitragsbild-von-pferde-der-woche.webp\",\"datePublished\":\"2026-04-26T06:00:00+00:00\",\"description\":\"Suchst du dein Traumpferd? Diese Isl\u00e4nder der Woche bieten alles: Beste Genetik, Taktsicherheit und Nervenst\u00e4rke. \u25ba Erfahre jetzt mehr!\",\"breadcrumb\":{\"@id\":\"https:\\\/\\\/www.ehorses.de\\\/magazin\\\/pferde-der-woche\\\/islaender-der-woche-260426\\\/#breadcrumb\"},\"inLanguage\":\"de\",\"potentialAction\":[{\"@type\":\"ReadAction\",\"target\":[\"https:\\\/\\\/www.ehorses.de\\\/magazin\\\/pferde-der-woche\\\/islaender-der-woche-260426\\\/\"]}]},{\"@type\":\"ImageObject\",\"inLanguage\":\"de\",\"@id\":\"https:\\\/\\\/www.ehorses.de\\\/magazin\\\/pferde-der-woche\\\/islaender-der-woche-260426\\\/#primaryimage\",\"url\":\"https:\\\/\\\/www.ehorses.de\\\/magazin\\\/wp-content\\\/uploads\\\/Beitragsbild-von-pferde-der-woche.webp\",\"contentUrl\":\"https:\\\/\\\/www.ehorses.de\\\/magazin\\\/wp-content\\\/uploads\\\/Beitragsbild-von-pferde-der-woche.webp\",\"width\":1200,\"height\":800,\"caption\":\"Ein stimmungsvolles Naturportr\u00e4t eines dunklen Islandpferdes mit einer langen, r\u00f6tlich-braunen M\u00e4hne, das auf einer Heidefl\u00e4che steht. Das Pferd schaut aufmerksam nach rechts, w\u00e4hrend es von lila Heidekraut umgeben ist. Im Hintergrund erstreckt sich ein nebliger Wald in sanftem Licht.\"},{\"@type\":\"BreadcrumbList\",\"@id\":\"https:\\\/\\\/www.ehorses.de\\\/magazin\\\/pferde-der-woche\\\/islaender-der-woche-260426\\\/#breadcrumb\",\"itemListElement\":[{\"@type\":\"ListItem\",\"position\":1,\"name\":\"Startseite\",\"item\":\"https:\\\/\\\/www.ehorses.de\\\/magazin\\\/\"},{\"@type\":\"ListItem\",\"position\":2,\"name\":\"Isl\u00e4nder der Woche: Vom Youngster bis zum Naturt\u00f6lter\"}]},{\"@type\":\"WebSite\",\"@id\":\"https:\\\/\\\/www.ehorses.de\\\/magazin\\\/#website\",\"url\":\"https:\\\/\\\/www.ehorses.de\\\/magazin\\\/\",\"name\":\"ehorses Magazin\",\"description\":\"\",\"potentialAction\":[{\"@type\":\"SearchAction\",\"target\":{\"@type\":\"EntryPoint\",\"urlTemplate\":\"https:\\\/\\\/www.ehorses.de\\\/magazin\\\/?s={search_term_string}\"},\"query-input\":{\"@type\":\"PropertyValueSpecification\",\"valueRequired\":true,\"valueName\":\"search_term_string\"}}],\"inLanguage\":\"de\"}]}<\/script>\n<!-- \/ Yoast SEO plugin. -->","yoast_head_json":{"title":"Isl\u00e4nder der Woche: Vom Youngster bis zum Naturt\u00f6lter","description":"Suchst du dein Traumpferd? Diese Isl\u00e4nder der Woche bieten alles: Beste Genetik, Taktsicherheit und Nervenst\u00e4rke. \u25ba Erfahre jetzt mehr!","robots":{"index":"index","follow":"follow","max-snippet":"max-snippet:-1","max-image-preview":"max-image-preview:large","max-video-preview":"max-video-preview:-1"},"canonical":"https:\/\/www.ehorses.de\/magazin\/pferde-der-woche\/islaender-der-woche-260426\/","og_locale":"de_DE","og_type":"article","og_title":"Isl\u00e4nder der Woche: Vom Youngster bis zum Naturt\u00f6lter","og_description":"Suchst du dein Traumpferd? Diese Isl\u00e4nder der Woche bieten alles: Beste Genetik, Taktsicherheit und Nervenst\u00e4rke. \u25ba Erfahre jetzt mehr!","og_url":"https:\/\/www.ehorses.de\/magazin\/pferde-der-woche\/islaender-der-woche-260426\/","og_site_name":"ehorses Magazin","og_image":[{"width":1200,"height":800,"url":"https:\/\/www.ehorses.de\/magazin\/wp-content\/uploads\/Beitragsbild-von-pferde-der-woche.webp","type":"image\/webp"}],"twitter_card":"summary_large_image","twitter_misc":{"Gesch\u00e4tzte Lesezeit":"8\u00a0Minuten"},"schema":{"@context":"https:\/\/schema.org","@graph":[{"@type":"WebPage","@id":"https:\/\/www.ehorses.de\/magazin\/pferde-der-woche\/islaender-der-woche-260426\/","url":"https:\/\/www.ehorses.de\/magazin\/pferde-der-woche\/islaender-der-woche-260426\/","name":"Isl\u00e4nder der Woche: Vom Youngster bis zum Naturt\u00f6lter","isPartOf":{"@id":"https:\/\/www.ehorses.de\/magazin\/#website"},"primaryImageOfPage":{"@id":"https:\/\/www.ehorses.de\/magazin\/pferde-der-woche\/islaender-der-woche-260426\/#primaryimage"},"image":{"@id":"https:\/\/www.ehorses.de\/magazin\/pferde-der-woche\/islaender-der-woche-260426\/#primaryimage"},"thumbnailUrl":"https:\/\/www.ehorses.de\/magazin\/wp-content\/uploads\/Beitragsbild-von-pferde-der-woche.webp","datePublished":"2026-04-26T06:00:00+00:00","description":"Suchst du dein Traumpferd? Diese Isl\u00e4nder der Woche bieten alles: Beste Genetik, Taktsicherheit und Nervenst\u00e4rke. \u25ba Erfahre jetzt mehr!","breadcrumb":{"@id":"https:\/\/www.ehorses.de\/magazin\/pferde-der-woche\/islaender-der-woche-260426\/#breadcrumb"},"inLanguage":"de","potentialAction":[{"@type":"ReadAction","target":["https:\/\/www.ehorses.de\/magazin\/pferde-der-woche\/islaender-der-woche-260426\/"]}]},{"@type":"ImageObject","inLanguage":"de","@id":"https:\/\/www.ehorses.de\/magazin\/pferde-der-woche\/islaender-der-woche-260426\/#primaryimage","url":"https:\/\/www.ehorses.de\/magazin\/wp-content\/uploads\/Beitragsbild-von-pferde-der-woche.webp","contentUrl":"https:\/\/www.ehorses.de\/magazin\/wp-content\/uploads\/Beitragsbild-von-pferde-der-woche.webp","width":1200,"height":800,"caption":"Ein stimmungsvolles Naturportr\u00e4t eines dunklen Islandpferdes mit einer langen, r\u00f6tlich-braunen M\u00e4hne, das auf einer Heidefl\u00e4che steht. Das Pferd schaut aufmerksam nach rechts, w\u00e4hrend es von lila Heidekraut umgeben ist. Im Hintergrund erstreckt sich ein nebliger Wald in sanftem Licht."},{"@type":"BreadcrumbList","@id":"https:\/\/www.ehorses.de\/magazin\/pferde-der-woche\/islaender-der-woche-260426\/#breadcrumb","itemListElement":[{"@type":"ListItem","position":1,"name":"Startseite","item":"https:\/\/www.ehorses.de\/magazin\/"},{"@type":"ListItem","position":2,"name":"Isl\u00e4nder der Woche: Vom Youngster bis zum Naturt\u00f6lter"}]},{"@type":"WebSite","@id":"https:\/\/www.ehorses.de\/magazin\/#website","url":"https:\/\/www.ehorses.de\/magazin\/","name":"ehorses Magazin","description":"","potentialAction":[{"@type":"SearchAction","target":{"@type":"EntryPoint","urlTemplate":"https:\/\/www.ehorses.de\/magazin\/?s={search_term_string}"},"query-input":{"@type":"PropertyValueSpecification","valueRequired":true,"valueName":"search_term_string"}}],"inLanguage":"de"}]}},"_links":{"self":[{"href":"https:\/\/www.ehorses.de\/magazin\/wp-json\/wp\/v2\/pferde-der-woche\/90992","targetHints":{"allow":["GET"]}}],"collection":[{"href":"https:\/\/www.ehorses.de\/magazin\/wp-json\/wp\/v2\/pferde-der-woche"}],"about":[{"href":"https:\/\/www.ehorses.de\/magazin\/wp-json\/wp\/v2\/types\/pferde-der-woche"}],"author":[{"embeddable":true,"href":"https:\/\/www.ehorses.de\/magazin\/wp-json\/wp\/v2\/users\/129"}],"version-history":[{"count":12,"href":"https:\/\/www.ehorses.de\/magazin\/wp-json\/wp\/v2\/pferde-der-woche\/90992\/revisions"}],"predecessor-version":[{"id":91254,"href":"https:\/\/www.ehorses.de\/magazin\/wp-json\/wp\/v2\/pferde-der-woche\/90992\/revisions\/91254"}],"wp:featuredmedia":[{"embeddable":true,"href":"https:\/\/www.ehorses.de\/magazin\/wp-json\/wp\/v2\/media\/91009"}],"wp:attachment":[{"href":"https:\/\/www.ehorses.de\/magazin\/wp-json\/wp\/v2\/media?parent=90992"}],"curies":[{"name":"wp","href":"https:\/\/api.w.org\/{rel}","templated":true}]}}