{"id":91014,"date":"2026-04-28T08:35:16","date_gmt":"2026-04-28T06:35:16","guid":{"rendered":"https:\/\/www.ehorses.de\/magazin\/?post_type=pferde-der-woche&#038;p=91014"},"modified":"2026-04-28T08:35:17","modified_gmt":"2026-04-28T06:35:17","slug":"araber-der-woche-280426","status":"publish","type":"pferde-der-woche","link":"https:\/\/www.ehorses.de\/magazin\/pferde-der-woche\/araber-der-woche-280426\/","title":{"rendered":"Araber-Pferde der Woche: Von der Pr\u00e4mienstute zum Gel\u00e4ndeprofi"},"content":{"rendered":"\t\t<div data-elementor-type=\"wp-post\" data-elementor-id=\"91014\" class=\"elementor elementor-91014\" data-elementor-post-type=\"pferde-der-woche\">\n\t\t\t\t\t\t<section data-particle_enable=\"false\" data-particle-mobile-disabled=\"false\" class=\"penci-section penci-disSticky penci-structure-10 elementor-section elementor-top-section elementor-element elementor-element-74840f3f elementor-section-full_width elementor-section-height-default elementor-section-height-default\" data-id=\"74840f3f\" data-element_type=\"section\" data-e-type=\"section\">\n\t\t\t\t\t\t<div class=\"elementor-container elementor-column-gap-default\">\n\t\t\t\t\t<div class=\"penci-ercol-100 penci-ercol-order-1 penci-sticky-ct    elementor-column elementor-col-100 elementor-top-column elementor-element elementor-element-66b1fadf\" data-id=\"66b1fadf\" data-element_type=\"column\" data-e-type=\"column\">\n\t\t\t<div class=\"elementor-widget-wrap elementor-element-populated\">\n\t\t\t\t\t\t<div class=\"elementor-element elementor-element-4d80f569 elementor-widget elementor-widget-text-editor\" data-id=\"4d80f569\" data-element_type=\"widget\" data-e-type=\"widget\" data-widget_type=\"text-editor.default\">\n\t\t\t\t<div class=\"elementor-widget-container\">\n\t\t\t\t\t\t\t\t\t<p><strong>Vom verl\u00e4sslichen Freizeit-Araber bis zur hochkar\u00e4tigen Zuchtstute: Diese Woche pr\u00e4sentieren wir dir au\u00dfergew\u00f6hnliche Araber-Pferde, die durch Charakter, Abstammung und Vielseitigkeit gl\u00e4nzen.<\/strong><\/p>\n<p><strong><\/strong><\/p>\t\t\t\t\t\t\t\t<\/div>\n\t\t\t\t<\/div>\n\t\t\t\t\t<\/div>\n\t\t<\/div>\n\t\t\t\t\t<\/div>\n\t\t<\/section>\n\t\t\t\t<section data-particle_enable=\"false\" data-particle-mobile-disabled=\"false\" class=\"penci-section penci-disSticky penci-structure-10 elementor-section elementor-top-section elementor-element elementor-element-2fd72f2 elementor-section-full_width elementor-section-height-default elementor-section-height-default\" data-id=\"2fd72f2\" data-element_type=\"section\" data-e-type=\"section\">\n\t\t\t\t\t\t<div class=\"elementor-container elementor-column-gap-default\">\n\t\t\t\t\t<div class=\"penci-ercol-100 penci-ercol-order-1 penci-sticky-ct    elementor-column elementor-col-100 elementor-top-column elementor-element elementor-element-34dc5646\" data-id=\"34dc5646\" data-element_type=\"column\" data-e-type=\"column\">\n\t\t\t<div class=\"elementor-widget-wrap elementor-element-populated\">\n\t\t\t\t\t\t<div class=\"elementor-element elementor-element-6c8f503c elementor-widget__width-auto elementor-widget elementor-widget-text-editor\" data-id=\"6c8f503c\" data-element_type=\"widget\" data-e-type=\"widget\" data-widget_type=\"text-editor.default\">\n\t\t\t\t<div class=\"elementor-widget-container\">\n\t\t\t\t\t\t\t\t\t<p>Platz 1<\/p>\t\t\t\t\t\t\t\t<\/div>\n\t\t\t\t<\/div>\n\t\t\t\t<div class=\"elementor-element elementor-element-3ef249f6 elementor-widget elementor-widget-text-editor\" data-id=\"3ef249f6\" data-element_type=\"widget\" data-e-type=\"widget\" data-widget_type=\"text-editor.default\">\n\t\t\t\t<div class=\"elementor-widget-container\">\n\t\t\t\t\t\t\t\t\t<h2>Edle \u00c4gyptische Araberstute mit Verbandspr\u00e4mie<\/h2><p>Suchst du ein Pferd, das nicht nur optisch besticht, sondern auch einen unverwechselbaren Charakter besitzt? Die elfj\u00e4hrige AS RANIA ist eine <strong>rein \u00e4gyptische Araberstute<\/strong>, die als echtes Ausnahmepferd gilt. Mit einem Stockma\u00df von 155 cm und ihrer harmonischen Erscheinung zieht die braune Vollblutstute alle Blicke auf sich. Was sie jedoch besonders auszeichnet, ist ihre einf\u00fchlsame und zugleich starke Pers\u00f6nlichkeit. Ihre G\u00fcte spiegelt sich direkt in ihren klaren, gro\u00dfen Augen wider und macht sie zu einer Partnerin mit besonderer Ausstrahlung.<\/p>\t\t\t\t\t\t\t\t<\/div>\n\t\t\t\t<\/div>\n\t\t\t\t<div class=\"elementor-element elementor-element-2d43048 elementor-arrows-position-inside elementor-pagination-position-outside elementor-widget elementor-widget-image-carousel\" data-id=\"2d43048\" data-element_type=\"widget\" data-e-type=\"widget\" data-settings=\"{&quot;navigation&quot;:&quot;both&quot;,&quot;infinite&quot;:&quot;yes&quot;,&quot;speed&quot;:500,&quot;image_spacing_custom&quot;:{&quot;unit&quot;:&quot;px&quot;,&quot;size&quot;:20,&quot;sizes&quot;:[]},&quot;image_spacing_custom_tablet&quot;:{&quot;unit&quot;:&quot;px&quot;,&quot;size&quot;:&quot;&quot;,&quot;sizes&quot;:[]},&quot;image_spacing_custom_mobile&quot;:{&quot;unit&quot;:&quot;px&quot;,&quot;size&quot;:&quot;&quot;,&quot;sizes&quot;:[]}}\" data-widget_type=\"image-carousel.default\">\n\t\t\t\t<div class=\"elementor-widget-container\">\n\t\t\t\t\t\t\t<div class=\"elementor-image-carousel-wrapper swiper\" role=\"region\" aria-roledescription=\"carousel\" aria-label=\"Bild Karussell\" dir=\"ltr\">\n\t\t\t<div class=\"elementor-image-carousel swiper-wrapper\" aria-live=\"polite\">\n\t\t\t\t\t\t\t\t<div class=\"swiper-slide\" role=\"group\" aria-roledescription=\"slide\" aria-label=\"1 von 3\"><figure class=\"swiper-slide-inner\"><img decoding=\"async\" class=\"swiper-slide-image\" src=\"https:\/\/www.ehorses.de\/magazin\/wp-content\/uploads\/Pferde-der-Woche-Bilder-im-Artikel-5.webp\" alt=\"Nahaufnahme des Kopfes und Halses eines eleganten, braunen Pferdes (vermutlich ein Araber oder ein \u00e4hnlicher Typ) vor einem Hintergrund aus gr\u00fcnen B\u00e4umen. Das Pferd hat eine feine Blesse auf der Stirn und blickt aufmerksam zur Seite.\" \/><\/figure><\/div><div class=\"swiper-slide\" role=\"group\" aria-roledescription=\"slide\" aria-label=\"2 von 3\"><figure class=\"swiper-slide-inner\"><img decoding=\"async\" class=\"swiper-slide-image\" src=\"https:\/\/www.ehorses.de\/magazin\/wp-content\/uploads\/Pferde-der-Woche-Bilder-im-Artikel-4.webp\" alt=\"Ein braunes Pferd trabt schwungvoll mit erhobenem Schweif \u00fcber eine gr\u00fcne Wiese. Im Hintergrund ist ein Stallgeb\u00e4ude und eine Einz\u00e4unung zu sehen. Das Pferd wirkt sehr lebhaft und bewegungsfreudig.\" \/><\/figure><\/div><div class=\"swiper-slide\" role=\"group\" aria-roledescription=\"slide\" aria-label=\"3 von 3\"><figure class=\"swiper-slide-inner\"><img decoding=\"async\" class=\"swiper-slide-image\" src=\"https:\/\/www.ehorses.de\/magazin\/wp-content\/uploads\/Pferde-der-Woche-Bilder-im-Artikel-3.webp\" alt=\"Ein edles Portr\u00e4t eines braunen Pferdes vor einem tiefschwarzen Hintergrund. Das Pferd tr\u00e4gt ein sehr feines Vorf\u00fchrhalfter mit einer silbernen Kette. Das Licht betont die Muskulatur und den Glanz des Fells.\" \/><\/figure><\/div>\t\t\t<\/div>\n\t\t\t\t\t\t\t\t\t\t\t\t<div class=\"elementor-swiper-button elementor-swiper-button-prev\" role=\"button\" tabindex=\"0\">\n\t\t\t\t\t\t<i aria-hidden=\"true\" class=\"eicon-chevron-left\"><\/i>\t\t\t\t\t<\/div>\n\t\t\t\t\t<div class=\"elementor-swiper-button elementor-swiper-button-next\" role=\"button\" tabindex=\"0\">\n\t\t\t\t\t\t<i aria-hidden=\"true\" class=\"eicon-chevron-right\"><\/i>\t\t\t\t\t<\/div>\n\t\t\t\t\n\t\t\t\t\t\t\t\t\t<div class=\"swiper-pagination\"><\/div>\n\t\t\t\t\t\t\t\t\t<\/div>\n\t\t\t\t\t\t<\/div>\n\t\t\t\t<\/div>\n\t\t\t\t\t<\/div>\n\t\t<\/div>\n\t\t\t\t\t<\/div>\n\t\t<\/section>\n\t\t\t\t<section data-particle_enable=\"false\" data-particle-mobile-disabled=\"false\" class=\"penci-section penci-disSticky penci-structure-22 elementor-section elementor-top-section elementor-element elementor-element-7fe540d9 elementor-section-boxed elementor-section-height-default elementor-section-height-default\" data-id=\"7fe540d9\" data-element_type=\"section\" data-e-type=\"section\">\n\t\t\t\t\t\t<div class=\"elementor-container elementor-column-gap-default\">\n\t\t\t\t\t<div class=\"penci-ercol-66 penci-ercol-order-1 penci-sticky-ct    elementor-column elementor-col-66 elementor-top-column elementor-element elementor-element-399d52ba\" data-id=\"399d52ba\" data-element_type=\"column\" data-e-type=\"column\">\n\t\t\t<div class=\"elementor-widget-wrap elementor-element-populated\">\n\t\t\t\t\t\t<div class=\"elementor-element elementor-element-606b18f8 elementor-widget elementor-widget-text-editor\" data-id=\"606b18f8\" data-element_type=\"widget\" data-e-type=\"widget\" data-widget_type=\"text-editor.default\">\n\t\t\t\t<div class=\"elementor-widget-container\">\n\t\t\t\t\t\t\t\t\t<p><strong>Du m\u00f6chtest mehr Infos zu AS Rania <\/strong><strong>haben? \ud83d\udc34<\/strong><\/p>\t\t\t\t\t\t\t\t<\/div>\n\t\t\t\t<\/div>\n\t\t\t\t\t<\/div>\n\t\t<\/div>\n\t\t\t\t<div class=\"penci-ercol-33 penci-ercol-order-2 penci-sticky-sb penci-sidebarSC   elementor-column elementor-col-33 elementor-top-column elementor-element elementor-element-3f6a9004\" data-id=\"3f6a9004\" data-element_type=\"column\" data-e-type=\"column\">\n\t\t\t<div class=\"elementor-widget-wrap elementor-element-populated\">\n\t\t\t\t\t\t<div class=\"elementor-element elementor-element-52bc5f19 elementor-widget elementor-widget-penci-button\" data-id=\"52bc5f19\" data-element_type=\"widget\" data-e-type=\"widget\" data-widget_type=\"penci-button.default\">\n\t\t\t\t<div class=\"elementor-widget-container\">\n\t\t\t\t\t\t\t<div class=\"pcbtn-wrapper pcbtn-align-right pcbtn-malign-left\">\n\t\t\t<a class=\"pcbtn pcbtn-icon-left\" \n\t\t\t\t\t\t\t\t\t\t\t\thref=\"https:\/\/www.ehorses.de\/aegyptischer-araber-stute-11jahre-155-cm-brauner-zuchtpferd-freizeitpferd-deckhengst-blankenhainniedersynderstedt\/4723386.html\" id=\"referral-magazin\">\n\t\t\t\t<span class=\"pcbtn-wrapperin\">\n\t\t\t\t\t<span class=\"pcbtn-content\">\n\t\t\t\t\t\t\t\t\t\tPferd anzeigen\t\t\t<\/span>\n\t\t\t\t\t\t\t\t\t<\/span>\n\t\t\t<\/a>\n\t\t<\/div>\n\t\t\t\t\t\t<\/div>\n\t\t\t\t<\/div>\n\t\t\t\t\t<\/div>\n\t\t<\/div>\n\t\t\t\t\t<\/div>\n\t\t<\/section>\n\t\t\t\t<section data-particle_enable=\"false\" data-particle-mobile-disabled=\"false\" class=\"penci-section penci-disSticky penci-structure-10 elementor-section elementor-top-section elementor-element elementor-element-515b3ec elementor-section-full_width elementor-section-height-default elementor-section-height-default\" data-id=\"515b3ec\" data-element_type=\"section\" data-e-type=\"section\">\n\t\t\t\t\t\t<div class=\"elementor-container elementor-column-gap-default\">\n\t\t\t\t\t<div class=\"penci-ercol-100 penci-ercol-order-1 penci-sticky-ct    elementor-column elementor-col-100 elementor-top-column elementor-element elementor-element-1f432768\" data-id=\"1f432768\" data-element_type=\"column\" data-e-type=\"column\">\n\t\t\t<div class=\"elementor-widget-wrap elementor-element-populated\">\n\t\t\t\t\t\t<div class=\"elementor-element elementor-element-54438085 elementor-widget elementor-widget-text-editor\" data-id=\"54438085\" data-element_type=\"widget\" data-e-type=\"widget\" data-widget_type=\"text-editor.default\">\n\t\t\t\t<div class=\"elementor-widget-container\">\n\t\t\t\t\t\t\t\t\t<h3>Herausragende Bewegungen und Zuchterfolge<\/h3><p>In der Bewegung zeigt sich Rania sowohl<strong> fein als auch enorm kraftvoll<\/strong>. Ihre Grundgangarten sind beeindruckend raumgreifend \u2013 eine Qualit\u00e4t, die sie zuverl\u00e4ssig an ihre Nachkommen weitergibt. Auch offiziell ist ihr Potenzial hoch dotiert: Bereits 2015 wurde sie vom ZSAA e.V. als Pr\u00e4mienfohlen mit zwei Sternen dekoriert. Kr\u00f6nender Abschluss ihrer bisherigen Laufbahn ist die Auszeichnung mit der Verbandspr\u00e4mie, was sie zu einer z\u00fcchterisch \u00e4u\u00dferst wertvollen Stute macht.<\/p>\t\t\t\t\t\t\t\t<\/div>\n\t\t\t\t<\/div>\n\t\t\t\t<div class=\"elementor-element elementor-element-6b07aaa6 elementor-widget elementor-widget-text-editor\" data-id=\"6b07aaa6\" data-element_type=\"widget\" data-e-type=\"widget\" data-widget_type=\"text-editor.default\">\n\t\t\t\t<div class=\"elementor-widget-container\">\n\t\t\t\t\t\t\t\t\t<h3>Vielseitigkeit f\u00fcr Zucht und Freizeit<\/h3><p>Obwohl ihr Schwerpunkt in der Zucht liegt, eignet sich Rania durch ihr feines Wesen ebenso hervorragend als edles Freizeitpferd. F\u00fcr Z\u00fcchter bietet sich aktuell eine besondere Chance: Auf Wunsch kann die Stute auch tragend erworben werden, sodass du dir direkt die n\u00e4chste Generation dieser erstklassigen Linie sichern kannst. Mit Rania entscheidest du dich f\u00fcr eine typvolle Araberstute, die <strong>Eleganz und Leistungsbereitschaft<\/strong> perfekt vereint.<\/p>\t\t\t\t\t\t\t\t<\/div>\n\t\t\t\t<\/div>\n\t\t\t\t\t<\/div>\n\t\t<\/div>\n\t\t\t\t\t<\/div>\n\t\t<\/section>\n\t\t\t\t<section data-particle_enable=\"false\" data-particle-mobile-disabled=\"false\" class=\"penci-section penci-disSticky penci-structure-10 elementor-section elementor-top-section elementor-element elementor-element-601d5774 elementor-section-full_width elementor-section-height-default elementor-section-height-default\" data-id=\"601d5774\" data-element_type=\"section\" data-e-type=\"section\">\n\t\t\t\t\t\t<div class=\"elementor-container elementor-column-gap-default\">\n\t\t\t\t\t<div class=\"penci-ercol-100 penci-ercol-order-1 penci-sticky-ct    elementor-column elementor-col-100 elementor-top-column elementor-element elementor-element-48cc8752\" data-id=\"48cc8752\" data-element_type=\"column\" data-e-type=\"column\">\n\t\t\t<div class=\"elementor-widget-wrap elementor-element-populated\">\n\t\t\t\t\t\t<div class=\"elementor-element elementor-element-321352cd elementor-widget__width-auto elementor-widget elementor-widget-text-editor\" data-id=\"321352cd\" data-element_type=\"widget\" data-e-type=\"widget\" data-widget_type=\"text-editor.default\">\n\t\t\t\t<div class=\"elementor-widget-container\">\n\t\t\t\t\t\t\t\t\t<p>Platz 2<\/p>\t\t\t\t\t\t\t\t<\/div>\n\t\t\t\t<\/div>\n\t\t\t\t<div class=\"elementor-element elementor-element-47fadf5b elementor-widget elementor-widget-text-editor\" data-id=\"47fadf5b\" data-element_type=\"widget\" data-e-type=\"widget\" data-widget_type=\"text-editor.default\">\n\t\t\t\t<div class=\"elementor-widget-container\">\n\t\t\t\t\t\t\t\t\t<h2>Exotischer Schimmelwallach mit gro\u00dfem Potenzial<\/h2><p>Suchst du einen Partner, der durch Anmut und ein freundliches Wesen \u00fcberzeugt? Abidan El Mujid, liebevoll Adam genannt, ist ein vierj\u00e4hriger \u00e4gyptischer Araber, der optisch und charakterlich keine W\u00fcnsche offen l\u00e4sst. Als exotisch sch\u00f6ner Schimmel mit einem gesch\u00e4tzten Endma\u00df von 155 cm besticht er durch einen hervorragenden K\u00f6rperbau, ein stabiles Fundament und beeindruckende Spitzenbewegungen. Seine exzellente Abstammung bildet die Basis f\u00fcr eine<strong> vielversprechende Zukunft<\/strong>, ganz gleich, ob du einen Begleiter f\u00fcr den Sport oder die gehobene Freizeitgestaltung suchst.<\/p>\t\t\t\t\t\t\t\t<\/div>\n\t\t\t\t<\/div>\n\t\t\t\t<div class=\"elementor-element elementor-element-239915e5 elementor-arrows-position-inside elementor-pagination-position-outside elementor-widget elementor-widget-image-carousel\" data-id=\"239915e5\" data-element_type=\"widget\" data-e-type=\"widget\" data-settings=\"{&quot;navigation&quot;:&quot;both&quot;,&quot;infinite&quot;:&quot;yes&quot;,&quot;speed&quot;:500,&quot;image_spacing_custom&quot;:{&quot;unit&quot;:&quot;px&quot;,&quot;size&quot;:20,&quot;sizes&quot;:[]},&quot;image_spacing_custom_tablet&quot;:{&quot;unit&quot;:&quot;px&quot;,&quot;size&quot;:&quot;&quot;,&quot;sizes&quot;:[]},&quot;image_spacing_custom_mobile&quot;:{&quot;unit&quot;:&quot;px&quot;,&quot;size&quot;:&quot;&quot;,&quot;sizes&quot;:[]}}\" data-widget_type=\"image-carousel.default\">\n\t\t\t\t<div class=\"elementor-widget-container\">\n\t\t\t\t\t\t\t<div class=\"elementor-image-carousel-wrapper swiper\" role=\"region\" aria-roledescription=\"carousel\" aria-label=\"Bild Karussell\" dir=\"ltr\">\n\t\t\t<div class=\"elementor-image-carousel swiper-wrapper\" aria-live=\"polite\">\n\t\t\t\t\t\t\t\t<div class=\"swiper-slide\" role=\"group\" aria-roledescription=\"slide\" aria-label=\"1 von 3\"><figure class=\"swiper-slide-inner\"><img decoding=\"async\" class=\"swiper-slide-image\" src=\"https:\/\/www.ehorses.de\/magazin\/wp-content\/uploads\/Pferde-der-Woche-Bilder-im-Artikel-6.webp\" alt=\"Ein eleganter Schimmel (Araber) galoppiert mit hoch erhobenem Schweif \u00fcber eine gr\u00fcne Wiese. Die M\u00e4hne und der helle Schweif wehen in der Bewegung. Im Hintergrund ist eine schlichte, ockerfarbene Wand zu sehen.\" \/><\/figure><\/div><div class=\"swiper-slide\" role=\"group\" aria-roledescription=\"slide\" aria-label=\"2 von 3\"><figure class=\"swiper-slide-inner\"><img decoding=\"async\" class=\"swiper-slide-image\" src=\"https:\/\/www.ehorses.de\/magazin\/wp-content\/uploads\/Pferde-der-Woche-Bilder-im-Artikel-7.webp\" alt=\"Ein Schimmel steht aufmerksam in einer Vorf\u00fchrpose auf einem gepflasterten Hof. Das Pferd h\u00e4lt den Hals hoch aufgerichtet. Im Hintergrund befindet sich eine gelbe Hauswand mit kleinen Fenstern, blauen Fensterl\u00e4den und bl\u00fchenden rosa Hortensien in T\u00f6pfen.\" \/><\/figure><\/div><div class=\"swiper-slide\" role=\"group\" aria-roledescription=\"slide\" aria-label=\"3 von 3\"><figure class=\"swiper-slide-inner\"><img decoding=\"async\" class=\"swiper-slide-image\" src=\"https:\/\/www.ehorses.de\/magazin\/wp-content\/uploads\/Pferde-der-Woche-Bilder-im-Artikel-8.webp\" alt=\"Eine Reiterin in einem gr\u00fcnen Poloshirt und Reithelm reitet den Schimmel auf einem Sandplatz. Im Hintergrund ist ein wei\u00dfes Werbebanner mit der Aufschrift \u201eGoschenhof Arabians\u201c am Zaun befestigt. Hinter dem Reitplatz sind B\u00e4ume und eine Palme zu erkennen.\" \/><\/figure><\/div>\t\t\t<\/div>\n\t\t\t\t\t\t\t\t\t\t\t\t<div class=\"elementor-swiper-button elementor-swiper-button-prev\" role=\"button\" tabindex=\"0\">\n\t\t\t\t\t\t<i aria-hidden=\"true\" class=\"eicon-chevron-left\"><\/i>\t\t\t\t\t<\/div>\n\t\t\t\t\t<div class=\"elementor-swiper-button elementor-swiper-button-next\" role=\"button\" tabindex=\"0\">\n\t\t\t\t\t\t<i aria-hidden=\"true\" class=\"eicon-chevron-right\"><\/i>\t\t\t\t\t<\/div>\n\t\t\t\t\n\t\t\t\t\t\t\t\t\t<div class=\"swiper-pagination\"><\/div>\n\t\t\t\t\t\t\t\t\t<\/div>\n\t\t\t\t\t\t<\/div>\n\t\t\t\t<\/div>\n\t\t\t\t\t<\/div>\n\t\t<\/div>\n\t\t\t\t\t<\/div>\n\t\t<\/section>\n\t\t\t\t<section data-particle_enable=\"false\" data-particle-mobile-disabled=\"false\" class=\"penci-section penci-disSticky penci-structure-22 elementor-section elementor-top-section elementor-element elementor-element-610d6464 elementor-section-boxed elementor-section-height-default elementor-section-height-default\" data-id=\"610d6464\" data-element_type=\"section\" data-e-type=\"section\">\n\t\t\t\t\t\t<div class=\"elementor-container elementor-column-gap-default\">\n\t\t\t\t\t<div class=\"penci-ercol-66 penci-ercol-order-1 penci-sticky-ct    elementor-column elementor-col-66 elementor-top-column elementor-element elementor-element-7e0a122f\" data-id=\"7e0a122f\" data-element_type=\"column\" data-e-type=\"column\">\n\t\t\t<div class=\"elementor-widget-wrap elementor-element-populated\">\n\t\t\t\t\t\t<div class=\"elementor-element elementor-element-5c7cb513 elementor-widget elementor-widget-text-editor\" data-id=\"5c7cb513\" data-element_type=\"widget\" data-e-type=\"widget\" data-widget_type=\"text-editor.default\">\n\t\t\t\t<div class=\"elementor-widget-container\">\n\t\t\t\t\t\t\t\t\t<p><strong>Du m\u00f6chtest mehr Infos zu Adam haben? \ud83d\udc34<\/strong><\/p>\t\t\t\t\t\t\t\t<\/div>\n\t\t\t\t<\/div>\n\t\t\t\t\t<\/div>\n\t\t<\/div>\n\t\t\t\t<div class=\"penci-ercol-33 penci-ercol-order-2 penci-sticky-sb penci-sidebarSC   elementor-column elementor-col-33 elementor-top-column elementor-element elementor-element-2a5b9246\" data-id=\"2a5b9246\" data-element_type=\"column\" data-e-type=\"column\">\n\t\t\t<div class=\"elementor-widget-wrap elementor-element-populated\">\n\t\t\t\t\t\t<div class=\"elementor-element elementor-element-77e94af0 elementor-widget elementor-widget-penci-button\" data-id=\"77e94af0\" data-element_type=\"widget\" data-e-type=\"widget\" data-widget_type=\"penci-button.default\">\n\t\t\t\t<div class=\"elementor-widget-container\">\n\t\t\t\t\t\t\t<div class=\"pcbtn-wrapper pcbtn-align-right pcbtn-malign-left\">\n\t\t\t<a class=\"pcbtn pcbtn-icon-left\" \n\t\t\t\t\t\t\t\t\t\t\t\thref=\"https:\/\/www.ehorses.de\/aegyptischer-araber-wallach-4jahre-155-cm-schimmel-freizeitpferd-distanzpferd-westernpferd-wassertruedingen\/4577371.html\" id=\"referral-magazin\">\n\t\t\t\t<span class=\"pcbtn-wrapperin\">\n\t\t\t\t\t<span class=\"pcbtn-content\">\n\t\t\t\t\t\t\t\t\t\tPferd anzeigen\t\t\t<\/span>\n\t\t\t\t\t\t\t\t\t<\/span>\n\t\t\t<\/a>\n\t\t<\/div>\n\t\t\t\t\t\t<\/div>\n\t\t\t\t<\/div>\n\t\t\t\t\t<\/div>\n\t\t<\/div>\n\t\t\t\t\t<\/div>\n\t\t<\/section>\n\t\t\t\t<section data-particle_enable=\"false\" data-particle-mobile-disabled=\"false\" class=\"penci-section penci-disSticky penci-structure-10 elementor-section elementor-top-section elementor-element elementor-element-398fbc81 elementor-section-full_width elementor-section-height-default elementor-section-height-default\" data-id=\"398fbc81\" data-element_type=\"section\" data-e-type=\"section\">\n\t\t\t\t\t\t<div class=\"elementor-container elementor-column-gap-default\">\n\t\t\t\t\t<div class=\"penci-ercol-100 penci-ercol-order-1 penci-sticky-ct    elementor-column elementor-col-100 elementor-top-column elementor-element elementor-element-707a0e35\" data-id=\"707a0e35\" data-element_type=\"column\" data-e-type=\"column\">\n\t\t\t<div class=\"elementor-widget-wrap elementor-element-populated\">\n\t\t\t\t\t\t<div class=\"elementor-element elementor-element-492d1267 elementor-widget elementor-widget-text-editor\" data-id=\"492d1267\" data-element_type=\"widget\" data-e-type=\"widget\" data-widget_type=\"text-editor.default\">\n\t\t\t\t<div class=\"elementor-widget-container\">\n\t\t\t\t\t\t\t\t\t<h3>Lernwilliger Charakter und erste Ausbildungsschritte<\/h3><p>Adam zeichnet sich durch seine extrem menschenbezogene Art aus. Er ist neugierig, lernwillig und zeigt sich im t\u00e4glichen Umgang stets aufgeschlossen. Da er im Herdenverbund aufw\u00e4chst, verf\u00fcgt er \u00fcber ein gesundes Sozialverhalten und eine altersentsprechende Erziehung. Beim Anreiten hat er bereits bewiesen, welches Potenzial in ihm steckt: Er pr\u00e4sentiert sich in den Grundgangarten sehr kooperativ und verspricht, ein absolut <strong>zuverl\u00e4ssiger Partner<\/strong> zu werden, der mit dir durch dick und d\u00fcnn geht.<\/p>\t\t\t\t\t\t\t\t<\/div>\n\t\t\t\t<\/div>\n\t\t\t\t<div class=\"elementor-element elementor-element-7d1c74a3 elementor-widget elementor-widget-text-editor\" data-id=\"7d1c74a3\" data-element_type=\"widget\" data-e-type=\"widget\" data-widget_type=\"text-editor.default\">\n\t\t\t\t<div class=\"elementor-widget-container\">\n\t\t\t\t\t\t\t\t\t<h3>Vielseitigkeit f\u00fcr Sport und Freizeit<\/h3><p>Dank seiner Bewegungsqualit\u00e4t und seiner Arbeitseinstellung stehen diesem jungen Wallach viele Wege offen. Neben der klassischen Freizeitgestaltung bringt er beste Voraussetzungen f\u00fcr Disziplinen wie Distanzreiten oder Western Riding mit. Wenn du auf der Suche nach einem <strong>treuen und anmutigen Vollbl\u00fcter<\/strong> bist, den du selbst weiter formen kannst, ist dieser junge Araber genau die richtige Wahl f\u00fcr dich. Er wartet nur darauf, gemeinsam mit dir neue Wege zu erkunden und sein volles Talent zu entfalten.<\/p>\t\t\t\t\t\t\t\t<\/div>\n\t\t\t\t<\/div>\n\t\t\t\t\t<\/div>\n\t\t<\/div>\n\t\t\t\t\t<\/div>\n\t\t<\/section>\n\t\t\t\t<section data-particle_enable=\"false\" data-particle-mobile-disabled=\"false\" class=\"penci-section penci-disSticky penci-structure-10 elementor-section elementor-top-section elementor-element elementor-element-663e698e elementor-section-full_width elementor-section-height-default elementor-section-height-default\" data-id=\"663e698e\" data-element_type=\"section\" data-e-type=\"section\">\n\t\t\t\t\t\t<div class=\"elementor-container elementor-column-gap-default\">\n\t\t\t\t\t<div class=\"penci-ercol-100 penci-ercol-order-1 penci-sticky-ct    elementor-column elementor-col-100 elementor-top-column elementor-element elementor-element-7271f238\" data-id=\"7271f238\" data-element_type=\"column\" data-e-type=\"column\">\n\t\t\t<div class=\"elementor-widget-wrap elementor-element-populated\">\n\t\t\t\t\t\t<div class=\"elementor-element elementor-element-7782cdc3 elementor-widget__width-auto elementor-widget elementor-widget-text-editor\" data-id=\"7782cdc3\" data-element_type=\"widget\" data-e-type=\"widget\" data-widget_type=\"text-editor.default\">\n\t\t\t\t<div class=\"elementor-widget-container\">\n\t\t\t\t\t\t\t\t\t<p>Platz 3<\/p>\t\t\t\t\t\t\t\t<\/div>\n\t\t\t\t<\/div>\n\t\t\t\t<div class=\"elementor-element elementor-element-4b0a0c33 elementor-widget elementor-widget-text-editor\" data-id=\"4b0a0c33\" data-element_type=\"widget\" data-e-type=\"widget\" data-widget_type=\"text-editor.default\">\n\t\t\t\t<div class=\"elementor-widget-container\">\n\t\t\t\t\t\t\t\t\t<h2>Idilica: Deine gel\u00e4ndesichere Hispano-Araber-Stute f\u00fcr Freizeit und Sport<\/h2><p>Bist du auf der Suche nach einer zuverl\u00e4ssigen Partnerin, die mit dir durch dick und d\u00fcnn geht? Die siebenj\u00e4hrige Schimmelstute Idilica ist ein echter Allrounder und bringt alles mit, was man sich von einer vielseitigen Freizeitbegleiterin w\u00fcnscht. Mit einem Stockma\u00df von 153 cm deckt die Hispano-Araber-Stute hervorragend ab und \u00fcberzeugt durch ihren neugierigen, intelligenten und zugleich geduldigen Charakter. Ihre Gelassenheit macht sie zu einem <strong>idealen Familienmitglied<\/strong> f\u00fcr Reiter, die Wert auf ein ehrliches und lernwilliges Pferd legen.<\/p>\t\t\t\t\t\t\t\t<\/div>\n\t\t\t\t<\/div>\n\t\t\t\t<div class=\"elementor-element elementor-element-2566a9e7 elementor-arrows-position-inside elementor-pagination-position-outside elementor-widget elementor-widget-image-carousel\" data-id=\"2566a9e7\" data-element_type=\"widget\" data-e-type=\"widget\" data-settings=\"{&quot;navigation&quot;:&quot;both&quot;,&quot;infinite&quot;:&quot;yes&quot;,&quot;speed&quot;:500,&quot;image_spacing_custom&quot;:{&quot;unit&quot;:&quot;px&quot;,&quot;size&quot;:20,&quot;sizes&quot;:[]},&quot;image_spacing_custom_tablet&quot;:{&quot;unit&quot;:&quot;px&quot;,&quot;size&quot;:&quot;&quot;,&quot;sizes&quot;:[]},&quot;image_spacing_custom_mobile&quot;:{&quot;unit&quot;:&quot;px&quot;,&quot;size&quot;:&quot;&quot;,&quot;sizes&quot;:[]}}\" data-widget_type=\"image-carousel.default\">\n\t\t\t\t<div class=\"elementor-widget-container\">\n\t\t\t\t\t\t\t<div class=\"elementor-image-carousel-wrapper swiper\" role=\"region\" aria-roledescription=\"carousel\" aria-label=\"Bild Karussell\" dir=\"ltr\">\n\t\t\t<div class=\"elementor-image-carousel swiper-wrapper\" aria-live=\"polite\">\n\t\t\t\t\t\t\t\t<div class=\"swiper-slide\" role=\"group\" aria-roledescription=\"slide\" aria-label=\"1 von 3\"><figure class=\"swiper-slide-inner\"><img decoding=\"async\" class=\"swiper-slide-image\" src=\"https:\/\/www.ehorses.de\/magazin\/wp-content\/uploads\/Pferde-der-Woche-Bilder-im-Artikel-9.webp\" alt=\"Ein Seitenprofil-Foto des Apfelschimmel-Pferdes, das ruhig auf einem Sandpaddock steht. Es tr\u00e4gt ein Lederhalfter mit einer F\u00fchrleine. Die Muskulatur und die dunkleren Flecken auf dem hellen Fell sind gut sichtbar. Im Hintergrund erstreckt sich ein gr\u00fcner Reitplatz mit einer Hecke und unscharfen B\u00e4umen im Sonnenlicht.\" \/><\/figure><\/div><div class=\"swiper-slide\" role=\"group\" aria-roledescription=\"slide\" aria-label=\"2 von 3\"><figure class=\"swiper-slide-inner\"><img decoding=\"async\" class=\"swiper-slide-image\" src=\"https:\/\/www.ehorses.de\/magazin\/wp-content\/uploads\/Pferde-der-Woche-Bilder-im-Artikel-10.webp\" alt=\"Der Reiter in dunkelblauer Jacke und blauen Reithosen reitet das Apfelschimmel-Pferd im Galopp nach rechts auf einem Sand-Dressurplatz. Das Pferd ist mit einem Dressursattel, einer dunkelgrauen Schabracke und einer Trense ausgestattet und geht am Z\u00fcgel. Der Hintergrund ist eine gr\u00fcne Hecke.\" \/><\/figure><\/div><div class=\"swiper-slide\" role=\"group\" aria-roledescription=\"slide\" aria-label=\"3 von 3\"><figure class=\"swiper-slide-inner\"><img decoding=\"async\" class=\"swiper-slide-image\" src=\"https:\/\/www.ehorses.de\/magazin\/wp-content\/uploads\/Pferde-der-Woche-Bilder-im-Artikel-11.webp\" alt=\"Das Apfelschimmel-Pferd mit demselben Reiter galoppiert nach links auf dem Sandplatz, was die rechte Galopphand zeigt. Die Ausr\u00fcstung ist identisch: Dressursattel, dunkelgraue Schabracke und Trense. Der Hintergrund besteht aus einer gr\u00fcnen Hecke vor unscharfen B\u00e4umen.\" \/><\/figure><\/div>\t\t\t<\/div>\n\t\t\t\t\t\t\t\t\t\t\t\t<div class=\"elementor-swiper-button elementor-swiper-button-prev\" role=\"button\" tabindex=\"0\">\n\t\t\t\t\t\t<i aria-hidden=\"true\" class=\"eicon-chevron-left\"><\/i>\t\t\t\t\t<\/div>\n\t\t\t\t\t<div class=\"elementor-swiper-button elementor-swiper-button-next\" role=\"button\" tabindex=\"0\">\n\t\t\t\t\t\t<i aria-hidden=\"true\" class=\"eicon-chevron-right\"><\/i>\t\t\t\t\t<\/div>\n\t\t\t\t\n\t\t\t\t\t\t\t\t\t<div class=\"swiper-pagination\"><\/div>\n\t\t\t\t\t\t\t\t\t<\/div>\n\t\t\t\t\t\t<\/div>\n\t\t\t\t<\/div>\n\t\t\t\t\t<\/div>\n\t\t<\/div>\n\t\t\t\t\t<\/div>\n\t\t<\/section>\n\t\t\t\t<section data-particle_enable=\"false\" data-particle-mobile-disabled=\"false\" class=\"penci-section penci-disSticky penci-structure-22 elementor-section elementor-top-section elementor-element elementor-element-108597e7 elementor-section-boxed elementor-section-height-default elementor-section-height-default\" data-id=\"108597e7\" data-element_type=\"section\" data-e-type=\"section\">\n\t\t\t\t\t\t<div class=\"elementor-container elementor-column-gap-default\">\n\t\t\t\t\t<div class=\"penci-ercol-66 penci-ercol-order-1 penci-sticky-ct    elementor-column elementor-col-66 elementor-top-column elementor-element elementor-element-7dd7a7b6\" data-id=\"7dd7a7b6\" data-element_type=\"column\" data-e-type=\"column\">\n\t\t\t<div class=\"elementor-widget-wrap elementor-element-populated\">\n\t\t\t\t\t\t<div class=\"elementor-element elementor-element-16562c5b elementor-widget elementor-widget-text-editor\" data-id=\"16562c5b\" data-element_type=\"widget\" data-e-type=\"widget\" data-widget_type=\"text-editor.default\">\n\t\t\t\t<div class=\"elementor-widget-container\">\n\t\t\t\t\t\t\t\t\t<p><strong>Du m\u00f6chtest mehr Infos zu Idilica haben? \ud83d\udc34<\/strong><\/p>\t\t\t\t\t\t\t\t<\/div>\n\t\t\t\t<\/div>\n\t\t\t\t\t<\/div>\n\t\t<\/div>\n\t\t\t\t<div class=\"penci-ercol-33 penci-ercol-order-2 penci-sticky-sb penci-sidebarSC   elementor-column elementor-col-33 elementor-top-column elementor-element elementor-element-3c2bd743\" data-id=\"3c2bd743\" data-element_type=\"column\" data-e-type=\"column\">\n\t\t\t<div class=\"elementor-widget-wrap elementor-element-populated\">\n\t\t\t\t\t\t<div class=\"elementor-element elementor-element-21fb3e13 elementor-widget elementor-widget-penci-button\" data-id=\"21fb3e13\" data-element_type=\"widget\" data-e-type=\"widget\" data-widget_type=\"penci-button.default\">\n\t\t\t\t<div class=\"elementor-widget-container\">\n\t\t\t\t\t\t\t<div class=\"pcbtn-wrapper pcbtn-align-right pcbtn-malign-left\">\n\t\t\t<a class=\"pcbtn pcbtn-icon-left\" \n\t\t\t\t\t\t\t\t\t\t\t\thref=\"https:\/\/www.ehorses.de\/hispano-araber-stute-7jahre-153-cm-schimmel-freizeitpferd-distanzpferd-springpferd-dressurpferd-neustadt-wied\/4812166.html\" id=\"referral-magazin\">\n\t\t\t\t<span class=\"pcbtn-wrapperin\">\n\t\t\t\t\t<span class=\"pcbtn-content\">\n\t\t\t\t\t\t\t\t\t\tPferd anzeigen\t\t\t<\/span>\n\t\t\t\t\t\t\t\t\t<\/span>\n\t\t\t<\/a>\n\t\t<\/div>\n\t\t\t\t\t\t<\/div>\n\t\t\t\t<\/div>\n\t\t\t\t\t<\/div>\n\t\t<\/div>\n\t\t\t\t\t<\/div>\n\t\t<\/section>\n\t\t\t\t<section data-particle_enable=\"false\" data-particle-mobile-disabled=\"false\" class=\"penci-section penci-disSticky penci-structure-10 elementor-section elementor-top-section elementor-element elementor-element-101c6c05 elementor-section-full_width elementor-section-height-default elementor-section-height-default\" data-id=\"101c6c05\" data-element_type=\"section\" data-e-type=\"section\">\n\t\t\t\t\t\t<div class=\"elementor-container elementor-column-gap-default\">\n\t\t\t\t\t<div class=\"penci-ercol-100 penci-ercol-order-1 penci-sticky-ct    elementor-column elementor-col-100 elementor-top-column elementor-element elementor-element-1b793ace\" data-id=\"1b793ace\" data-element_type=\"column\" data-e-type=\"column\">\n\t\t\t<div class=\"elementor-widget-wrap elementor-element-populated\">\n\t\t\t\t\t\t<div class=\"elementor-element elementor-element-341d71cb elementor-widget elementor-widget-text-editor\" data-id=\"341d71cb\" data-element_type=\"widget\" data-e-type=\"widget\" data-widget_type=\"text-editor.default\">\n\t\t\t\t<div class=\"elementor-widget-container\">\n\t\t\t\t\t\t\t\t\t<h3>Nervenst\u00e4rke und Vielseitigkeit im Fokus<\/h3><p>Egal ob Dressur, Springen, Working Equitation oder Distanzreiten\u00a0 Idilica zeigt sich in allen Bereichen arbeitsfreudig und ist zudem sehr sitzbequem. Besonders hervorzuheben ist ihre <strong>Routine im Gel\u00e4nde<\/strong>. Sie gilt als absolut nervenstark, zuverl\u00e4ssig und unerschrocken, ganz gleich, ob du alleine die Natur erkundest oder in der Gruppe unterwegs bist. Damit ist sie die perfekte Begleiterin f\u00fcr entspannte Ausritte oder anspruchsvolles Wanderreiten.<\/p>\t\t\t\t\t\t\t\t<\/div>\n\t\t\t\t<\/div>\n\t\t\t\t<div class=\"elementor-element elementor-element-41a40433 elementor-widget elementor-widget-text-editor\" data-id=\"41a40433\" data-element_type=\"widget\" data-e-type=\"widget\" data-widget_type=\"text-editor.default\">\n\t\t\t\t<div class=\"elementor-widget-container\">\n\t\t\t\t\t\t\t\t\t<h3>Unkompliziertes Handling und beste Gesundheit<\/h3><p>Idilica ist nicht nur unter dem Sattel eine Freude, sondern auch im t\u00e4glichen Umgang vollkommen unkompliziert. Sie ist schmiede- und verladefromm, herdenvertr\u00e4glich und zeigt sich als Barhuferin sehr robust. Die Stute ist ekzemfrei, regelm\u00e4\u00dfig geimpft, entwurmt sowie osteopathisch behandelt. Aktuell lebt sie in einer kombinierten Haltung aus Box und Offenstall. Falls du Idilica pers\u00f6nlich kennenlernen m\u00f6chtest, ist ein ausf\u00fchrliches Kennenlernen inklusive Probereiten im Gel\u00e4nde oder in der Halle m\u00f6glich, um sicherzustellen, dass ihr beide perfekt zusammenpasst.<\/p>\t\t\t\t\t\t\t\t<\/div>\n\t\t\t\t<\/div>\n\t\t\t\t\t<\/div>\n\t\t<\/div>\n\t\t\t\t\t<\/div>\n\t\t<\/section>\n\t\t\t\t<\/div>\n\t\t","protected":false},"author":129,"featured_media":91031,"template":"","class_list":["post-91014","pferde-der-woche","type-pferde-der-woche","status-publish","has-post-thumbnail","hentry"],"_oembed_6e2261a90c0f61b3f6e5cbf5248ae69a":null,"_oembed_d83ed97665bbfe5cbf2a5acd0571bfe8":null,"_oembed_879340bd3c064234a240bcda2f369c23":null,"_oembed_519616b8842fb308e7a3039c04f55a79":null,"yoast_head":"<!-- This site is optimized with the Yoast SEO plugin v27.4 - https:\/\/yoast.com\/product\/yoast-seo-wordpress\/ -->\n<title>Araber-Pferde der Woche: Von der Pr\u00e4mienstute zum Gel\u00e4ndeprofi<\/title>\n<meta name=\"description\" content=\"Entdecke vom nervenstarken Gel\u00e4ndeprofi bis zur hochpr\u00e4mierten Zuchtstute unsere aktuellen Highlights. \u25ba Erfahre jetzt mehr!\" \/>\n<meta name=\"robots\" content=\"index, follow, max-snippet:-1, max-image-preview:large, max-video-preview:-1\" \/>\n<link rel=\"canonical\" href=\"https:\/\/www.ehorses.de\/magazin\/pferde-der-woche\/araber-der-woche-280426\/\" \/>\n<meta property=\"og:locale\" content=\"de_DE\" \/>\n<meta property=\"og:type\" content=\"article\" \/>\n<meta property=\"og:title\" content=\"Araber-Pferde der Woche: Von der Pr\u00e4mienstute zum Gel\u00e4ndeprofi\" \/>\n<meta property=\"og:description\" content=\"Entdecke vom nervenstarken Gel\u00e4ndeprofi bis zur hochpr\u00e4mierten Zuchtstute unsere aktuellen Highlights. \u25ba Erfahre jetzt mehr!\" \/>\n<meta property=\"og:url\" content=\"https:\/\/www.ehorses.de\/magazin\/pferde-der-woche\/araber-der-woche-280426\/\" \/>\n<meta property=\"og:site_name\" content=\"ehorses Magazin\" \/>\n<meta property=\"article:modified_time\" content=\"2026-04-28T06:35:17+00:00\" \/>\n<meta property=\"og:image\" content=\"https:\/\/www.ehorses.de\/magazin\/wp-content\/uploads\/Beitragsbild-von-pferde-der-woche-1.webp\" \/>\n\t<meta property=\"og:image:width\" content=\"1200\" \/>\n\t<meta property=\"og:image:height\" content=\"800\" \/>\n\t<meta property=\"og:image:type\" content=\"image\/webp\" \/>\n<meta name=\"twitter:card\" content=\"summary_large_image\" \/>\n<meta name=\"twitter:label1\" content=\"Gesch\u00e4tzte Lesezeit\" \/>\n\t<meta name=\"twitter:data1\" content=\"7\u00a0Minuten\" \/>\n<script type=\"application\/ld+json\" class=\"yoast-schema-graph\">{\"@context\":\"https:\\\/\\\/schema.org\",\"@graph\":[{\"@type\":\"WebPage\",\"@id\":\"https:\\\/\\\/www.ehorses.de\\\/magazin\\\/pferde-der-woche\\\/araber-der-woche-280426\\\/\",\"url\":\"https:\\\/\\\/www.ehorses.de\\\/magazin\\\/pferde-der-woche\\\/araber-der-woche-280426\\\/\",\"name\":\"Araber-Pferde der Woche: Von der Pr\u00e4mienstute zum Gel\u00e4ndeprofi\",\"isPartOf\":{\"@id\":\"https:\\\/\\\/www.ehorses.de\\\/magazin\\\/#website\"},\"primaryImageOfPage\":{\"@id\":\"https:\\\/\\\/www.ehorses.de\\\/magazin\\\/pferde-der-woche\\\/araber-der-woche-280426\\\/#primaryimage\"},\"image\":{\"@id\":\"https:\\\/\\\/www.ehorses.de\\\/magazin\\\/pferde-der-woche\\\/araber-der-woche-280426\\\/#primaryimage\"},\"thumbnailUrl\":\"https:\\\/\\\/www.ehorses.de\\\/magazin\\\/wp-content\\\/uploads\\\/Beitragsbild-von-pferde-der-woche-1.webp\",\"datePublished\":\"2026-04-28T06:35:16+00:00\",\"dateModified\":\"2026-04-28T06:35:17+00:00\",\"description\":\"Entdecke vom nervenstarken Gel\u00e4ndeprofi bis zur hochpr\u00e4mierten Zuchtstute unsere aktuellen Highlights. \u25ba Erfahre jetzt mehr!\",\"breadcrumb\":{\"@id\":\"https:\\\/\\\/www.ehorses.de\\\/magazin\\\/pferde-der-woche\\\/araber-der-woche-280426\\\/#breadcrumb\"},\"inLanguage\":\"de\",\"potentialAction\":[{\"@type\":\"ReadAction\",\"target\":[\"https:\\\/\\\/www.ehorses.de\\\/magazin\\\/pferde-der-woche\\\/araber-der-woche-280426\\\/\"]}]},{\"@type\":\"ImageObject\",\"inLanguage\":\"de\",\"@id\":\"https:\\\/\\\/www.ehorses.de\\\/magazin\\\/pferde-der-woche\\\/araber-der-woche-280426\\\/#primaryimage\",\"url\":\"https:\\\/\\\/www.ehorses.de\\\/magazin\\\/wp-content\\\/uploads\\\/Beitragsbild-von-pferde-der-woche-1.webp\",\"contentUrl\":\"https:\\\/\\\/www.ehorses.de\\\/magazin\\\/wp-content\\\/uploads\\\/Beitragsbild-von-pferde-der-woche-1.webp\",\"width\":1200,\"height\":800,\"caption\":\"Ein dynamisches Foto eines braunen Pferdes, das in einer Seitenansicht nach links \u00fcber eine gr\u00fcne Wiese mit hohem Gras und Unkraut trabt. Sein schwarzer Schweif ist hoch erhoben, und die schwarze M\u00e4hne weht leicht im Wind. Im Vordergrund sind ein Holzpfahl und ein Elektrozaunband zu sehen. Der Hintergrund zeigt einen Reitstall mit Holzgeb\u00e4uden und Metallkoppeln unter hellem Sonnenlicht. Oben rechts ist ein Wasserzeichen zu erkennen.\"},{\"@type\":\"BreadcrumbList\",\"@id\":\"https:\\\/\\\/www.ehorses.de\\\/magazin\\\/pferde-der-woche\\\/araber-der-woche-280426\\\/#breadcrumb\",\"itemListElement\":[{\"@type\":\"ListItem\",\"position\":1,\"name\":\"Startseite\",\"item\":\"https:\\\/\\\/www.ehorses.de\\\/magazin\\\/\"},{\"@type\":\"ListItem\",\"position\":2,\"name\":\"Araber-Pferde der Woche: Von der Pr\u00e4mienstute zum Gel\u00e4ndeprofi\"}]},{\"@type\":\"WebSite\",\"@id\":\"https:\\\/\\\/www.ehorses.de\\\/magazin\\\/#website\",\"url\":\"https:\\\/\\\/www.ehorses.de\\\/magazin\\\/\",\"name\":\"ehorses Magazin\",\"description\":\"\",\"potentialAction\":[{\"@type\":\"SearchAction\",\"target\":{\"@type\":\"EntryPoint\",\"urlTemplate\":\"https:\\\/\\\/www.ehorses.de\\\/magazin\\\/?s={search_term_string}\"},\"query-input\":{\"@type\":\"PropertyValueSpecification\",\"valueRequired\":true,\"valueName\":\"search_term_string\"}}],\"inLanguage\":\"de\"}]}<\/script>\n<!-- \/ Yoast SEO plugin. -->","yoast_head_json":{"title":"Araber-Pferde der Woche: Von der Pr\u00e4mienstute zum Gel\u00e4ndeprofi","description":"Entdecke vom nervenstarken Gel\u00e4ndeprofi bis zur hochpr\u00e4mierten Zuchtstute unsere aktuellen Highlights. \u25ba Erfahre jetzt mehr!","robots":{"index":"index","follow":"follow","max-snippet":"max-snippet:-1","max-image-preview":"max-image-preview:large","max-video-preview":"max-video-preview:-1"},"canonical":"https:\/\/www.ehorses.de\/magazin\/pferde-der-woche\/araber-der-woche-280426\/","og_locale":"de_DE","og_type":"article","og_title":"Araber-Pferde der Woche: Von der Pr\u00e4mienstute zum Gel\u00e4ndeprofi","og_description":"Entdecke vom nervenstarken Gel\u00e4ndeprofi bis zur hochpr\u00e4mierten Zuchtstute unsere aktuellen Highlights. \u25ba Erfahre jetzt mehr!","og_url":"https:\/\/www.ehorses.de\/magazin\/pferde-der-woche\/araber-der-woche-280426\/","og_site_name":"ehorses Magazin","article_modified_time":"2026-04-28T06:35:17+00:00","og_image":[{"width":1200,"height":800,"url":"https:\/\/www.ehorses.de\/magazin\/wp-content\/uploads\/Beitragsbild-von-pferde-der-woche-1.webp","type":"image\/webp"}],"twitter_card":"summary_large_image","twitter_misc":{"Gesch\u00e4tzte Lesezeit":"7\u00a0Minuten"},"schema":{"@context":"https:\/\/schema.org","@graph":[{"@type":"WebPage","@id":"https:\/\/www.ehorses.de\/magazin\/pferde-der-woche\/araber-der-woche-280426\/","url":"https:\/\/www.ehorses.de\/magazin\/pferde-der-woche\/araber-der-woche-280426\/","name":"Araber-Pferde der Woche: Von der Pr\u00e4mienstute zum Gel\u00e4ndeprofi","isPartOf":{"@id":"https:\/\/www.ehorses.de\/magazin\/#website"},"primaryImageOfPage":{"@id":"https:\/\/www.ehorses.de\/magazin\/pferde-der-woche\/araber-der-woche-280426\/#primaryimage"},"image":{"@id":"https:\/\/www.ehorses.de\/magazin\/pferde-der-woche\/araber-der-woche-280426\/#primaryimage"},"thumbnailUrl":"https:\/\/www.ehorses.de\/magazin\/wp-content\/uploads\/Beitragsbild-von-pferde-der-woche-1.webp","datePublished":"2026-04-28T06:35:16+00:00","dateModified":"2026-04-28T06:35:17+00:00","description":"Entdecke vom nervenstarken Gel\u00e4ndeprofi bis zur hochpr\u00e4mierten Zuchtstute unsere aktuellen Highlights. \u25ba Erfahre jetzt mehr!","breadcrumb":{"@id":"https:\/\/www.ehorses.de\/magazin\/pferde-der-woche\/araber-der-woche-280426\/#breadcrumb"},"inLanguage":"de","potentialAction":[{"@type":"ReadAction","target":["https:\/\/www.ehorses.de\/magazin\/pferde-der-woche\/araber-der-woche-280426\/"]}]},{"@type":"ImageObject","inLanguage":"de","@id":"https:\/\/www.ehorses.de\/magazin\/pferde-der-woche\/araber-der-woche-280426\/#primaryimage","url":"https:\/\/www.ehorses.de\/magazin\/wp-content\/uploads\/Beitragsbild-von-pferde-der-woche-1.webp","contentUrl":"https:\/\/www.ehorses.de\/magazin\/wp-content\/uploads\/Beitragsbild-von-pferde-der-woche-1.webp","width":1200,"height":800,"caption":"Ein dynamisches Foto eines braunen Pferdes, das in einer Seitenansicht nach links \u00fcber eine gr\u00fcne Wiese mit hohem Gras und Unkraut trabt. Sein schwarzer Schweif ist hoch erhoben, und die schwarze M\u00e4hne weht leicht im Wind. Im Vordergrund sind ein Holzpfahl und ein Elektrozaunband zu sehen. Der Hintergrund zeigt einen Reitstall mit Holzgeb\u00e4uden und Metallkoppeln unter hellem Sonnenlicht. Oben rechts ist ein Wasserzeichen zu erkennen."},{"@type":"BreadcrumbList","@id":"https:\/\/www.ehorses.de\/magazin\/pferde-der-woche\/araber-der-woche-280426\/#breadcrumb","itemListElement":[{"@type":"ListItem","position":1,"name":"Startseite","item":"https:\/\/www.ehorses.de\/magazin\/"},{"@type":"ListItem","position":2,"name":"Araber-Pferde der Woche: Von der Pr\u00e4mienstute zum Gel\u00e4ndeprofi"}]},{"@type":"WebSite","@id":"https:\/\/www.ehorses.de\/magazin\/#website","url":"https:\/\/www.ehorses.de\/magazin\/","name":"ehorses Magazin","description":"","potentialAction":[{"@type":"SearchAction","target":{"@type":"EntryPoint","urlTemplate":"https:\/\/www.ehorses.de\/magazin\/?s={search_term_string}"},"query-input":{"@type":"PropertyValueSpecification","valueRequired":true,"valueName":"search_term_string"}}],"inLanguage":"de"}]}},"_links":{"self":[{"href":"https:\/\/www.ehorses.de\/magazin\/wp-json\/wp\/v2\/pferde-der-woche\/91014","targetHints":{"allow":["GET"]}}],"collection":[{"href":"https:\/\/www.ehorses.de\/magazin\/wp-json\/wp\/v2\/pferde-der-woche"}],"about":[{"href":"https:\/\/www.ehorses.de\/magazin\/wp-json\/wp\/v2\/types\/pferde-der-woche"}],"author":[{"embeddable":true,"href":"https:\/\/www.ehorses.de\/magazin\/wp-json\/wp\/v2\/users\/129"}],"version-history":[{"count":12,"href":"https:\/\/www.ehorses.de\/magazin\/wp-json\/wp\/v2\/pferde-der-woche\/91014\/revisions"}],"predecessor-version":[{"id":91314,"href":"https:\/\/www.ehorses.de\/magazin\/wp-json\/wp\/v2\/pferde-der-woche\/91014\/revisions\/91314"}],"wp:featuredmedia":[{"embeddable":true,"href":"https:\/\/www.ehorses.de\/magazin\/wp-json\/wp\/v2\/media\/91031"}],"wp:attachment":[{"href":"https:\/\/www.ehorses.de\/magazin\/wp-json\/wp\/v2\/media?parent=91014"}],"curies":[{"name":"wp","href":"https:\/\/api.w.org\/{rel}","templated":true}]}}