{"id":91298,"date":"2026-05-03T08:00:00","date_gmt":"2026-05-03T06:00:00","guid":{"rendered":"https:\/\/www.ehorses.de\/magazin\/?post_type=pferde-der-woche&#038;p=91298"},"modified":"2026-04-28T09:21:25","modified_gmt":"2026-04-28T07:21:25","slug":"pre-der-woche-vom-030526","status":"publish","type":"pferde-der-woche","link":"https:\/\/www.ehorses.de\/magazin\/pferde-der-woche\/pre-der-woche-vom-030526\/","title":{"rendered":"PRE der Woche: Vom Youngster bis zum exklusiven Dressurtalent"},"content":{"rendered":"\t\t<div data-elementor-type=\"wp-post\" data-elementor-id=\"91298\" class=\"elementor elementor-91298\" data-elementor-post-type=\"pferde-der-woche\">\n\t\t\t\t\t\t<section data-particle_enable=\"false\" data-particle-mobile-disabled=\"false\" class=\"penci-section penci-disSticky penci-structure-10 elementor-section elementor-top-section elementor-element elementor-element-7dd07803 elementor-section-full_width elementor-section-height-default elementor-section-height-default\" data-id=\"7dd07803\" data-element_type=\"section\" data-e-type=\"section\">\n\t\t\t\t\t\t<div class=\"elementor-container elementor-column-gap-default\">\n\t\t\t\t\t<div class=\"penci-ercol-100 penci-ercol-order-1 penci-sticky-ct    elementor-column elementor-col-100 elementor-top-column elementor-element elementor-element-4aea4596\" data-id=\"4aea4596\" data-element_type=\"column\" data-e-type=\"column\">\n\t\t\t<div class=\"elementor-widget-wrap elementor-element-populated\">\n\t\t\t\t\t\t<div class=\"elementor-element elementor-element-3bebff27 elementor-widget elementor-widget-text-editor\" data-id=\"3bebff27\" data-element_type=\"widget\" data-e-type=\"widget\" data-widget_type=\"text-editor.default\">\n\t\t\t\t<div class=\"elementor-widget-container\">\n\t\t\t\t\t\t\t\t\t<p data-path-to-node=\"1\"><b data-path-to-node=\"1\" data-index-in-node=\"0\">Du suchst einen Spanier mit Charakter und Qualit\u00e4t? In dieser Woche stellen wir dir drei besondere PREs vor: Einen imposanten Sohn des Romero de Trujillo, einen eleganten Dunkelbraunen und das Nachwuchstalent Maximo LM.<\/b><\/p><p data-path-to-node=\"2\"><\/p>\t\t\t\t\t\t\t\t<\/div>\n\t\t\t\t<\/div>\n\t\t\t\t\t<\/div>\n\t\t<\/div>\n\t\t\t\t\t<\/div>\n\t\t<\/section>\n\t\t\t\t<section data-particle_enable=\"false\" data-particle-mobile-disabled=\"false\" class=\"penci-section penci-disSticky penci-structure-10 elementor-section elementor-top-section elementor-element elementor-element-46aed23a elementor-section-full_width elementor-section-height-default elementor-section-height-default\" data-id=\"46aed23a\" data-element_type=\"section\" data-e-type=\"section\">\n\t\t\t\t\t\t<div class=\"elementor-container elementor-column-gap-default\">\n\t\t\t\t\t<div class=\"penci-ercol-100 penci-ercol-order-1 penci-sticky-ct    elementor-column elementor-col-100 elementor-top-column elementor-element elementor-element-1aedcbf2\" data-id=\"1aedcbf2\" data-element_type=\"column\" data-e-type=\"column\">\n\t\t\t<div class=\"elementor-widget-wrap elementor-element-populated\">\n\t\t\t\t\t\t<div class=\"elementor-element elementor-element-dd05694 elementor-widget__width-auto elementor-widget elementor-widget-text-editor\" data-id=\"dd05694\" data-element_type=\"widget\" data-e-type=\"widget\" data-widget_type=\"text-editor.default\">\n\t\t\t\t<div class=\"elementor-widget-container\">\n\t\t\t\t\t\t\t\t\t<p>Platz 1<\/p>\t\t\t\t\t\t\t\t<\/div>\n\t\t\t\t<\/div>\n\t\t\t\t<div class=\"elementor-element elementor-element-595ae3f elementor-widget elementor-widget-text-editor\" data-id=\"595ae3f\" data-element_type=\"widget\" data-e-type=\"widget\" data-widget_type=\"text-editor.default\">\n\t\t\t\t<div class=\"elementor-widget-container\">\n\t\t\t\t\t\t\t\t\t<h2>Bilderbuch-Spanier mit au\u00dfergew\u00f6hnlicher Dynamik<\/h2>\nDu suchst das Besondere? Dieser 2021 geborene PRE-Hengst  verk\u00f6rpert den &#8220;Bilderbuch-Spanier&#8221; in Perfektion. Mit seiner barocken Silhouette, der bereits jetzt wallenden M\u00e4hne und seinem grazilen Kopf zieht er alle Blicke auf sich. Was ihn jedoch deutlich von anderen Vertretern seiner Rasse abhebt, ist seine unfassbare Bewegungsqualit\u00e4t. Er \u201efliegt\u201c f\u00f6rmlich \u00fcber den Platz, eine Leichtigkeit und Dynamik, die man bei Spaniern in dieser Form nur selten findet. Ein Rohdiamant, der optische Brillanz mit sportlichem Ausnahmetalent vereint.\t\t\t\t\t\t\t\t<\/div>\n\t\t\t\t<\/div>\n\t\t\t\t<div class=\"elementor-element elementor-element-4cc985e6 elementor-arrows-position-inside elementor-pagination-position-outside elementor-widget elementor-widget-image-carousel\" data-id=\"4cc985e6\" data-element_type=\"widget\" data-e-type=\"widget\" data-settings=\"{&quot;navigation&quot;:&quot;both&quot;,&quot;infinite&quot;:&quot;yes&quot;,&quot;speed&quot;:500,&quot;image_spacing_custom&quot;:{&quot;unit&quot;:&quot;px&quot;,&quot;size&quot;:20,&quot;sizes&quot;:[]},&quot;image_spacing_custom_tablet&quot;:{&quot;unit&quot;:&quot;px&quot;,&quot;size&quot;:&quot;&quot;,&quot;sizes&quot;:[]},&quot;image_spacing_custom_mobile&quot;:{&quot;unit&quot;:&quot;px&quot;,&quot;size&quot;:&quot;&quot;,&quot;sizes&quot;:[]}}\" data-widget_type=\"image-carousel.default\">\n\t\t\t\t<div class=\"elementor-widget-container\">\n\t\t\t\t\t\t\t<div class=\"elementor-image-carousel-wrapper swiper\" role=\"region\" aria-roledescription=\"carousel\" aria-label=\"Bild Karussell\" dir=\"ltr\">\n\t\t\t<div class=\"elementor-image-carousel swiper-wrapper\" aria-live=\"polite\">\n\t\t\t\t\t\t\t\t<div class=\"swiper-slide\" role=\"group\" aria-roledescription=\"slide\" aria-label=\"1 von 3\"><figure class=\"swiper-slide-inner\"><img decoding=\"async\" class=\"swiper-slide-image\" src=\"https:\/\/www.ehorses.de\/magazin\/wp-content\/uploads\/Pferde-der-Woche-Bilder-im-Artikel-12.webp\" alt=\"Ein kr\u00e4ftiger Apfelschimmel wird in einem Au\u00dfenreitplatz geritten. Das Pferd befindet sich in einer dynamischen Vorw\u00e4rtsbewegung, w\u00e4hrend die Reiterin in klassischer Reitkleidung (dunkles Poloshirt, graue Reithose) im Sattel sitzt. Das Pferd tr\u00e4gt englisches Zaumzeug, eine dunkelblaue Schabracke und farblich passende blaue Gamaschen an den Vorderbeinen.\" \/><\/figure><\/div><div class=\"swiper-slide\" role=\"group\" aria-roledescription=\"slide\" aria-label=\"2 von 3\"><figure class=\"swiper-slide-inner\"><img decoding=\"async\" class=\"swiper-slide-image\" src=\"https:\/\/www.ehorses.de\/magazin\/wp-content\/uploads\/Pferde-der-Woche-Bilder-im-Artikel-13.webp\" alt=\"Ein ungesattelter Apfelschimmel springt schwungvoll und energisch \u00fcber den Sand eines Reitplatzes. Die M\u00e4hne weht im Wind, und das Pferd zeigt eine kraftvolle Aufw\u00e4rtsbewegung der Vorderbeine. Es tr\u00e4gt schwarze Gamaschen und Hufglocken zum Schutz. Im Hintergrund ist eine Betonmauer und gr\u00fcne Bepflanzung zu sehen.\" \/><\/figure><\/div><div class=\"swiper-slide\" role=\"group\" aria-roledescription=\"slide\" aria-label=\"3 von 3\"><figure class=\"swiper-slide-inner\"><img decoding=\"async\" class=\"swiper-slide-image\" src=\"https:\/\/www.ehorses.de\/magazin\/wp-content\/uploads\/Pferde-der-Woche-Bilder-im-Artikel-14.webp\" alt=\"Die Seitenansicht eines stehenden Apfelschimmels im Profil. Das Bild zeigt den gesamten K\u00f6rperbau des Pferdes vor einer gr\u00fcnen Hecke. Die markante dunkle Apfelung des Fells ist deutlich erkennbar. Das Pferd tr\u00e4gt an den Vorderbeinen schwarze Schutzgamaschen und steht aufmerksam auf dem hellen Sandboden des Reitplatzes.\" \/><\/figure><\/div>\t\t\t<\/div>\n\t\t\t\t\t\t\t\t\t\t\t\t<div class=\"elementor-swiper-button elementor-swiper-button-prev\" role=\"button\" tabindex=\"0\">\n\t\t\t\t\t\t<i aria-hidden=\"true\" class=\"eicon-chevron-left\"><\/i>\t\t\t\t\t<\/div>\n\t\t\t\t\t<div class=\"elementor-swiper-button elementor-swiper-button-next\" role=\"button\" tabindex=\"0\">\n\t\t\t\t\t\t<i aria-hidden=\"true\" class=\"eicon-chevron-right\"><\/i>\t\t\t\t\t<\/div>\n\t\t\t\t\n\t\t\t\t\t\t\t\t\t<div class=\"swiper-pagination\"><\/div>\n\t\t\t\t\t\t\t\t\t<\/div>\n\t\t\t\t\t\t<\/div>\n\t\t\t\t<\/div>\n\t\t\t\t\t<\/div>\n\t\t<\/div>\n\t\t\t\t\t<\/div>\n\t\t<\/section>\n\t\t\t\t<section data-particle_enable=\"false\" data-particle-mobile-disabled=\"false\" class=\"penci-section penci-disSticky penci-structure-22 elementor-section elementor-top-section elementor-element elementor-element-2062b697 elementor-section-boxed elementor-section-height-default elementor-section-height-default\" data-id=\"2062b697\" data-element_type=\"section\" data-e-type=\"section\">\n\t\t\t\t\t\t<div class=\"elementor-container elementor-column-gap-default\">\n\t\t\t\t\t<div class=\"penci-ercol-66 penci-ercol-order-1 penci-sticky-ct    elementor-column elementor-col-66 elementor-top-column elementor-element elementor-element-73c6ae54\" data-id=\"73c6ae54\" data-element_type=\"column\" data-e-type=\"column\">\n\t\t\t<div class=\"elementor-widget-wrap elementor-element-populated\">\n\t\t\t\t\t\t<div class=\"elementor-element elementor-element-26791e7e elementor-widget elementor-widget-text-editor\" data-id=\"26791e7e\" data-element_type=\"widget\" data-e-type=\"widget\" data-widget_type=\"text-editor.default\">\n\t\t\t\t<div class=\"elementor-widget-container\">\n\t\t\t\t\t\t\t\t\t<strong>Du m\u00f6chtest mehr Infos zu dem Schimmelhengst haben? \ud83d\udc34<\/strong>\t\t\t\t\t\t\t\t<\/div>\n\t\t\t\t<\/div>\n\t\t\t\t\t<\/div>\n\t\t<\/div>\n\t\t\t\t<div class=\"penci-ercol-33 penci-ercol-order-2 penci-sticky-sb penci-sidebarSC   elementor-column elementor-col-33 elementor-top-column elementor-element elementor-element-1840bd91\" data-id=\"1840bd91\" data-element_type=\"column\" data-e-type=\"column\">\n\t\t\t<div class=\"elementor-widget-wrap elementor-element-populated\">\n\t\t\t\t\t\t<div class=\"elementor-element elementor-element-554282c1 elementor-widget elementor-widget-penci-button\" data-id=\"554282c1\" data-element_type=\"widget\" data-e-type=\"widget\" data-widget_type=\"penci-button.default\">\n\t\t\t\t<div class=\"elementor-widget-container\">\n\t\t\t\t\t\t\t<div class=\"pcbtn-wrapper pcbtn-align-right pcbtn-malign-left\">\n\t\t\t<a class=\"pcbtn pcbtn-icon-left\" \n\t\t\t\t\t\t\t\t\t\t\t\thref=\"https:\/\/www.ehorses.de\/pre-hengst-5jahre-167-cm-schimmel-dressurpferd-working-equitation-horses-zuchtpferd-freizeitpferd-mallorca\/4801159.html\" id=\"referral-magazin\">\n\t\t\t\t<span class=\"pcbtn-wrapperin\">\n\t\t\t\t\t<span class=\"pcbtn-content\">\n\t\t\t\t\t\t\t\t\t\tPferd anzeigen\t\t\t<\/span>\n\t\t\t\t\t\t\t\t\t<\/span>\n\t\t\t<\/a>\n\t\t<\/div>\n\t\t\t\t\t\t<\/div>\n\t\t\t\t<\/div>\n\t\t\t\t\t<\/div>\n\t\t<\/div>\n\t\t\t\t\t<\/div>\n\t\t<\/section>\n\t\t\t\t<section data-particle_enable=\"false\" data-particle-mobile-disabled=\"false\" class=\"penci-section penci-disSticky penci-structure-10 elementor-section elementor-top-section elementor-element elementor-element-ce176f8 elementor-section-full_width elementor-section-height-default elementor-section-height-default\" data-id=\"ce176f8\" data-element_type=\"section\" data-e-type=\"section\">\n\t\t\t\t\t\t<div class=\"elementor-container elementor-column-gap-default\">\n\t\t\t\t\t<div class=\"penci-ercol-100 penci-ercol-order-1 penci-sticky-ct    elementor-column elementor-col-100 elementor-top-column elementor-element elementor-element-e6d6daa\" data-id=\"e6d6daa\" data-element_type=\"column\" data-e-type=\"column\">\n\t\t\t<div class=\"elementor-widget-wrap elementor-element-populated\">\n\t\t\t\t\t\t<div class=\"elementor-element elementor-element-4481e665 elementor-widget elementor-widget-text-editor\" data-id=\"4481e665\" data-element_type=\"widget\" data-e-type=\"widget\" data-widget_type=\"text-editor.default\">\n\t\t\t\t<div class=\"elementor-widget-container\">\n\t\t\t\t\t\t\t\t\t<h3>Ein genetisches Juwel: Das Erbe von Romero de Trujillo<\/h3>\nDie Qualit\u00e4t dieses jungen Hengstes ist kein Zufall, sondern das Ergebnis einer erstklassigen Linienzucht. Er ist ein direkter Sohn des weltbekannten Dressur-Champions ROMERO DE TRUJILLO, der in der PRE-Zuchtwelt derzeit alle bedeutenden Titel abr\u00e4umt. Auch m\u00fctterlicherseits ist er \u00fcber den legend\u00e4ren JUDIO VII abgesichert \u2013 einen der wichtigsten und einflussreichsten Vererber der Rassegeschichte. Dank dieser hochkar\u00e4tigen Abstammung ist der Hengst bereits gek\u00f6rt und stellt somit nicht nur f\u00fcr den Dressursport, sondern auch f\u00fcr ambitionierte Z\u00fcchter eine hochinteressante Option dar.\n<h3>Entwicklung mit Verstand: Charakter und Ausbildung<\/h3>\nDer junge Schimmelhengst genie\u00dft eine erstklassige Aufzucht. Damit er gesund und schonend wachsen konnte, verbrachte er seine Jugend in einer gro\u00dfen Hengstherde auf weitl\u00e4ufigen Weiden. Aktuell misst er bereits stattliche 167 cm, befindet sich aber noch mitten im Wachstum. Er ist frisch basis-angeritten und zeigt sich im Training extrem arbeitssam und motiviert. Er besitzt den typisch spanischen \u201ePfeffer\u201c und viel Energie, weshalb er einen Reiter mit Feingef\u00fchl sucht, der sein Temperament in die richtigen Bahnen lenkt. Ein Pferd mit viel Herz, das f\u00fcr seinen Reiter alles geben m\u00f6chte.\t\t\t\t\t\t\t\t<\/div>\n\t\t\t\t<\/div>\n\t\t\t\t\t<\/div>\n\t\t<\/div>\n\t\t\t\t\t<\/div>\n\t\t<\/section>\n\t\t\t\t<section data-particle_enable=\"false\" data-particle-mobile-disabled=\"false\" class=\"penci-section penci-disSticky penci-structure-10 elementor-section elementor-top-section elementor-element elementor-element-400556aa elementor-section-full_width elementor-section-height-default elementor-section-height-default\" data-id=\"400556aa\" data-element_type=\"section\" data-e-type=\"section\">\n\t\t\t\t\t\t<div class=\"elementor-container elementor-column-gap-default\">\n\t\t\t\t\t<div class=\"penci-ercol-100 penci-ercol-order-1 penci-sticky-ct    elementor-column elementor-col-100 elementor-top-column elementor-element elementor-element-74083807\" data-id=\"74083807\" data-element_type=\"column\" data-e-type=\"column\">\n\t\t\t<div class=\"elementor-widget-wrap elementor-element-populated\">\n\t\t\t\t\t\t<div class=\"elementor-element elementor-element-4b101e29 elementor-widget__width-auto elementor-widget elementor-widget-text-editor\" data-id=\"4b101e29\" data-element_type=\"widget\" data-e-type=\"widget\" data-widget_type=\"text-editor.default\">\n\t\t\t\t<div class=\"elementor-widget-container\">\n\t\t\t\t\t\t\t\t\t<p>Platz 2<\/p>\t\t\t\t\t\t\t\t<\/div>\n\t\t\t\t<\/div>\n\t\t\t\t<div class=\"elementor-element elementor-element-39e430f2 elementor-widget elementor-widget-text-editor\" data-id=\"39e430f2\" data-element_type=\"widget\" data-e-type=\"widget\" data-widget_type=\"text-editor.default\">\n\t\t\t\t<div class=\"elementor-widget-container\">\n\t\t\t\t\t\t\t\t\t<h2>Edle PRE-Sch\u00f6nheit in Sonderfarbe: Dunkelbrauner Wallach f\u00fcr Dressur und Barock<\/h2>\nSuchst du einen optischen Hingucker, der spanischen Charme mit der Stabilit\u00e4t eines Warmblut-Typs vereint? Dieser 2021 geborene PRE-Wallach besticht durch seine seltene und elegante dunkelbraune Jacke sowie ein harmonisches Stockma\u00df von 165 cm. Mit seinen f\u00fcnf Jahren steht er am Anfang einer vielversprechenden Karriere und bringt genau die richtige Mischung aus barocker Eleganz und moderner Sportlichkeit mit. Ein Pferd, das nicht nur durch seine Sch\u00f6nheit gl\u00e4nzt, sondern auch durch seine ausgeglichene und charmante Art sofort jeden f\u00fcr sich einnimmt.\t\t\t\t\t\t\t\t<\/div>\n\t\t\t\t<\/div>\n\t\t\t\t<div class=\"elementor-element elementor-element-2e0dcc99 elementor-arrows-position-inside elementor-pagination-position-outside elementor-widget elementor-widget-image-carousel\" data-id=\"2e0dcc99\" data-element_type=\"widget\" data-e-type=\"widget\" data-settings=\"{&quot;navigation&quot;:&quot;both&quot;,&quot;infinite&quot;:&quot;yes&quot;,&quot;speed&quot;:500,&quot;image_spacing_custom&quot;:{&quot;unit&quot;:&quot;px&quot;,&quot;size&quot;:20,&quot;sizes&quot;:[]},&quot;image_spacing_custom_tablet&quot;:{&quot;unit&quot;:&quot;px&quot;,&quot;size&quot;:&quot;&quot;,&quot;sizes&quot;:[]},&quot;image_spacing_custom_mobile&quot;:{&quot;unit&quot;:&quot;px&quot;,&quot;size&quot;:&quot;&quot;,&quot;sizes&quot;:[]}}\" data-widget_type=\"image-carousel.default\">\n\t\t\t\t<div class=\"elementor-widget-container\">\n\t\t\t\t\t\t\t<div class=\"elementor-image-carousel-wrapper swiper\" role=\"region\" aria-roledescription=\"carousel\" aria-label=\"Bild Karussell\" dir=\"ltr\">\n\t\t\t<div class=\"elementor-image-carousel swiper-wrapper\" aria-live=\"polite\">\n\t\t\t\t\t\t\t\t<div class=\"swiper-slide\" role=\"group\" aria-roledescription=\"slide\" aria-label=\"1 von 3\"><figure class=\"swiper-slide-inner\"><img decoding=\"async\" class=\"swiper-slide-image\" src=\"https:\/\/www.ehorses.de\/magazin\/wp-content\/uploads\/Pferde-der-Woche-Bilder-im-Artikel-15.webp\" alt=\"Ein eleganter Brauner mit einer au\u00dfergew\u00f6hnlich langen, dichten und gewellten schwarzen M\u00e4hne steht im Seitenprofil auf einem Sandplatz. Im Hintergrund ist eine helle Natursteinmauer vor einem Erdwall zu sehen.\" \/><\/figure><\/div><div class=\"swiper-slide\" role=\"group\" aria-roledescription=\"slide\" aria-label=\"2 von 3\"><figure class=\"swiper-slide-inner\"><img decoding=\"async\" class=\"swiper-slide-image\" src=\"https:\/\/www.ehorses.de\/magazin\/wp-content\/uploads\/Pferde-der-Woche-Bilder-im-Artikel-16.webp\" alt=\"Seitenansicht eines muskul\u00f6sen braunen Pferdes im Stand von der anderen Seite. Das Pferd tr\u00e4gt ein feines Halfter und blickt entspannt nach rechts; die Textur der hellen Steinmauer im Hintergrund bildet einen Kontrast zum gl\u00e4nzenden Fell.\" \/><\/figure><\/div><div class=\"swiper-slide\" role=\"group\" aria-roledescription=\"slide\" aria-label=\"3 von 3\"><figure class=\"swiper-slide-inner\"><img decoding=\"async\" class=\"swiper-slide-image\" src=\"https:\/\/www.ehorses.de\/magazin\/wp-content\/uploads\/Pferde-der-Woche-Bilder-im-Artikel-19.webp\" alt=\"Ein braunes Pferd in dynamischer Bewegung auf einem Reitplatz. Das Pferd trabt mit aufmerksamem Blick, w\u00e4hrend die lange schwarze M\u00e4hne und der Schweif in der Bewegung wehen.\" \/><\/figure><\/div>\t\t\t<\/div>\n\t\t\t\t\t\t\t\t\t\t\t\t<div class=\"elementor-swiper-button elementor-swiper-button-prev\" role=\"button\" tabindex=\"0\">\n\t\t\t\t\t\t<i aria-hidden=\"true\" class=\"eicon-chevron-left\"><\/i>\t\t\t\t\t<\/div>\n\t\t\t\t\t<div class=\"elementor-swiper-button elementor-swiper-button-next\" role=\"button\" tabindex=\"0\">\n\t\t\t\t\t\t<i aria-hidden=\"true\" class=\"eicon-chevron-right\"><\/i>\t\t\t\t\t<\/div>\n\t\t\t\t\n\t\t\t\t\t\t\t\t\t<div class=\"swiper-pagination\"><\/div>\n\t\t\t\t\t\t\t\t\t<\/div>\n\t\t\t\t\t\t<\/div>\n\t\t\t\t<\/div>\n\t\t\t\t\t<\/div>\n\t\t<\/div>\n\t\t\t\t\t<\/div>\n\t\t<\/section>\n\t\t\t\t<section data-particle_enable=\"false\" data-particle-mobile-disabled=\"false\" class=\"penci-section penci-disSticky penci-structure-22 elementor-section elementor-top-section elementor-element elementor-element-5d58ac66 elementor-section-boxed elementor-section-height-default elementor-section-height-default\" data-id=\"5d58ac66\" data-element_type=\"section\" data-e-type=\"section\">\n\t\t\t\t\t\t<div class=\"elementor-container elementor-column-gap-default\">\n\t\t\t\t\t<div class=\"penci-ercol-66 penci-ercol-order-1 penci-sticky-ct    elementor-column elementor-col-66 elementor-top-column elementor-element elementor-element-4b886c0f\" data-id=\"4b886c0f\" data-element_type=\"column\" data-e-type=\"column\">\n\t\t\t<div class=\"elementor-widget-wrap elementor-element-populated\">\n\t\t\t\t\t\t<div class=\"elementor-element elementor-element-36dcd777 elementor-widget elementor-widget-text-editor\" data-id=\"36dcd777\" data-element_type=\"widget\" data-e-type=\"widget\" data-widget_type=\"text-editor.default\">\n\t\t\t\t<div class=\"elementor-widget-container\">\n\t\t\t\t\t\t\t\t\t<strong>Du m\u00f6chtest mehr Infos zu dem PRE-Wallach haben? \ud83d\udc34<\/strong>\t\t\t\t\t\t\t\t<\/div>\n\t\t\t\t<\/div>\n\t\t\t\t\t<\/div>\n\t\t<\/div>\n\t\t\t\t<div class=\"penci-ercol-33 penci-ercol-order-2 penci-sticky-sb penci-sidebarSC   elementor-column elementor-col-33 elementor-top-column elementor-element elementor-element-3600b330\" data-id=\"3600b330\" data-element_type=\"column\" data-e-type=\"column\">\n\t\t\t<div class=\"elementor-widget-wrap elementor-element-populated\">\n\t\t\t\t\t\t<div class=\"elementor-element elementor-element-e3536ef elementor-widget elementor-widget-penci-button\" data-id=\"e3536ef\" data-element_type=\"widget\" data-e-type=\"widget\" data-widget_type=\"penci-button.default\">\n\t\t\t\t<div class=\"elementor-widget-container\">\n\t\t\t\t\t\t\t<div class=\"pcbtn-wrapper pcbtn-align-right pcbtn-malign-left\">\n\t\t\t<a class=\"pcbtn pcbtn-icon-left\" \n\t\t\t\t\t\t\t\t\t\t\t\thref=\"https:\/\/www.ehorses.de\/pre-wallach-5jahre-165-cm-dunkelbrauner-dressurpferd-working-equitation-horses-barockpferd-freizeitpferd-krumbach\/4800190.html\" id=\"referral-magazin\">\n\t\t\t\t<span class=\"pcbtn-wrapperin\">\n\t\t\t\t\t<span class=\"pcbtn-content\">\n\t\t\t\t\t\t\t\t\t\tPferd anzeigen\t\t\t<\/span>\n\t\t\t\t\t\t\t\t\t<\/span>\n\t\t\t<\/a>\n\t\t<\/div>\n\t\t\t\t\t\t<\/div>\n\t\t\t\t<\/div>\n\t\t\t\t\t<\/div>\n\t\t<\/div>\n\t\t\t\t\t<\/div>\n\t\t<\/section>\n\t\t\t\t<section data-particle_enable=\"false\" data-particle-mobile-disabled=\"false\" class=\"penci-section penci-disSticky penci-structure-10 elementor-section elementor-top-section elementor-element elementor-element-130b51df elementor-section-full_width elementor-section-height-default elementor-section-height-default\" data-id=\"130b51df\" data-element_type=\"section\" data-e-type=\"section\">\n\t\t\t\t\t\t<div class=\"elementor-container elementor-column-gap-default\">\n\t\t\t\t\t<div class=\"penci-ercol-100 penci-ercol-order-1 penci-sticky-ct    elementor-column elementor-col-100 elementor-top-column elementor-element elementor-element-15f3f5c3\" data-id=\"15f3f5c3\" data-element_type=\"column\" data-e-type=\"column\">\n\t\t\t<div class=\"elementor-widget-wrap elementor-element-populated\">\n\t\t\t\t\t\t<div class=\"elementor-element elementor-element-71bbf0a9 elementor-widget elementor-widget-text-editor\" data-id=\"71bbf0a9\" data-element_type=\"widget\" data-e-type=\"widget\" data-widget_type=\"text-editor.default\">\n\t\t\t\t<div class=\"elementor-widget-container\">\n\t\t\t\t\t\t\t\t\t<h3>Rittigkeit trifft Arbeitsfreude: Ein Partner f\u00fcr alle Disziplinen<\/h3>\nIn der t\u00e4glichen Arbeit zeigt sich dieser Wallach als echter Mustersch\u00fcler. Er \u00fcberzeugt durch eine au\u00dfergew\u00f6hnliche Rittigkeit und eine Gelehrigkeit, die die Ausbildung zum puren Vergn\u00fcgen macht. Ob in der klassischen Dressur, der Working Equitation oder als gehobenes Freizeitpferd \u2013 er ist stets motiviert, offen f\u00fcr neue Aufgaben und m\u00f6chte seinem Reiter gefallen. Seine vielversprechenden Grundgangarten und seine ehrliche Art machen ihn zu einem Nachwuchspferd, das keine W\u00fcnsche offen l\u00e4sst und jeden Tag aufs Neue f\u00fcr ein L\u00e4cheln im Sattel sorgt.\n\t\t\t\t\t\t\t\t<\/div>\n\t\t\t\t<\/div>\n\t\t\t\t<div class=\"elementor-element elementor-element-4a876343 elementor-widget elementor-widget-text-editor\" data-id=\"4a876343\" data-element_type=\"widget\" data-e-type=\"widget\" data-widget_type=\"text-editor.default\">\n\t\t\t\t<div class=\"elementor-widget-container\">\n\t\t\t\t\t\t\t\t\t<h3>Rundum sorglos: Top-Gesundheitsstatus und bestes Management<\/h3>\nNeben seinen sportlichen Qualit\u00e4ten punktet dieser charmante Spanier durch ein l\u00fcckenloses Management. Damit du mit einem sicheren Gef\u00fchl in die gemeinsame Zukunft starten kannst, liegen bereits aktuelle R\u00f6ntgenbilder ohne Befund vor. Auch in der allgemeinen Vorsorge wurde er vorbildlich betreut: Er wurde regelm\u00e4\u00dfig entwurmt und dem Hufschmied sowie dem Zahnarzt vorgestellt. Zus\u00e4tzlich wurde er physiotherapeutisch gecheckt, um sicherzustellen, dass er k\u00f6rperlich bestm\u00f6glich auf seine Aufgaben vorbereitet ist. Ein rundum fittes Pferd, das bereit ist, direkt in sein neues Zuhause einzuziehen.\t\t\t\t\t\t\t\t<\/div>\n\t\t\t\t<\/div>\n\t\t\t\t\t<\/div>\n\t\t<\/div>\n\t\t\t\t\t<\/div>\n\t\t<\/section>\n\t\t\t\t<section data-particle_enable=\"false\" data-particle-mobile-disabled=\"false\" class=\"penci-section penci-disSticky penci-structure-10 elementor-section elementor-top-section elementor-element elementor-element-5348782 elementor-section-full_width elementor-section-height-default elementor-section-height-default\" data-id=\"5348782\" data-element_type=\"section\" data-e-type=\"section\">\n\t\t\t\t\t\t<div class=\"elementor-container elementor-column-gap-default\">\n\t\t\t\t\t<div class=\"penci-ercol-100 penci-ercol-order-1 penci-sticky-ct    elementor-column elementor-col-100 elementor-top-column elementor-element elementor-element-354391b4\" data-id=\"354391b4\" data-element_type=\"column\" data-e-type=\"column\">\n\t\t\t<div class=\"elementor-widget-wrap elementor-element-populated\">\n\t\t\t\t\t\t<div class=\"elementor-element elementor-element-67a37efd elementor-widget__width-auto elementor-widget elementor-widget-text-editor\" data-id=\"67a37efd\" data-element_type=\"widget\" data-e-type=\"widget\" data-widget_type=\"text-editor.default\">\n\t\t\t\t<div class=\"elementor-widget-container\">\n\t\t\t\t\t\t\t\t\t<p>Platz 3<\/p>\t\t\t\t\t\t\t\t<\/div>\n\t\t\t\t<\/div>\n\t\t\t\t<div class=\"elementor-element elementor-element-71f7ec43 elementor-widget elementor-widget-text-editor\" data-id=\"71f7ec43\" data-element_type=\"widget\" data-e-type=\"widget\" data-widget_type=\"text-editor.default\">\n\t\t\t\t<div class=\"elementor-widget-container\">\n\t\t\t\t\t\t\t\t\t<h2>Maximo LM \u2013 Dein wei\u00dfes Blatt Papier f\u00fcr eine gemeinsame Zukunft<\/h2>\nDu tr\u00e4umst davon, dir dein Traumpferd von Grund auf selbst auszubilden? Dann ist Maximo LM, von seinen Fans liebevoll \u201eM\u00e4xchen\u201c genannt, genau der richtige Kandidat f\u00fcr dich. Der erst dreij\u00e4hrige PRE-Wallach ist ein echter Rohdiamant, der nicht nur durch seine typvolle Schimmel-Optik, sondern vor allem durch ein Herz aus Gold besticht. Direkt vom Z\u00fcchter kommend, bietet dieser charmante Spanier die seltene Chance, einen unverbrauchten Partner mit erstklassiger Perspektive in das eigene Leben zu holen. Wer einen ehrlichen Partner sucht, mit dem er durch dick und d\u00fcnn gehen kann, wird hier f\u00fcndig.\t\t\t\t\t\t\t\t<\/div>\n\t\t\t\t<\/div>\n\t\t\t\t<div class=\"elementor-element elementor-element-1e28343d elementor-arrows-position-inside elementor-pagination-position-outside elementor-widget elementor-widget-image-carousel\" data-id=\"1e28343d\" data-element_type=\"widget\" data-e-type=\"widget\" data-settings=\"{&quot;navigation&quot;:&quot;both&quot;,&quot;infinite&quot;:&quot;yes&quot;,&quot;speed&quot;:500,&quot;image_spacing_custom&quot;:{&quot;unit&quot;:&quot;px&quot;,&quot;size&quot;:20,&quot;sizes&quot;:[]},&quot;image_spacing_custom_tablet&quot;:{&quot;unit&quot;:&quot;px&quot;,&quot;size&quot;:&quot;&quot;,&quot;sizes&quot;:[]},&quot;image_spacing_custom_mobile&quot;:{&quot;unit&quot;:&quot;px&quot;,&quot;size&quot;:&quot;&quot;,&quot;sizes&quot;:[]}}\" data-widget_type=\"image-carousel.default\">\n\t\t\t\t<div class=\"elementor-widget-container\">\n\t\t\t\t\t\t\t<div class=\"elementor-image-carousel-wrapper swiper\" role=\"region\" aria-roledescription=\"carousel\" aria-label=\"Bild Karussell\" dir=\"ltr\">\n\t\t\t<div class=\"elementor-image-carousel swiper-wrapper\" aria-live=\"polite\">\n\t\t\t\t\t\t\t\t<div class=\"swiper-slide\" role=\"group\" aria-roledescription=\"slide\" aria-label=\"1 von 3\"><figure class=\"swiper-slide-inner\"><img decoding=\"async\" class=\"swiper-slide-image\" src=\"https:\/\/www.ehorses.de\/magazin\/wp-content\/uploads\/Pferde-der-Woche-Bilder-im-Artikel-20.webp\" alt=\"Ein edles Portr\u00e4t eines Schimmels vor schwarzem Hintergrund. Das Pferd tr\u00e4gt ein dunkles Halfter und blickt aufmerksam zur Seite; die Detailaufnahme betont die sanften Augen und die feine Fellzeichnung des Kopfes.\" \/><\/figure><\/div><div class=\"swiper-slide\" role=\"group\" aria-roledescription=\"slide\" aria-label=\"2 von 3\"><figure class=\"swiper-slide-inner\"><img decoding=\"async\" class=\"swiper-slide-image\" src=\"https:\/\/www.ehorses.de\/magazin\/wp-content\/uploads\/Pferde-der-Woche-Bilder-im-Artikel-21.webp\" alt=\"Ein dunkelgrauer Schimmel galoppiert voller Energie \u00fcber eine schneebedeckte Koppel. Das Pferd ist in einer dynamischen Phase des Galopps eingefangen, w\u00e4hrend im Hintergrund ein rustikaler Holzzaun und winterliche B\u00e4ume zu sehen sind.\" \/><\/figure><\/div><div class=\"swiper-slide\" role=\"group\" aria-roledescription=\"slide\" aria-label=\"3 von 3\"><figure class=\"swiper-slide-inner\"><img decoding=\"async\" class=\"swiper-slide-image\" src=\"https:\/\/www.ehorses.de\/magazin\/wp-content\/uploads\/Pferde-der-Woche-Bilder-im-Artikel-22.webp\" alt=\"Spektakul\u00e4re Aufnahme eines Schimmels im Galopp w\u00e4hrend der goldenen Stunde. Das warme Gegenlicht der untergehenden Sonne bringt die Konturen des Pferdes und die aufgewirbelte M\u00e4hne zum Leuchten.\" \/><\/figure><\/div>\t\t\t<\/div>\n\t\t\t\t\t\t\t\t\t\t\t\t<div class=\"elementor-swiper-button elementor-swiper-button-prev\" role=\"button\" tabindex=\"0\">\n\t\t\t\t\t\t<i aria-hidden=\"true\" class=\"eicon-chevron-left\"><\/i>\t\t\t\t\t<\/div>\n\t\t\t\t\t<div class=\"elementor-swiper-button elementor-swiper-button-next\" role=\"button\" tabindex=\"0\">\n\t\t\t\t\t\t<i aria-hidden=\"true\" class=\"eicon-chevron-right\"><\/i>\t\t\t\t\t<\/div>\n\t\t\t\t\n\t\t\t\t\t\t\t\t\t<div class=\"swiper-pagination\"><\/div>\n\t\t\t\t\t\t\t\t\t<\/div>\n\t\t\t\t\t\t<\/div>\n\t\t\t\t<\/div>\n\t\t\t\t\t<\/div>\n\t\t<\/div>\n\t\t\t\t\t<\/div>\n\t\t<\/section>\n\t\t\t\t<section data-particle_enable=\"false\" data-particle-mobile-disabled=\"false\" class=\"penci-section penci-disSticky penci-structure-22 elementor-section elementor-top-section elementor-element elementor-element-3316ba3b elementor-section-boxed elementor-section-height-default elementor-section-height-default\" data-id=\"3316ba3b\" data-element_type=\"section\" data-e-type=\"section\">\n\t\t\t\t\t\t<div class=\"elementor-container elementor-column-gap-default\">\n\t\t\t\t\t<div class=\"penci-ercol-66 penci-ercol-order-1 penci-sticky-ct    elementor-column elementor-col-66 elementor-top-column elementor-element elementor-element-4a93c0c2\" data-id=\"4a93c0c2\" data-element_type=\"column\" data-e-type=\"column\">\n\t\t\t<div class=\"elementor-widget-wrap elementor-element-populated\">\n\t\t\t\t\t\t<div class=\"elementor-element elementor-element-38da97a2 elementor-widget elementor-widget-text-editor\" data-id=\"38da97a2\" data-element_type=\"widget\" data-e-type=\"widget\" data-widget_type=\"text-editor.default\">\n\t\t\t\t<div class=\"elementor-widget-container\">\n\t\t\t\t\t\t\t\t\t<strong>Du m\u00f6chtest mehr Infos zu MAXIMO LM<\/strong><strong> haben? \ud83d\udc34<\/strong>\t\t\t\t\t\t\t\t<\/div>\n\t\t\t\t<\/div>\n\t\t\t\t\t<\/div>\n\t\t<\/div>\n\t\t\t\t<div class=\"penci-ercol-33 penci-ercol-order-2 penci-sticky-sb penci-sidebarSC   elementor-column elementor-col-33 elementor-top-column elementor-element elementor-element-2f85cc4a\" data-id=\"2f85cc4a\" data-element_type=\"column\" data-e-type=\"column\">\n\t\t\t<div class=\"elementor-widget-wrap elementor-element-populated\">\n\t\t\t\t\t\t<div class=\"elementor-element elementor-element-24757e9 elementor-widget elementor-widget-penci-button\" data-id=\"24757e9\" data-element_type=\"widget\" data-e-type=\"widget\" data-widget_type=\"penci-button.default\">\n\t\t\t\t<div class=\"elementor-widget-container\">\n\t\t\t\t\t\t\t<div class=\"pcbtn-wrapper pcbtn-align-right pcbtn-malign-left\">\n\t\t\t<a class=\"pcbtn pcbtn-icon-left\" \n\t\t\t\t\t\t\t\t\t\t\t\thref=\"https:\/\/www.ehorses.de\/pre-wallach-3jahre-158-cm-schimmel-freizeitpferd-working-equitation-horses-barockpferd-dressurpferd-stipsdorf\/4749579.html\" id=\"referral-magazin\">\n\t\t\t\t<span class=\"pcbtn-wrapperin\">\n\t\t\t\t\t<span class=\"pcbtn-content\">\n\t\t\t\t\t\t\t\t\t\tPferd anzeigen\t\t\t<\/span>\n\t\t\t\t\t\t\t\t\t<\/span>\n\t\t\t<\/a>\n\t\t<\/div>\n\t\t\t\t\t\t<\/div>\n\t\t\t\t<\/div>\n\t\t\t\t\t<\/div>\n\t\t<\/div>\n\t\t\t\t\t<\/div>\n\t\t<\/section>\n\t\t\t\t<section data-particle_enable=\"false\" data-particle-mobile-disabled=\"false\" class=\"penci-section penci-disSticky penci-structure-10 elementor-section elementor-top-section elementor-element elementor-element-2be2efcc elementor-section-full_width elementor-section-height-default elementor-section-height-default\" data-id=\"2be2efcc\" data-element_type=\"section\" data-e-type=\"section\">\n\t\t\t\t\t\t<div class=\"elementor-container elementor-column-gap-default\">\n\t\t\t\t\t<div class=\"penci-ercol-100 penci-ercol-order-1 penci-sticky-ct    elementor-column elementor-col-100 elementor-top-column elementor-element elementor-element-26dd863e\" data-id=\"26dd863e\" data-element_type=\"column\" data-e-type=\"column\">\n\t\t\t<div class=\"elementor-widget-wrap elementor-element-populated\">\n\t\t\t\t\t\t<div class=\"elementor-element elementor-element-4f76452e elementor-widget elementor-widget-text-editor\" data-id=\"4f76452e\" data-element_type=\"widget\" data-e-type=\"widget\" data-widget_type=\"text-editor.default\">\n\t\t\t\t<div class=\"elementor-widget-container\">\n\t\t\t\t\t\t\t\t\t<h3>Ein Charakter aus Gold: Klar im Kopf und lernwillig<\/h3>\nTrotz seines jungen Alters gl\u00e4nzt Maximo LM bereits jetzt durch ein au\u00dfergew\u00f6hnliches Interieur. Er ist extrem menschenbezogen, super lieb im Umgang und zeigt sich in jeder Situation absolut klar im Kopf. Sein kecker Blick verr\u00e4t seine Neugierde und Intelligenz: Bei der Bodenarbeit und an der Longe ist er voll konzentriert und zeigt eine Lernbereitschaft, die in diesem Alter keine Selbstverst\u00e4ndlichkeit ist. Zudem ist er bereits bestens auf das \u201ePferde-1&#215;1\u201c vorbereitet \u2013 er ist halfterf\u00fchrig, schmiedefromm und l\u00e4sst sich problemlos verladen. Ein unkomplizierter junger Mann, der bereit ist, mit seinem Herzensmenschen die ersten Schritte unter dem Sattel zu wagen.\n<h3>Bewegungstalent f\u00fcr das Viereck und den Trail<\/h3>\nUnter dem sportlichen Aspekt betrachtet, l\u00e4sst Maximo keine W\u00fcnsche offen. Er vereint den klassischen spanischen Charme mit einer modernen, sportlichen Bewegungsqualit\u00e4t. Besonders hervorzuheben sind seine nat\u00fcrliche Balance und die beeindruckende Bergauf-Galoppade. Er bewegt sich leichtf\u00fc\u00dfig und raumgreifend, was ihn zu einem erstklassigen Nachwuchstalent f\u00fcr die Dressur, aber auch f\u00fcr die Working Equitation macht. Dank seiner Wendigkeit und der raumgreifenden G\u00e4nge stehen ihm in beiden Disziplinen alle T\u00fcren offen, das ideale Pferd f\u00fcr jemanden, der die Qualit\u00e4t eines PRE sch\u00e4tzt und sportlich ambitioniert ist.\t\t\t\t\t\t\t\t<\/div>\n\t\t\t\t<\/div>\n\t\t\t\t\t<\/div>\n\t\t<\/div>\n\t\t\t\t\t<\/div>\n\t\t<\/section>\n\t\t\t\t<\/div>\n\t\t","protected":false},"author":129,"featured_media":91310,"template":"","class_list":["post-91298","pferde-der-woche","type-pferde-der-woche","status-publish","has-post-thumbnail","hentry"],"_oembed_6e2261a90c0f61b3f6e5cbf5248ae69a":null,"_oembed_d83ed97665bbfe5cbf2a5acd0571bfe8":null,"_oembed_879340bd3c064234a240bcda2f369c23":null,"_oembed_519616b8842fb308e7a3039c04f55a79":null,"yoast_head":"<!-- This site is optimized with the Yoast SEO plugin v27.5 - https:\/\/yoast.com\/product\/yoast-seo-wordpress\/ -->\n<title>PRE der Woche: Vom Youngster bis zum exklusiven Dressurtalent<\/title>\n<meta name=\"description\" content=\"Entdecke drei au\u00dfergew\u00f6hnliche Spanier mit top Charakter und herausragender Genetik. \u25ba Jetzt mehr erfahren!\" \/>\n<meta name=\"robots\" content=\"index, follow, max-snippet:-1, max-image-preview:large, max-video-preview:-1\" \/>\n<link rel=\"canonical\" href=\"https:\/\/www.ehorses.de\/magazin\/pferde-der-woche\/pre-der-woche-vom-030526\/\" \/>\n<meta property=\"og:locale\" content=\"de_DE\" \/>\n<meta property=\"og:type\" content=\"article\" \/>\n<meta property=\"og:title\" content=\"PRE der Woche: Vom Youngster bis zum exklusiven Dressurtalent\" \/>\n<meta property=\"og:description\" content=\"Entdecke drei au\u00dfergew\u00f6hnliche Spanier mit top Charakter und herausragender Genetik. \u25ba Jetzt mehr erfahren!\" \/>\n<meta property=\"og:url\" content=\"https:\/\/www.ehorses.de\/magazin\/pferde-der-woche\/pre-der-woche-vom-030526\/\" \/>\n<meta property=\"og:site_name\" content=\"ehorses Magazin\" \/>\n<meta property=\"og:image\" content=\"https:\/\/www.ehorses.de\/magazin\/wp-content\/uploads\/Beitragsbild-von-pferde-der-woche-3.webp\" \/>\n\t<meta property=\"og:image:width\" content=\"1200\" \/>\n\t<meta property=\"og:image:height\" content=\"800\" \/>\n\t<meta property=\"og:image:type\" content=\"image\/webp\" \/>\n<meta name=\"twitter:card\" content=\"summary_large_image\" \/>\n<meta name=\"twitter:label1\" content=\"Gesch\u00e4tzte Lesezeit\" \/>\n\t<meta name=\"twitter:data1\" content=\"11\u00a0Minuten\" \/>\n<script type=\"application\/ld+json\" class=\"yoast-schema-graph\">{\"@context\":\"https:\\\/\\\/schema.org\",\"@graph\":[{\"@type\":\"WebPage\",\"@id\":\"https:\\\/\\\/www.ehorses.de\\\/magazin\\\/pferde-der-woche\\\/pre-der-woche-vom-030526\\\/\",\"url\":\"https:\\\/\\\/www.ehorses.de\\\/magazin\\\/pferde-der-woche\\\/pre-der-woche-vom-030526\\\/\",\"name\":\"PRE der Woche: Vom Youngster bis zum exklusiven Dressurtalent\",\"isPartOf\":{\"@id\":\"https:\\\/\\\/www.ehorses.de\\\/magazin\\\/#website\"},\"primaryImageOfPage\":{\"@id\":\"https:\\\/\\\/www.ehorses.de\\\/magazin\\\/pferde-der-woche\\\/pre-der-woche-vom-030526\\\/#primaryimage\"},\"image\":{\"@id\":\"https:\\\/\\\/www.ehorses.de\\\/magazin\\\/pferde-der-woche\\\/pre-der-woche-vom-030526\\\/#primaryimage\"},\"thumbnailUrl\":\"https:\\\/\\\/www.ehorses.de\\\/magazin\\\/wp-content\\\/uploads\\\/Beitragsbild-von-pferde-der-woche-3.webp\",\"datePublished\":\"2026-05-03T06:00:00+00:00\",\"description\":\"Entdecke drei au\u00dfergew\u00f6hnliche Spanier mit top Charakter und herausragender Genetik. \u25ba Jetzt mehr erfahren!\",\"breadcrumb\":{\"@id\":\"https:\\\/\\\/www.ehorses.de\\\/magazin\\\/pferde-der-woche\\\/pre-der-woche-vom-030526\\\/#breadcrumb\"},\"inLanguage\":\"de\",\"potentialAction\":[{\"@type\":\"ReadAction\",\"target\":[\"https:\\\/\\\/www.ehorses.de\\\/magazin\\\/pferde-der-woche\\\/pre-der-woche-vom-030526\\\/\"]}]},{\"@type\":\"ImageObject\",\"inLanguage\":\"de\",\"@id\":\"https:\\\/\\\/www.ehorses.de\\\/magazin\\\/pferde-der-woche\\\/pre-der-woche-vom-030526\\\/#primaryimage\",\"url\":\"https:\\\/\\\/www.ehorses.de\\\/magazin\\\/wp-content\\\/uploads\\\/Beitragsbild-von-pferde-der-woche-3.webp\",\"contentUrl\":\"https:\\\/\\\/www.ehorses.de\\\/magazin\\\/wp-content\\\/uploads\\\/Beitragsbild-von-pferde-der-woche-3.webp\",\"width\":1200,\"height\":800,\"caption\":\"Ein kr\u00e4ftiges Pferd vom spanischen Typ (Pura Raza Espa\u00f1ola) mit hellgrauem Fell und dunklen \u00c4pfelungen. Das Pferd vollf\u00fchrt eine athletische Bewegung mit erhobenen Vorderbeinen. Es hat eine lange, dunkle M\u00e4hne und tr\u00e4gt schwarze Gamaschen. Im Hintergrund sind gr\u00fcne Str\u00e4ucher und ein Metallzaun zu sehen.\"},{\"@type\":\"BreadcrumbList\",\"@id\":\"https:\\\/\\\/www.ehorses.de\\\/magazin\\\/pferde-der-woche\\\/pre-der-woche-vom-030526\\\/#breadcrumb\",\"itemListElement\":[{\"@type\":\"ListItem\",\"position\":1,\"name\":\"Startseite\",\"item\":\"https:\\\/\\\/www.ehorses.de\\\/magazin\\\/\"},{\"@type\":\"ListItem\",\"position\":2,\"name\":\"PRE der Woche: Vom Youngster bis zum exklusiven Dressurtalent\"}]},{\"@type\":\"WebSite\",\"@id\":\"https:\\\/\\\/www.ehorses.de\\\/magazin\\\/#website\",\"url\":\"https:\\\/\\\/www.ehorses.de\\\/magazin\\\/\",\"name\":\"ehorses Magazin\",\"description\":\"\",\"potentialAction\":[{\"@type\":\"SearchAction\",\"target\":{\"@type\":\"EntryPoint\",\"urlTemplate\":\"https:\\\/\\\/www.ehorses.de\\\/magazin\\\/?s={search_term_string}\"},\"query-input\":{\"@type\":\"PropertyValueSpecification\",\"valueRequired\":true,\"valueName\":\"search_term_string\"}}],\"inLanguage\":\"de\"}]}<\/script>\n<!-- \/ Yoast SEO plugin. -->","yoast_head_json":{"title":"PRE der Woche: Vom Youngster bis zum exklusiven Dressurtalent","description":"Entdecke drei au\u00dfergew\u00f6hnliche Spanier mit top Charakter und herausragender Genetik. \u25ba Jetzt mehr erfahren!","robots":{"index":"index","follow":"follow","max-snippet":"max-snippet:-1","max-image-preview":"max-image-preview:large","max-video-preview":"max-video-preview:-1"},"canonical":"https:\/\/www.ehorses.de\/magazin\/pferde-der-woche\/pre-der-woche-vom-030526\/","og_locale":"de_DE","og_type":"article","og_title":"PRE der Woche: Vom Youngster bis zum exklusiven Dressurtalent","og_description":"Entdecke drei au\u00dfergew\u00f6hnliche Spanier mit top Charakter und herausragender Genetik. \u25ba Jetzt mehr erfahren!","og_url":"https:\/\/www.ehorses.de\/magazin\/pferde-der-woche\/pre-der-woche-vom-030526\/","og_site_name":"ehorses Magazin","og_image":[{"width":1200,"height":800,"url":"https:\/\/www.ehorses.de\/magazin\/wp-content\/uploads\/Beitragsbild-von-pferde-der-woche-3.webp","type":"image\/webp"}],"twitter_card":"summary_large_image","twitter_misc":{"Gesch\u00e4tzte Lesezeit":"11\u00a0Minuten"},"schema":{"@context":"https:\/\/schema.org","@graph":[{"@type":"WebPage","@id":"https:\/\/www.ehorses.de\/magazin\/pferde-der-woche\/pre-der-woche-vom-030526\/","url":"https:\/\/www.ehorses.de\/magazin\/pferde-der-woche\/pre-der-woche-vom-030526\/","name":"PRE der Woche: Vom Youngster bis zum exklusiven Dressurtalent","isPartOf":{"@id":"https:\/\/www.ehorses.de\/magazin\/#website"},"primaryImageOfPage":{"@id":"https:\/\/www.ehorses.de\/magazin\/pferde-der-woche\/pre-der-woche-vom-030526\/#primaryimage"},"image":{"@id":"https:\/\/www.ehorses.de\/magazin\/pferde-der-woche\/pre-der-woche-vom-030526\/#primaryimage"},"thumbnailUrl":"https:\/\/www.ehorses.de\/magazin\/wp-content\/uploads\/Beitragsbild-von-pferde-der-woche-3.webp","datePublished":"2026-05-03T06:00:00+00:00","description":"Entdecke drei au\u00dfergew\u00f6hnliche Spanier mit top Charakter und herausragender Genetik. \u25ba Jetzt mehr erfahren!","breadcrumb":{"@id":"https:\/\/www.ehorses.de\/magazin\/pferde-der-woche\/pre-der-woche-vom-030526\/#breadcrumb"},"inLanguage":"de","potentialAction":[{"@type":"ReadAction","target":["https:\/\/www.ehorses.de\/magazin\/pferde-der-woche\/pre-der-woche-vom-030526\/"]}]},{"@type":"ImageObject","inLanguage":"de","@id":"https:\/\/www.ehorses.de\/magazin\/pferde-der-woche\/pre-der-woche-vom-030526\/#primaryimage","url":"https:\/\/www.ehorses.de\/magazin\/wp-content\/uploads\/Beitragsbild-von-pferde-der-woche-3.webp","contentUrl":"https:\/\/www.ehorses.de\/magazin\/wp-content\/uploads\/Beitragsbild-von-pferde-der-woche-3.webp","width":1200,"height":800,"caption":"Ein kr\u00e4ftiges Pferd vom spanischen Typ (Pura Raza Espa\u00f1ola) mit hellgrauem Fell und dunklen \u00c4pfelungen. Das Pferd vollf\u00fchrt eine athletische Bewegung mit erhobenen Vorderbeinen. Es hat eine lange, dunkle M\u00e4hne und tr\u00e4gt schwarze Gamaschen. Im Hintergrund sind gr\u00fcne Str\u00e4ucher und ein Metallzaun zu sehen."},{"@type":"BreadcrumbList","@id":"https:\/\/www.ehorses.de\/magazin\/pferde-der-woche\/pre-der-woche-vom-030526\/#breadcrumb","itemListElement":[{"@type":"ListItem","position":1,"name":"Startseite","item":"https:\/\/www.ehorses.de\/magazin\/"},{"@type":"ListItem","position":2,"name":"PRE der Woche: Vom Youngster bis zum exklusiven Dressurtalent"}]},{"@type":"WebSite","@id":"https:\/\/www.ehorses.de\/magazin\/#website","url":"https:\/\/www.ehorses.de\/magazin\/","name":"ehorses Magazin","description":"","potentialAction":[{"@type":"SearchAction","target":{"@type":"EntryPoint","urlTemplate":"https:\/\/www.ehorses.de\/magazin\/?s={search_term_string}"},"query-input":{"@type":"PropertyValueSpecification","valueRequired":true,"valueName":"search_term_string"}}],"inLanguage":"de"}]}},"_links":{"self":[{"href":"https:\/\/www.ehorses.de\/magazin\/wp-json\/wp\/v2\/pferde-der-woche\/91298","targetHints":{"allow":["GET"]}}],"collection":[{"href":"https:\/\/www.ehorses.de\/magazin\/wp-json\/wp\/v2\/pferde-der-woche"}],"about":[{"href":"https:\/\/www.ehorses.de\/magazin\/wp-json\/wp\/v2\/types\/pferde-der-woche"}],"author":[{"embeddable":true,"href":"https:\/\/www.ehorses.de\/magazin\/wp-json\/wp\/v2\/users\/129"}],"version-history":[{"count":1,"href":"https:\/\/www.ehorses.de\/magazin\/wp-json\/wp\/v2\/pferde-der-woche\/91298\/revisions"}],"predecessor-version":[{"id":91612,"href":"https:\/\/www.ehorses.de\/magazin\/wp-json\/wp\/v2\/pferde-der-woche\/91298\/revisions\/91612"}],"wp:featuredmedia":[{"embeddable":true,"href":"https:\/\/www.ehorses.de\/magazin\/wp-json\/wp\/v2\/media\/91310"}],"wp:attachment":[{"href":"https:\/\/www.ehorses.de\/magazin\/wp-json\/wp\/v2\/media?parent=91298"}],"curies":[{"name":"wp","href":"https:\/\/api.w.org\/{rel}","templated":true}]}}