{"id":91396,"date":"2026-05-01T08:04:00","date_gmt":"2026-05-01T06:04:00","guid":{"rendered":"https:\/\/www.ehorses.de\/magazin\/?post_type=pferde-der-woche&#038;p=91396"},"modified":"2026-04-29T14:04:20","modified_gmt":"2026-04-29T12:04:20","slug":"haflinger-der-woche-010526","status":"publish","type":"pferde-der-woche","link":"https:\/\/www.ehorses.de\/magazin\/pferde-der-woche\/haflinger-der-woche-010526\/","title":{"rendered":"Haflinger der Woche: Gek\u00f6rte Qualit\u00e4t &#038; Freizeit-Allrounder"},"content":{"rendered":"\t\t<div data-elementor-type=\"wp-post\" data-elementor-id=\"91396\" class=\"elementor elementor-91396\" data-elementor-post-type=\"pferde-der-woche\">\n\t\t\t\t\t\t<section data-particle_enable=\"false\" data-particle-mobile-disabled=\"false\" class=\"penci-section penci-disSticky penci-structure-10 elementor-section elementor-top-section elementor-element elementor-element-6d39e9 elementor-section-full_width elementor-section-height-default elementor-section-height-default\" data-id=\"6d39e9\" data-element_type=\"section\" data-e-type=\"section\">\n\t\t\t\t\t\t<div class=\"elementor-container elementor-column-gap-default\">\n\t\t\t\t\t<div class=\"penci-ercol-100 penci-ercol-order-1 penci-sticky-ct    elementor-column elementor-col-100 elementor-top-column elementor-element elementor-element-700be460\" data-id=\"700be460\" data-element_type=\"column\" data-e-type=\"column\">\n\t\t\t<div class=\"elementor-widget-wrap elementor-element-populated\">\n\t\t\t\t\t\t<div class=\"elementor-element elementor-element-6f240810 elementor-widget elementor-widget-text-editor\" data-id=\"6f240810\" data-element_type=\"widget\" data-e-type=\"widget\" data-widget_type=\"text-editor.default\">\n\t\t\t\t<div class=\"elementor-widget-container\">\n\t\t\t\t\t\t\t\t\t<strong>Egal ob du einen \u201eAlpen-Sportwagen\u201c mit Schleifengarantie, einen feinen Rohdiamanten zum Selberausbilden oder eine gro\u00dfrahmige Lebensversicherung f\u00fcr die ganze Familie suchst \u2013 diese Woche haben wir f\u00fcr jeden Haflinger-Fan das Richtige dabei. Wir pr\u00e4sentieren: Den hochdekorierten William-B, einen charmanten sechsj\u00e4hrigen Wallach und eine starke Stute mit Stockma\u00df-Plus.<\/strong>\n\n\t\t\t\t\t\t\t\t<\/div>\n\t\t\t\t<\/div>\n\t\t\t\t\t<\/div>\n\t\t<\/div>\n\t\t\t\t\t<\/div>\n\t\t<\/section>\n\t\t\t\t<section data-particle_enable=\"false\" data-particle-mobile-disabled=\"false\" class=\"penci-section penci-disSticky penci-structure-10 elementor-section elementor-top-section elementor-element elementor-element-24f9ccbd elementor-section-full_width elementor-section-height-default elementor-section-height-default\" data-id=\"24f9ccbd\" data-element_type=\"section\" data-e-type=\"section\">\n\t\t\t\t\t\t<div class=\"elementor-container elementor-column-gap-default\">\n\t\t\t\t\t<div class=\"penci-ercol-100 penci-ercol-order-1 penci-sticky-ct    elementor-column elementor-col-100 elementor-top-column elementor-element elementor-element-3ec6d4e7\" data-id=\"3ec6d4e7\" data-element_type=\"column\" data-e-type=\"column\">\n\t\t\t<div class=\"elementor-widget-wrap elementor-element-populated\">\n\t\t\t\t\t\t<div class=\"elementor-element elementor-element-6d40bd5d elementor-widget__width-auto elementor-widget elementor-widget-text-editor\" data-id=\"6d40bd5d\" data-element_type=\"widget\" data-e-type=\"widget\" data-widget_type=\"text-editor.default\">\n\t\t\t\t<div class=\"elementor-widget-container\">\n\t\t\t\t\t\t\t\t\t<p>Platz 1<\/p>\t\t\t\t\t\t\t\t<\/div>\n\t\t\t\t<\/div>\n\t\t\t\t<div class=\"elementor-element elementor-element-c01b17e elementor-widget elementor-widget-text-editor\" data-id=\"c01b17e\" data-element_type=\"widget\" data-e-type=\"widget\" data-widget_type=\"text-editor.default\">\n\t\t\t\t<div class=\"elementor-widget-container\">\n\t\t\t\t\t\t\t\t\t<h2>William-B: Pr\u00e4mierter Haflingerwallach mit sportlicher Vielseitigkeit<\/h2><p>William-B ist ein 2018 geborener Haflingerwallach, der mit seinem Stockma\u00df von 149 cm das ideale Ma\u00df f\u00fcr Sport und Freizeit verk\u00f6rpert. Er ist nicht nur optisch ein Hingucker, sondern auch z\u00fcchterisch hoch dekoriert: Bei der Gesamtitalienischen Hengstk\u00f6rung 2021 in Neumarkt ging er als <b>Reservesieger<\/b> hervor und wurde mit der hervorragenden Endnote <b>IB \u2013 Sehr Gut<\/b> in das Stammbuch eingetragen. Seine \u00fcberdurchschnittliche Qualit\u00e4t bewies er zudem im Jahr 2022 beim Hengststationstest in Warendorf, den er erfolgreich absolvierte.<\/p>\t\t\t\t\t\t\t\t<\/div>\n\t\t\t\t<\/div>\n\t\t\t\t<div class=\"elementor-element elementor-element-3162c5b3 elementor-arrows-position-inside elementor-pagination-position-outside elementor-widget elementor-widget-image-carousel\" data-id=\"3162c5b3\" data-element_type=\"widget\" data-e-type=\"widget\" data-settings=\"{&quot;navigation&quot;:&quot;both&quot;,&quot;infinite&quot;:&quot;yes&quot;,&quot;speed&quot;:500,&quot;image_spacing_custom&quot;:{&quot;unit&quot;:&quot;px&quot;,&quot;size&quot;:20,&quot;sizes&quot;:[]},&quot;image_spacing_custom_tablet&quot;:{&quot;unit&quot;:&quot;px&quot;,&quot;size&quot;:&quot;&quot;,&quot;sizes&quot;:[]},&quot;image_spacing_custom_mobile&quot;:{&quot;unit&quot;:&quot;px&quot;,&quot;size&quot;:&quot;&quot;,&quot;sizes&quot;:[]}}\" data-widget_type=\"image-carousel.default\">\n\t\t\t\t<div class=\"elementor-widget-container\">\n\t\t\t\t\t\t\t<div class=\"elementor-image-carousel-wrapper swiper\" role=\"region\" aria-roledescription=\"carousel\" aria-label=\"Bild Karussell\" dir=\"ltr\">\n\t\t\t<div class=\"elementor-image-carousel swiper-wrapper\" aria-live=\"polite\">\n\t\t\t\t\t\t\t\t<div class=\"swiper-slide\" role=\"group\" aria-roledescription=\"slide\" aria-label=\"1 von 3\"><figure class=\"swiper-slide-inner\"><img decoding=\"async\" class=\"swiper-slide-image\" src=\"https:\/\/www.ehorses.de\/magazin\/wp-content\/uploads\/pferde-der-woche-010526-william-2.webp\" alt=\"Ein Haflinger-Hengst steht im Seitenprofil auf einer gr\u00fcnen Wiese. Er hat ein helles Fuchs-Fell, eine lange flachsfarbene M\u00e4hne und tr\u00e4gt eine schwarze Trense. Im Hintergrund sieht man einen Zaun und eine Steinmauer unter B\u00e4umen im warmen Tageslicht.\" \/><\/figure><\/div><div class=\"swiper-slide\" role=\"group\" aria-roledescription=\"slide\" aria-label=\"2 von 3\"><figure class=\"swiper-slide-inner\"><img decoding=\"async\" class=\"swiper-slide-image\" src=\"https:\/\/www.ehorses.de\/magazin\/wp-content\/uploads\/pferde-der-woche-010526-william-1.webp\" alt=\"Action-Aufnahme des Haflingers William beim Freispringen \u00fcber ein wei\u00dfes Hindernis in einer Reithalle. Seine M\u00e4hne ist zu ordentlichen Turnierz\u00f6pfen eingeflochten. Im Hintergrund h\u00e4ngen Banner der \u201eEuropean Haflinger Championship 2021\u201c.\" \/><\/figure><\/div><div class=\"swiper-slide\" role=\"group\" aria-roledescription=\"slide\" aria-label=\"3 von 3\"><figure class=\"swiper-slide-inner\"><img decoding=\"async\" class=\"swiper-slide-image\" src=\"https:\/\/www.ehorses.de\/magazin\/wp-content\/uploads\/pferde-der-woche-010526-william.webp\" alt=\"Exterieur-Aufnahme eines Haflingers im Profil, der ruhig vor einer dunklen Holzwand steht. Das Bild betont den harmonischen K\u00f6rperbau und das markante Gesicht des Pferdes, das eine schwarze Trense tr\u00e4gt.\" \/><\/figure><\/div>\t\t\t<\/div>\n\t\t\t\t\t\t\t\t\t\t\t\t<div class=\"elementor-swiper-button elementor-swiper-button-prev\" role=\"button\" tabindex=\"0\">\n\t\t\t\t\t\t<i aria-hidden=\"true\" class=\"eicon-chevron-left\"><\/i>\t\t\t\t\t<\/div>\n\t\t\t\t\t<div class=\"elementor-swiper-button elementor-swiper-button-next\" role=\"button\" tabindex=\"0\">\n\t\t\t\t\t\t<i aria-hidden=\"true\" class=\"eicon-chevron-right\"><\/i>\t\t\t\t\t<\/div>\n\t\t\t\t\n\t\t\t\t\t\t\t\t\t<div class=\"swiper-pagination\"><\/div>\n\t\t\t\t\t\t\t\t\t<\/div>\n\t\t\t\t\t\t<\/div>\n\t\t\t\t<\/div>\n\t\t\t\t\t<\/div>\n\t\t<\/div>\n\t\t\t\t\t<\/div>\n\t\t<\/section>\n\t\t\t\t<section data-particle_enable=\"false\" data-particle-mobile-disabled=\"false\" class=\"penci-section penci-disSticky penci-structure-22 elementor-section elementor-top-section elementor-element elementor-element-22d7ed28 elementor-section-boxed elementor-section-height-default elementor-section-height-default\" data-id=\"22d7ed28\" data-element_type=\"section\" data-e-type=\"section\">\n\t\t\t\t\t\t<div class=\"elementor-container elementor-column-gap-default\">\n\t\t\t\t\t<div class=\"penci-ercol-66 penci-ercol-order-1 penci-sticky-ct    elementor-column elementor-col-66 elementor-top-column elementor-element elementor-element-49d3e4cd\" data-id=\"49d3e4cd\" data-element_type=\"column\" data-e-type=\"column\">\n\t\t\t<div class=\"elementor-widget-wrap elementor-element-populated\">\n\t\t\t\t\t\t<div class=\"elementor-element elementor-element-570bf01d elementor-widget elementor-widget-text-editor\" data-id=\"570bf01d\" data-element_type=\"widget\" data-e-type=\"widget\" data-widget_type=\"text-editor.default\">\n\t\t\t\t<div class=\"elementor-widget-container\">\n\t\t\t\t\t\t\t\t\t<p><strong>Du m\u00f6chtest mehr Infos zu William-B haben? \ud83d\udc34<\/strong><\/p>\t\t\t\t\t\t\t\t<\/div>\n\t\t\t\t<\/div>\n\t\t\t\t\t<\/div>\n\t\t<\/div>\n\t\t\t\t<div class=\"penci-ercol-33 penci-ercol-order-2 penci-sticky-sb penci-sidebarSC   elementor-column elementor-col-33 elementor-top-column elementor-element elementor-element-668f11b\" data-id=\"668f11b\" data-element_type=\"column\" data-e-type=\"column\">\n\t\t\t<div class=\"elementor-widget-wrap elementor-element-populated\">\n\t\t\t\t\t\t<div class=\"elementor-element elementor-element-1e436cc5 elementor-widget elementor-widget-penci-button\" data-id=\"1e436cc5\" data-element_type=\"widget\" data-e-type=\"widget\" data-widget_type=\"penci-button.default\">\n\t\t\t\t<div class=\"elementor-widget-container\">\n\t\t\t\t\t\t\t<div class=\"pcbtn-wrapper pcbtn-align-right pcbtn-malign-left\">\n\t\t\t<a class=\"pcbtn pcbtn-icon-left\" \n\t\t\t\t\t\t\t\t\t\t\t\thref=\"https:\/\/www.ehorses.de\/haflinger-wallach-8jahre-149-cm-fuchs-dressurpferd-springpferd-freizeitpferd-fahrpferd-bozensuedtirol\/4644832.html\" id=\"referral-magazin\">\n\t\t\t\t<span class=\"pcbtn-wrapperin\">\n\t\t\t\t\t<span class=\"pcbtn-content\">\n\t\t\t\t\t\t\t\t\t\tPferd anzeigen\t\t\t<\/span>\n\t\t\t\t\t\t\t\t\t<\/span>\n\t\t\t<\/a>\n\t\t<\/div>\n\t\t\t\t\t\t<\/div>\n\t\t\t\t<\/div>\n\t\t\t\t\t<\/div>\n\t\t<\/div>\n\t\t\t\t\t<\/div>\n\t\t<\/section>\n\t\t\t\t<section data-particle_enable=\"false\" data-particle-mobile-disabled=\"false\" class=\"penci-section penci-disSticky penci-structure-10 elementor-section elementor-top-section elementor-element elementor-element-10a5e3b7 elementor-section-full_width elementor-section-height-default elementor-section-height-default\" data-id=\"10a5e3b7\" data-element_type=\"section\" data-e-type=\"section\">\n\t\t\t\t\t\t<div class=\"elementor-container elementor-column-gap-default\">\n\t\t\t\t\t<div class=\"penci-ercol-100 penci-ercol-order-1 penci-sticky-ct    elementor-column elementor-col-100 elementor-top-column elementor-element elementor-element-16c3ca39\" data-id=\"16c3ca39\" data-element_type=\"column\" data-e-type=\"column\">\n\t\t\t<div class=\"elementor-widget-wrap elementor-element-populated\">\n\t\t\t\t\t\t<div class=\"elementor-element elementor-element-56a07e8f elementor-widget elementor-widget-text-editor\" data-id=\"56a07e8f\" data-element_type=\"widget\" data-e-type=\"widget\" data-widget_type=\"text-editor.default\">\n\t\t\t\t<div class=\"elementor-widget-container\">\n\t\t\t\t\t\t\t\t\t<h3>Herausragende Grundgangarten und breite Ausbildung<\/h3><p>Die sportliche Ausbildung von William-B ist beeindruckend vielseitig. In der Dressur sowie im Springen ist er solide auf E\/A-Niveau gef\u00f6rdert, wobei er am Sprung bereits eine beachtliche Kapazit\u00e4t von <b>100 bis 110 cm<\/b> zeigt. Besonders hervorzuheben sind seine Grundgangarten: Schritt und Trab wurden bei der K\u00f6rung jeweils mit der Note \u201eSehr Gut\u201c bewertet, was ihn f\u00fcr das Dressurviereck besonders interessant macht. Doch damit nicht genug: William-B ist zudem <b>ein- und doppelsp\u00e4nnig im Fahren<\/b> (E\/A-Niveau) ausgebildet und zeigt sich auch vor der Kutsche als zuverl\u00e4ssiger und routinierter Partner.<\/p><h3>Charakterstarker Sportler f\u00fcr ambitionierte Reiter<\/h3><p>Im t\u00e4glichen Umgang ist William-B ein absolut braver Zeitgenosse, der zudem schmiede- und verladefromm ist. Er verf\u00fcgt \u00fcber eine <strong>gute Arbeitseinstellung und ist stets motiviert<\/strong>, bei der Sache zu sein. Da er jedoch \u00fcber eine gesunde Portion Selbstbewusstsein verf\u00fcgt und seine Grenzen gelegentlich austestet, wird er nicht als reines Anf\u00e4ngerpferd abgegeben. In den H\u00e4nden eines erfahrenen Reiters oder Fahrers, der ihn kontinuierlich und konsequent arbeitet, entwickelt er sich zu einem treuen und leistungsbereiten Partner. Wer ein charakterstarkes, erstklassig gezogenes und vielseitig einsetzbares Pony sucht, findet in William-B die perfekte Kombination aus sportlichem Potenzial und Edelblut-Charme.<\/p>\t\t\t\t\t\t\t\t<\/div>\n\t\t\t\t<\/div>\n\t\t\t\t\t<\/div>\n\t\t<\/div>\n\t\t\t\t\t<\/div>\n\t\t<\/section>\n\t\t\t\t<section data-particle_enable=\"false\" data-particle-mobile-disabled=\"false\" class=\"penci-section penci-dmcheck penci-elbg-activate penci-disSticky penci-structure-22 elementor-section elementor-top-section elementor-element elementor-element-15ea2fb8 elementor-section-boxed elementor-section-height-default elementor-section-height-default\" data-id=\"15ea2fb8\" data-element_type=\"section\" data-e-type=\"section\" data-settings=\"{&quot;background_background&quot;:&quot;classic&quot;}\">\n\t\t\t\t\t\t<div class=\"elementor-container elementor-column-gap-default\">\n\t\t\t\t\t<div class=\"penci-ercol-66 penci-ercol-order-1 penci-sticky-ct    elementor-column elementor-col-66 elementor-top-column elementor-element elementor-element-2b912d20\" data-id=\"2b912d20\" data-element_type=\"column\" data-e-type=\"column\">\n\t\t\t<div class=\"elementor-widget-wrap elementor-element-populated\">\n\t\t\t\t\t\t<div class=\"elementor-element elementor-element-22b78588 elementor-widget elementor-widget-text-editor\" data-id=\"22b78588\" data-element_type=\"widget\" data-e-type=\"widget\" data-widget_type=\"text-editor.default\">\n\t\t\t\t<div class=\"elementor-widget-container\">\n\t\t\t\t\t\t\t\t\t<p>Dein pers\u00f6nlicher Zugang zur Pferdewelt \u2728<\/p>\t\t\t\t\t\t\t\t<\/div>\n\t\t\t\t<\/div>\n\t\t\t\t<div class=\"elementor-element elementor-element-a72417c elementor-icon-list--layout-traditional elementor-list-item-link-full_width elementor-widget elementor-widget-icon-list\" data-id=\"a72417c\" data-element_type=\"widget\" data-e-type=\"widget\" data-widget_type=\"icon-list.default\">\n\t\t\t\t<div class=\"elementor-widget-container\">\n\t\t\t\t\t\t\t<ul class=\"elementor-icon-list-items\">\n\t\t\t\t\t\t\t<li class=\"elementor-icon-list-item\">\n\t\t\t\t\t\t\t\t\t\t\t<span class=\"elementor-icon-list-icon\">\n\t\t\t\t\t\t\t<i aria-hidden=\"true\" class=\"fas fa-check\"><\/i>\t\t\t\t\t\t<\/span>\n\t\t\t\t\t\t\t\t\t\t<span class=\"elementor-icon-list-text\">Favoriten speichern<\/span>\n\t\t\t\t\t\t\t\t\t<\/li>\n\t\t\t\t\t\t\t\t<li class=\"elementor-icon-list-item\">\n\t\t\t\t\t\t\t\t\t\t\t<span class=\"elementor-icon-list-icon\">\n\t\t\t\t\t\t\t<i aria-hidden=\"true\" class=\"fas fa-check\"><\/i>\t\t\t\t\t\t<\/span>\n\t\t\t\t\t\t\t\t\t\t<span class=\"elementor-icon-list-text\">Suchauftr\u00e4ge anlegen<\/span>\n\t\t\t\t\t\t\t\t\t<\/li>\n\t\t\t\t\t\t\t\t<li class=\"elementor-icon-list-item\">\n\t\t\t\t\t\t\t\t\t\t\t<span class=\"elementor-icon-list-icon\">\n\t\t\t\t\t\t\t<i aria-hidden=\"true\" class=\"fas fa-check\"><\/i>\t\t\t\t\t\t<\/span>\n\t\t\t\t\t\t\t\t\t\t<span class=\"elementor-icon-list-text\">Exklusive Rabatte &amp; Deals<\/span>\n\t\t\t\t\t\t\t\t\t<\/li>\n\t\t\t\t\t\t<\/ul>\n\t\t\t\t\t\t<\/div>\n\t\t\t\t<\/div>\n\t\t\t\t\t<\/div>\n\t\t<\/div>\n\t\t\t\t<div class=\"penci-ercol-33 penci-ercol-order-2 penci-sticky-sb penci-sidebarSC   elementor-column elementor-col-33 elementor-top-column elementor-element elementor-element-730eaadc\" data-id=\"730eaadc\" data-element_type=\"column\" data-e-type=\"column\">\n\t\t\t<div class=\"elementor-widget-wrap elementor-element-populated\">\n\t\t\t\t\t\t<div class=\"elementor-element elementor-element-51ebb18c elementor-align-center elementor-mobile-align-center elementor-widget elementor-widget-button\" data-id=\"51ebb18c\" data-element_type=\"widget\" data-e-type=\"widget\" data-widget_type=\"button.default\">\n\t\t\t\t<div class=\"elementor-widget-container\">\n\t\t\t\t\t\t\t\t\t<div class=\"elementor-button-wrapper\">\n\t\t\t\t\t<a class=\"elementor-button elementor-button-link elementor-size-sm\" href=\"https:\/\/www.ehorses.de\/account\/register\">\n\t\t\t\t\t\t<span class=\"elementor-button-content-wrapper\">\n\t\t\t\t\t\t\t\t\t<span class=\"elementor-button-text\">Kostenloses Profil erstellen<\/span>\n\t\t\t\t\t<\/span>\n\t\t\t\t\t<\/a>\n\t\t\t\t<\/div>\n\t\t\t\t\t\t\t\t<\/div>\n\t\t\t\t<\/div>\n\t\t\t\t<div class=\"elementor-element elementor-element-15d9dda0 elementor-widget elementor-widget-html\" data-id=\"15d9dda0\" data-element_type=\"widget\" data-e-type=\"widget\" data-widget_type=\"html.default\">\n\t\t\t\t<div class=\"elementor-widget-container\">\n\t\t\t\t\t<div style=\"display: flex; flex-direction: column; justify-content: center;\">\n    <span style=\"font-weight: 500; color: #fff; font-size: 12px; line-height: 1.2; text-align: center;\">\n      +500.000 Menschen vertrauen ehorses\n    <\/span>\n  <\/div>\t\t\t\t<\/div>\n\t\t\t\t<\/div>\n\t\t\t\t\t<\/div>\n\t\t<\/div>\n\t\t\t\t\t<\/div>\n\t\t<\/section>\n\t\t\t\t<section data-particle_enable=\"false\" data-particle-mobile-disabled=\"false\" class=\"penci-section penci-disSticky penci-structure-10 elementor-section elementor-top-section elementor-element elementor-element-5982ba20 elementor-section-full_width elementor-section-height-default elementor-section-height-default\" data-id=\"5982ba20\" data-element_type=\"section\" data-e-type=\"section\">\n\t\t\t\t\t\t<div class=\"elementor-container elementor-column-gap-default\">\n\t\t\t\t\t<div class=\"penci-ercol-100 penci-ercol-order-1 penci-sticky-ct    elementor-column elementor-col-100 elementor-top-column elementor-element elementor-element-710b5b4d\" data-id=\"710b5b4d\" data-element_type=\"column\" data-e-type=\"column\">\n\t\t\t<div class=\"elementor-widget-wrap elementor-element-populated\">\n\t\t\t\t\t\t<div class=\"elementor-element elementor-element-6ac404e4 elementor-widget__width-auto elementor-widget elementor-widget-text-editor\" data-id=\"6ac404e4\" data-element_type=\"widget\" data-e-type=\"widget\" data-widget_type=\"text-editor.default\">\n\t\t\t\t<div class=\"elementor-widget-container\">\n\t\t\t\t\t\t\t\t\t<p>Platz 2<\/p>\t\t\t\t\t\t\t\t<\/div>\n\t\t\t\t<\/div>\n\t\t\t\t<div class=\"elementor-element elementor-element-4db7a5e7 elementor-widget elementor-widget-text-editor\" data-id=\"4db7a5e7\" data-element_type=\"widget\" data-e-type=\"widget\" data-widget_type=\"text-editor.default\">\n\t\t\t\t<div class=\"elementor-widget-container\">\n\t\t\t\t\t\t\t\t\t<h2>Bildh\u00fcbscher Haflinger-Wallach: Ein charmanter Partner f\u00fcr die Freizeit<\/h2><p>Dieser im Jahr 2020 geborene Haflinger-Wallach ist mit seinem Stockma\u00df von 150 cm und seiner hellbraunen Jacke eine wahre Erscheinung. Er besticht durch ein gut proportioniertes Geb\u00e4ude und den typischen Charme seiner Rasse. Wer auf der Suche nach einem optischen Hingucker ist, der zudem durch ein freundliches Wesen \u00fcberzeugt, findet in diesem sechsj\u00e4hrigen Pony einen idealen Partner f\u00fcr den gemeinsamen Weg im Freizeitbereich.<\/p>\t\t\t\t\t\t\t\t<\/div>\n\t\t\t\t<\/div>\n\t\t\t\t<div class=\"elementor-element elementor-element-1311f90 elementor-arrows-position-inside elementor-pagination-position-outside elementor-widget elementor-widget-image-carousel\" data-id=\"1311f90\" data-element_type=\"widget\" data-e-type=\"widget\" data-settings=\"{&quot;navigation&quot;:&quot;both&quot;,&quot;infinite&quot;:&quot;yes&quot;,&quot;speed&quot;:500,&quot;image_spacing_custom&quot;:{&quot;unit&quot;:&quot;px&quot;,&quot;size&quot;:20,&quot;sizes&quot;:[]},&quot;image_spacing_custom_tablet&quot;:{&quot;unit&quot;:&quot;px&quot;,&quot;size&quot;:&quot;&quot;,&quot;sizes&quot;:[]},&quot;image_spacing_custom_mobile&quot;:{&quot;unit&quot;:&quot;px&quot;,&quot;size&quot;:&quot;&quot;,&quot;sizes&quot;:[]}}\" data-widget_type=\"image-carousel.default\">\n\t\t\t\t<div class=\"elementor-widget-container\">\n\t\t\t\t\t\t\t<div class=\"elementor-image-carousel-wrapper swiper\" role=\"region\" aria-roledescription=\"carousel\" aria-label=\"Bild Karussell\" dir=\"ltr\">\n\t\t\t<div class=\"elementor-image-carousel swiper-wrapper\" aria-live=\"polite\">\n\t\t\t\t\t\t\t\t<div class=\"swiper-slide\" role=\"group\" aria-roledescription=\"slide\" aria-label=\"1 von 3\"><figure class=\"swiper-slide-inner\"><img decoding=\"async\" class=\"swiper-slide-image\" src=\"https:\/\/www.ehorses.de\/magazin\/wp-content\/uploads\/pferde-der-woche-010526-wallach-2.webp\" alt=\"Dynamische Aufnahme eines Haflinger Wallachs im freien Galopp auf einem Reitplatz. Die lange, helle M\u00e4hne und der Schweif wehen in der Bewegung, w\u00e4hrend das goldbraune Fell im warmen Sonnenlicht leuchtet.\" \/><\/figure><\/div><div class=\"swiper-slide\" role=\"group\" aria-roledescription=\"slide\" aria-label=\"2 von 3\"><figure class=\"swiper-slide-inner\"><img decoding=\"async\" class=\"swiper-slide-image\" src=\"https:\/\/www.ehorses.de\/magazin\/wp-content\/uploads\/pferde-der-woche-010526-wallach-1.webp\" alt=\"Ein stimmungsvolles Portr\u00e4t des Haflingers, der neugierig \u00fcber einen Holzzaun blickt. Im Hintergrund bl\u00fchen wei\u00dfe Str\u00e4ucher, und das Licht der goldenen Stunde betont die helle M\u00e4hne und den wachen Ausdruck des Pferdes.\" \/><\/figure><\/div><div class=\"swiper-slide\" role=\"group\" aria-roledescription=\"slide\" aria-label=\"3 von 3\"><figure class=\"swiper-slide-inner\"><img decoding=\"async\" class=\"swiper-slide-image\" src=\"https:\/\/www.ehorses.de\/magazin\/wp-content\/uploads\/pferde-der-woche-010526-wallach.webp\" alt=\"Der Haflinger Wallach bei der Arbeit auf einem Sandreitplatz. Eine Person in dunkler Reitbekleidung und Helm reitet das Pferd im Trab. Der Wallach tr\u00e4gt eine wei\u00dfe Schabracke mit dezentem Logo und zeigt eine aufmerksame Arbeitshaltung.\" \/><\/figure><\/div>\t\t\t<\/div>\n\t\t\t\t\t\t\t\t\t\t\t\t<div class=\"elementor-swiper-button elementor-swiper-button-prev\" role=\"button\" tabindex=\"0\">\n\t\t\t\t\t\t<i aria-hidden=\"true\" class=\"eicon-chevron-left\"><\/i>\t\t\t\t\t<\/div>\n\t\t\t\t\t<div class=\"elementor-swiper-button elementor-swiper-button-next\" role=\"button\" tabindex=\"0\">\n\t\t\t\t\t\t<i aria-hidden=\"true\" class=\"eicon-chevron-right\"><\/i>\t\t\t\t\t<\/div>\n\t\t\t\t\n\t\t\t\t\t\t\t\t\t<div class=\"swiper-pagination\"><\/div>\n\t\t\t\t\t\t\t\t\t<\/div>\n\t\t\t\t\t\t<\/div>\n\t\t\t\t<\/div>\n\t\t\t\t\t<\/div>\n\t\t<\/div>\n\t\t\t\t\t<\/div>\n\t\t<\/section>\n\t\t\t\t<section data-particle_enable=\"false\" data-particle-mobile-disabled=\"false\" class=\"penci-section penci-disSticky penci-structure-22 elementor-section elementor-top-section elementor-element elementor-element-16c9be63 elementor-section-boxed elementor-section-height-default elementor-section-height-default\" data-id=\"16c9be63\" data-element_type=\"section\" data-e-type=\"section\">\n\t\t\t\t\t\t<div class=\"elementor-container elementor-column-gap-default\">\n\t\t\t\t\t<div class=\"penci-ercol-66 penci-ercol-order-1 penci-sticky-ct    elementor-column elementor-col-66 elementor-top-column elementor-element elementor-element-73180289\" data-id=\"73180289\" data-element_type=\"column\" data-e-type=\"column\">\n\t\t\t<div class=\"elementor-widget-wrap elementor-element-populated\">\n\t\t\t\t\t\t<div class=\"elementor-element elementor-element-47f50149 elementor-widget elementor-widget-text-editor\" data-id=\"47f50149\" data-element_type=\"widget\" data-e-type=\"widget\" data-widget_type=\"text-editor.default\">\n\t\t\t\t<div class=\"elementor-widget-container\">\n\t\t\t\t\t\t\t\t\t<p><strong>Du m\u00f6chtest mehr Infos zu dieser Wallach haben? \ud83d\udc34<\/strong><\/p>\t\t\t\t\t\t\t\t<\/div>\n\t\t\t\t<\/div>\n\t\t\t\t\t<\/div>\n\t\t<\/div>\n\t\t\t\t<div class=\"penci-ercol-33 penci-ercol-order-2 penci-sticky-sb penci-sidebarSC   elementor-column elementor-col-33 elementor-top-column elementor-element elementor-element-6a3ea5b\" data-id=\"6a3ea5b\" data-element_type=\"column\" data-e-type=\"column\">\n\t\t\t<div class=\"elementor-widget-wrap elementor-element-populated\">\n\t\t\t\t\t\t<div class=\"elementor-element elementor-element-7a8a09d2 elementor-widget elementor-widget-penci-button\" data-id=\"7a8a09d2\" data-element_type=\"widget\" data-e-type=\"widget\" data-widget_type=\"penci-button.default\">\n\t\t\t\t<div class=\"elementor-widget-container\">\n\t\t\t\t\t\t\t<div class=\"pcbtn-wrapper pcbtn-align-right pcbtn-malign-left\">\n\t\t\t<a class=\"pcbtn pcbtn-icon-left\" \n\t\t\t\t\t\t\t\t\t\t\t\thref=\"https:\/\/www.ehorses.de\/haflinger-wallach-6jahre-150-cm-hellbrauner-freizeitpferd-zuchtpferd-vielseitigkeitspferd-fahrpferd-brandis\/2989586.html\" id=\"referral-magazin\">\n\t\t\t\t<span class=\"pcbtn-wrapperin\">\n\t\t\t\t\t<span class=\"pcbtn-content\">\n\t\t\t\t\t\t\t\t\t\tPferd anzeigen\t\t\t<\/span>\n\t\t\t\t\t\t\t\t\t<\/span>\n\t\t\t<\/a>\n\t\t<\/div>\n\t\t\t\t\t\t<\/div>\n\t\t\t\t<\/div>\n\t\t\t\t\t<\/div>\n\t\t<\/div>\n\t\t\t\t\t<\/div>\n\t\t<\/section>\n\t\t\t\t<section data-particle_enable=\"false\" data-particle-mobile-disabled=\"false\" class=\"penci-section penci-disSticky penci-structure-10 elementor-section elementor-top-section elementor-element elementor-element-4c7bae50 elementor-section-full_width elementor-section-height-default elementor-section-height-default\" data-id=\"4c7bae50\" data-element_type=\"section\" data-e-type=\"section\">\n\t\t\t\t\t\t<div class=\"elementor-container elementor-column-gap-default\">\n\t\t\t\t\t<div class=\"penci-ercol-100 penci-ercol-order-1 penci-sticky-ct    elementor-column elementor-col-100 elementor-top-column elementor-element elementor-element-71763d50\" data-id=\"71763d50\" data-element_type=\"column\" data-e-type=\"column\">\n\t\t\t<div class=\"elementor-widget-wrap elementor-element-populated\">\n\t\t\t\t\t\t<div class=\"elementor-element elementor-element-4ab2112f elementor-widget elementor-widget-text-editor\" data-id=\"4ab2112f\" data-element_type=\"widget\" data-e-type=\"widget\" data-widget_type=\"text-editor.default\">\n\t\t\t\t<div class=\"elementor-widget-container\">\n\t\t\t\t\t\t\t\t\t<h3>Solide Basis und altersgerechte Ausbildung<\/h3><p>Der junge Wallach wurde behutsam an seine Aufgaben herangef\u00fchrt und ist in den drei Grundgangarten Schritt, Trab und Galopp <b>solide angeritten<\/b>. Seinem Alter entsprechend zeigt er sich lernwillig und bereit, gemeinsam mit seinem neuen Besitzer weiter zu wachsen. Er bietet eine hervorragende Grundlage f\u00fcr Reiter, die Freude daran haben, ein junges Pferd weiter zu f\u00f6rdern und nach ihren eigenen Vorstellungen zu formen. Durch seine angenehme Gr\u00f6\u00dfe deckt er zudem sowohl Jugendliche als auch kleinere Erwachsene gut ab.<\/p><h3>Ausgeglichener Charakter f\u00fcr entspannte Stunden<\/h3><p>Neben seiner attraktiven Optik punktet dieser Haflinger vor allem durch sein <b>ausgeglichenes und gutm\u00fctiges Interieur<\/b>. Er ist in liebevoller Hand aufgewachsen, was sich in seinem vertrauensvollen Umgang mit dem Menschen widerspiegelt. Als Wallach zeigt er sich im t\u00e4glichen Handling unkompliziert und nervenstark \u2013 beste Voraussetzungen f\u00fcr einen zuverl\u00e4ssigen Freizeitbegleiter. Ein Pferd zum Wohlf\u00fchlen, das sowohl bei der Arbeit als auch bei entspannten Momenten im Stall durch seine liebenswerte Art \u00fcberzeugt.<\/p>\t\t\t\t\t\t\t\t<\/div>\n\t\t\t\t<\/div>\n\t\t\t\t\t<\/div>\n\t\t<\/div>\n\t\t\t\t\t<\/div>\n\t\t<\/section>\n\t\t\t\t<section data-particle_enable=\"false\" data-particle-mobile-disabled=\"false\" class=\"penci-section penci-dmcheck penci-elbg-activate penci-disSticky penci-structure-22 elementor-section elementor-top-section elementor-element elementor-element-67076543 elementor-section-boxed elementor-section-height-default elementor-section-height-default\" data-id=\"67076543\" data-element_type=\"section\" data-e-type=\"section\" data-settings=\"{&quot;background_background&quot;:&quot;classic&quot;}\">\n\t\t\t\t\t\t<div class=\"elementor-container elementor-column-gap-default\">\n\t\t\t\t\t<div class=\"penci-ercol-66 penci-ercol-order-1 penci-sticky-ct    elementor-column elementor-col-66 elementor-top-column elementor-element elementor-element-4d4d5d14\" data-id=\"4d4d5d14\" data-element_type=\"column\" data-e-type=\"column\">\n\t\t\t<div class=\"elementor-widget-wrap elementor-element-populated\">\n\t\t\t\t\t\t<div class=\"elementor-element elementor-element-79a79ffb elementor-widget elementor-widget-text-editor\" data-id=\"79a79ffb\" data-element_type=\"widget\" data-e-type=\"widget\" data-widget_type=\"text-editor.default\">\n\t\t\t\t<div class=\"elementor-widget-container\">\n\t\t\t\t\t\t\t\t\t<p>Kostenlose Downloads f\u00fcr dich (und dein Pferd) \u2728<\/p>\t\t\t\t\t\t\t\t<\/div>\n\t\t\t\t<\/div>\n\t\t\t\t<div class=\"elementor-element elementor-element-41b09867 elementor-icon-list--layout-traditional elementor-list-item-link-full_width elementor-widget elementor-widget-icon-list\" data-id=\"41b09867\" data-element_type=\"widget\" data-e-type=\"widget\" data-widget_type=\"icon-list.default\">\n\t\t\t\t<div class=\"elementor-widget-container\">\n\t\t\t\t\t\t\t<ul class=\"elementor-icon-list-items\">\n\t\t\t\t\t\t\t<li class=\"elementor-icon-list-item\">\n\t\t\t\t\t\t\t\t\t\t\t<span class=\"elementor-icon-list-icon\">\n\t\t\t\t\t\t\t<i aria-hidden=\"true\" class=\"fas fa-check\"><\/i>\t\t\t\t\t\t<\/span>\n\t\t\t\t\t\t\t\t\t\t<span class=\"elementor-icon-list-text\">Muster-Kaufvertr\u00e4ge<\/span>\n\t\t\t\t\t\t\t\t\t<\/li>\n\t\t\t\t\t\t\t\t<li class=\"elementor-icon-list-item\">\n\t\t\t\t\t\t\t\t\t\t\t<span class=\"elementor-icon-list-icon\">\n\t\t\t\t\t\t\t<i aria-hidden=\"true\" class=\"fas fa-check\"><\/i>\t\t\t\t\t\t<\/span>\n\t\t\t\t\t\t\t\t\t\t<span class=\"elementor-icon-list-text\">Checklisten &amp; Ratgeber<\/span>\n\t\t\t\t\t\t\t\t\t<\/li>\n\t\t\t\t\t\t\t\t<li class=\"elementor-icon-list-item\">\n\t\t\t\t\t\t\t\t\t\t\t<span class=\"elementor-icon-list-icon\">\n\t\t\t\t\t\t\t<i aria-hidden=\"true\" class=\"fas fa-check\"><\/i>\t\t\t\t\t\t<\/span>\n\t\t\t\t\t\t\t\t\t\t<span class=\"elementor-icon-list-text\">Trainingsplan, Impfplan &amp; Co.<\/span>\n\t\t\t\t\t\t\t\t\t<\/li>\n\t\t\t\t\t\t<\/ul>\n\t\t\t\t\t\t<\/div>\n\t\t\t\t<\/div>\n\t\t\t\t\t<\/div>\n\t\t<\/div>\n\t\t\t\t<div class=\"penci-ercol-33 penci-ercol-order-2 penci-sticky-sb penci-sidebarSC   elementor-column elementor-col-33 elementor-top-column elementor-element elementor-element-4ce5a1f7\" data-id=\"4ce5a1f7\" data-element_type=\"column\" data-e-type=\"column\">\n\t\t\t<div class=\"elementor-widget-wrap elementor-element-populated\">\n\t\t\t\t\t\t<div class=\"elementor-element elementor-element-1e4d08eb elementor-align-center elementor-mobile-align-center elementor-widget elementor-widget-button\" data-id=\"1e4d08eb\" data-element_type=\"widget\" data-e-type=\"widget\" data-widget_type=\"button.default\">\n\t\t\t\t<div class=\"elementor-widget-container\">\n\t\t\t\t\t\t\t\t\t<div class=\"elementor-button-wrapper\">\n\t\t\t\t\t<a class=\"elementor-button elementor-button-link elementor-size-sm\" href=\"https:\/\/www.ehorses.de\/magazin\/downloads\/\">\n\t\t\t\t\t\t<span class=\"elementor-button-content-wrapper\">\n\t\t\t\t\t\t\t\t\t<span class=\"elementor-button-text\">Alle Downloads ansehen<\/span>\n\t\t\t\t\t<\/span>\n\t\t\t\t\t<\/a>\n\t\t\t\t<\/div>\n\t\t\t\t\t\t\t\t<\/div>\n\t\t\t\t<\/div>\n\t\t\t\t<div class=\"elementor-element elementor-element-cedebbb elementor-widget elementor-widget-html\" data-id=\"cedebbb\" data-element_type=\"widget\" data-e-type=\"widget\" data-widget_type=\"html.default\">\n\t\t\t\t<div class=\"elementor-widget-container\">\n\t\t\t\t\t<div style=\"display: flex; flex-direction: column; justify-content: center;\">\n    <span style=\"font-weight: 500; color: #fff; font-size: 12px; line-height: 1.2; text-align: center;\">\n      100% kostenfreie Downloads\n    <\/span>\n  <\/div>\t\t\t\t<\/div>\n\t\t\t\t<\/div>\n\t\t\t\t\t<\/div>\n\t\t<\/div>\n\t\t\t\t\t<\/div>\n\t\t<\/section>\n\t\t\t\t<section data-particle_enable=\"false\" data-particle-mobile-disabled=\"false\" class=\"penci-section penci-disSticky penci-structure-10 elementor-section elementor-top-section elementor-element elementor-element-3590bfd2 elementor-section-full_width elementor-section-height-default elementor-section-height-default\" data-id=\"3590bfd2\" data-element_type=\"section\" data-e-type=\"section\">\n\t\t\t\t\t\t<div class=\"elementor-container elementor-column-gap-default\">\n\t\t\t\t\t<div class=\"penci-ercol-100 penci-ercol-order-1 penci-sticky-ct    elementor-column elementor-col-100 elementor-top-column elementor-element elementor-element-1413d0a9\" data-id=\"1413d0a9\" data-element_type=\"column\" data-e-type=\"column\">\n\t\t\t<div class=\"elementor-widget-wrap elementor-element-populated\">\n\t\t\t\t\t\t<div class=\"elementor-element elementor-element-42029aea elementor-widget__width-auto elementor-widget elementor-widget-text-editor\" data-id=\"42029aea\" data-element_type=\"widget\" data-e-type=\"widget\" data-widget_type=\"text-editor.default\">\n\t\t\t\t<div class=\"elementor-widget-container\">\n\t\t\t\t\t\t\t\t\t<p>Platz 3<\/p>\t\t\t\t\t\t\t\t<\/div>\n\t\t\t\t<\/div>\n\t\t\t\t<div class=\"elementor-element elementor-element-66f2ea elementor-widget elementor-widget-text-editor\" data-id=\"66f2ea\" data-element_type=\"widget\" data-e-type=\"widget\" data-widget_type=\"text-editor.default\">\n\t\t\t\t<div class=\"elementor-widget-container\">\n\t\t\t\t\t\t\t\t\t<h2>Wundersch\u00f6ne Haflingerstute: Zuverl\u00e4ssige Freizeitpartnerin mit Stockma\u00df-Plus<\/h2><p>Diese elfj\u00e4hrige Haflingerstute besticht durch ihre charmante Ausstrahlung und ein f\u00fcr die Rasse stattliches Stockma\u00df von 155 cm. Damit deckt sie auch gr\u00f6\u00dfere Reiter hervorragend ab und pr\u00e4sentiert sich als vielseitige Partnerin f\u00fcr den gehobenen Freizeitbereich. Sie vereint die typische Robustheit ihrer Rasse mit einer angenehmen Eleganz und ist bereit, als treue Gef\u00e4hrtin in ein neues Zuhause einzuziehen.<\/p>\t\t\t\t\t\t\t\t<\/div>\n\t\t\t\t<\/div>\n\t\t\t\t<div class=\"elementor-element elementor-element-17bcbf10 elementor-arrows-position-inside elementor-pagination-position-outside elementor-widget elementor-widget-image-carousel\" data-id=\"17bcbf10\" data-element_type=\"widget\" data-e-type=\"widget\" data-settings=\"{&quot;navigation&quot;:&quot;both&quot;,&quot;infinite&quot;:&quot;yes&quot;,&quot;speed&quot;:500,&quot;image_spacing_custom&quot;:{&quot;unit&quot;:&quot;px&quot;,&quot;size&quot;:20,&quot;sizes&quot;:[]},&quot;image_spacing_custom_tablet&quot;:{&quot;unit&quot;:&quot;px&quot;,&quot;size&quot;:&quot;&quot;,&quot;sizes&quot;:[]},&quot;image_spacing_custom_mobile&quot;:{&quot;unit&quot;:&quot;px&quot;,&quot;size&quot;:&quot;&quot;,&quot;sizes&quot;:[]}}\" data-widget_type=\"image-carousel.default\">\n\t\t\t\t<div class=\"elementor-widget-container\">\n\t\t\t\t\t\t\t<div class=\"elementor-image-carousel-wrapper swiper\" role=\"region\" aria-roledescription=\"carousel\" aria-label=\"Bild Karussell\" dir=\"ltr\">\n\t\t\t<div class=\"elementor-image-carousel swiper-wrapper\" aria-live=\"polite\">\n\t\t\t\t\t\t\t\t<div class=\"swiper-slide\" role=\"group\" aria-roledescription=\"slide\" aria-label=\"1 von 3\"><figure class=\"swiper-slide-inner\"><img decoding=\"async\" class=\"swiper-slide-image\" src=\"https:\/\/www.ehorses.de\/magazin\/wp-content\/uploads\/pferde-der-woche-010526-stute-2.webp\" alt=\"Eine Nahaufnahme im Profil eines Haflinger, der nach links blickt. Er hat ein helles Fuchs-Fell und eine sehr lange, flachsfarbene M\u00e4hne, die \u00fcber seinen Hals f\u00e4llt. Er tr\u00e4gt ein dunkelbraunes Lederhalfter. Der Hintergrund ist ein unscharfer, gr\u00fcner Garten.\" \/><\/figure><\/div><div class=\"swiper-slide\" role=\"group\" aria-roledescription=\"slide\" aria-label=\"2 von 3\"><figure class=\"swiper-slide-inner\"><img decoding=\"async\" class=\"swiper-slide-image\" src=\"https:\/\/www.ehorses.de\/magazin\/wp-content\/uploads\/pferde-der-woche-010526-stute-1.webp\" alt=\"Eine Ganzk\u00f6rper-Profilaufnahme eines stehenden Haflinger, der nach links blickt. Das Pferd hat helles Fuchs-Fell und eine lange, flachsfarbene M\u00e4hne und Schweif. Es steht korrekt auf einem Gartenweg mit Steinumrandung und tr\u00e4gt ein braunes Lederhalfter mit F\u00fchrstrick. Der Hintergrund ist ein gepflegter Garten mit einer Holzbank.\" \/><\/figure><\/div><div class=\"swiper-slide\" role=\"group\" aria-roledescription=\"slide\" aria-label=\"3 von 3\"><figure class=\"swiper-slide-inner\"><img decoding=\"async\" class=\"swiper-slide-image\" src=\"https:\/\/www.ehorses.de\/magazin\/wp-content\/uploads\/pferde-der-woche-010526-stute.webp\" alt=\"Eine Halbk\u00f6rper-Dreiviertel-Aufnahme eines Haflinger, der direkt in die Kamera blickt. Das Pferd hat helles Fuchs-Fell und eine lange, flachsfarbene M\u00e4hne. Es tr\u00e4gt ein braunes Lederhalfter und steht auf einem Gartenweg vor dichtem, gr\u00fcnem Bewuchs.\" \/><\/figure><\/div>\t\t\t<\/div>\n\t\t\t\t\t\t\t\t\t\t\t\t<div class=\"elementor-swiper-button elementor-swiper-button-prev\" role=\"button\" tabindex=\"0\">\n\t\t\t\t\t\t<i aria-hidden=\"true\" class=\"eicon-chevron-left\"><\/i>\t\t\t\t\t<\/div>\n\t\t\t\t\t<div class=\"elementor-swiper-button elementor-swiper-button-next\" role=\"button\" tabindex=\"0\">\n\t\t\t\t\t\t<i aria-hidden=\"true\" class=\"eicon-chevron-right\"><\/i>\t\t\t\t\t<\/div>\n\t\t\t\t\n\t\t\t\t\t\t\t\t\t<div class=\"swiper-pagination\"><\/div>\n\t\t\t\t\t\t\t\t\t<\/div>\n\t\t\t\t\t\t<\/div>\n\t\t\t\t<\/div>\n\t\t\t\t\t<\/div>\n\t\t<\/div>\n\t\t\t\t\t<\/div>\n\t\t<\/section>\n\t\t\t\t<section data-particle_enable=\"false\" data-particle-mobile-disabled=\"false\" class=\"penci-section penci-disSticky penci-structure-22 elementor-section elementor-top-section elementor-element elementor-element-13d07df2 elementor-section-boxed elementor-section-height-default elementor-section-height-default\" data-id=\"13d07df2\" data-element_type=\"section\" data-e-type=\"section\">\n\t\t\t\t\t\t<div class=\"elementor-container elementor-column-gap-default\">\n\t\t\t\t\t<div class=\"penci-ercol-66 penci-ercol-order-1 penci-sticky-ct    elementor-column elementor-col-66 elementor-top-column elementor-element elementor-element-6388db31\" data-id=\"6388db31\" data-element_type=\"column\" data-e-type=\"column\">\n\t\t\t<div class=\"elementor-widget-wrap elementor-element-populated\">\n\t\t\t\t\t\t<div class=\"elementor-element elementor-element-65021f3a elementor-widget elementor-widget-text-editor\" data-id=\"65021f3a\" data-element_type=\"widget\" data-e-type=\"widget\" data-widget_type=\"text-editor.default\">\n\t\t\t\t<div class=\"elementor-widget-container\">\n\t\t\t\t\t\t\t\t\t<p><strong>Du m\u00f6chtest mehr Infos zu dieser Stute haben? \ud83d\udc34<\/strong><\/p>\t\t\t\t\t\t\t\t<\/div>\n\t\t\t\t<\/div>\n\t\t\t\t\t<\/div>\n\t\t<\/div>\n\t\t\t\t<div class=\"penci-ercol-33 penci-ercol-order-2 penci-sticky-sb penci-sidebarSC   elementor-column elementor-col-33 elementor-top-column elementor-element elementor-element-100c123c\" data-id=\"100c123c\" data-element_type=\"column\" data-e-type=\"column\">\n\t\t\t<div class=\"elementor-widget-wrap elementor-element-populated\">\n\t\t\t\t\t\t<div class=\"elementor-element elementor-element-3913eec5 elementor-widget elementor-widget-penci-button\" data-id=\"3913eec5\" data-element_type=\"widget\" data-e-type=\"widget\" data-widget_type=\"penci-button.default\">\n\t\t\t\t<div class=\"elementor-widget-container\">\n\t\t\t\t\t\t\t<div class=\"pcbtn-wrapper pcbtn-align-right pcbtn-malign-left\">\n\t\t\t<a class=\"pcbtn pcbtn-icon-left\" \n\t\t\t\t\t\t\t\t\t\t\t\thref=\"https:\/\/www.ehorses.de\/haflinger-stute-11jahre-155-cm-fuchs-freizeitpferd-springpferd-dressurpferd-iggingen\/4815258.html\" id=\"referral-magazin\">\n\t\t\t\t<span class=\"pcbtn-wrapperin\">\n\t\t\t\t\t<span class=\"pcbtn-content\">\n\t\t\t\t\t\t\t\t\t\tPferd anzeigen\t\t\t<\/span>\n\t\t\t\t\t\t\t\t\t<\/span>\n\t\t\t<\/a>\n\t\t<\/div>\n\t\t\t\t\t\t<\/div>\n\t\t\t\t<\/div>\n\t\t\t\t\t<\/div>\n\t\t<\/div>\n\t\t\t\t\t<\/div>\n\t\t<\/section>\n\t\t\t\t<section data-particle_enable=\"false\" data-particle-mobile-disabled=\"false\" class=\"penci-section penci-disSticky penci-structure-10 elementor-section elementor-top-section elementor-element elementor-element-42792ccb elementor-section-full_width elementor-section-height-default elementor-section-height-default\" data-id=\"42792ccb\" data-element_type=\"section\" data-e-type=\"section\">\n\t\t\t\t\t\t<div class=\"elementor-container elementor-column-gap-default\">\n\t\t\t\t\t<div class=\"penci-ercol-100 penci-ercol-order-1 penci-sticky-ct    elementor-column elementor-col-100 elementor-top-column elementor-element elementor-element-dca0652\" data-id=\"dca0652\" data-element_type=\"column\" data-e-type=\"column\">\n\t\t\t<div class=\"elementor-widget-wrap elementor-element-populated\">\n\t\t\t\t\t\t<div class=\"elementor-element elementor-element-d58b621 elementor-widget elementor-widget-text-editor\" data-id=\"d58b621\" data-element_type=\"widget\" data-e-type=\"widget\" data-widget_type=\"text-editor.default\">\n\t\t\t\t<div class=\"elementor-widget-container\">\n\t\t\t\t\t\t\t\t\t<h3>Vielseitig ausgebildet f\u00fcr Gel\u00e4nde und Parcours<\/h3><p>Die Stute ist gut geritten und zeigt sich in der t\u00e4glichen Arbeit stets motiviert und unkompliziert. Neben ihrer Hauptdisziplin im Freizeitbereich verf\u00fcgt sie \u00fcber Erfahrung im <b>Springen<\/b>, was die t\u00e4gliche Arbeit abwechslungsreich gestaltet. Ob bei gem\u00fctlichen Ausritten, ausgedehnten Spazierg\u00e4ngen im Gel\u00e4nde oder dem ersten Training \u00fcber kleine Hindernisse \u2013 sie meistert ihre Aufgaben mit Freude und Verl\u00e4sslichkeit. Dank ihrer soliden Grundausbildung und ihrer Erfahrung ist sie eine souver\u00e4ne Begleiterin, die ihrem Reiter jederzeit ein sicheres Gef\u00fchl vermittelt.<\/p><h3>Einwandfreier Charakter f\u00fcr die ganze Familie<\/h3><p>Was diese Fuchsstute besonders auszeichnet, ist ihr freundliches und menschenbezogenes Wesen. Sie ist im t\u00e4glichen Handling absolut unkompliziert, gepflegt und zeigt sich im Umgang mit Menschen jeden Alters von ihrer besten Seite. Ihr ausgeglichenes Temperament und ihre angenehme Ausstrahlung machen sie zur idealen Wahl f\u00fcr <b>Familien oder ambitionierte Freizeitkapit\u00e4ne<\/b>, die Wert auf ein harmonisches Miteinander legen. Eine gesunde, ehrliche Stute, die bereit ist, mit ihren neuen Besitzern in die Saison 2026 zu starten und viele sch\u00f6ne Momente unter dem Sattel zu teilen.<\/p>\t\t\t\t\t\t\t\t<\/div>\n\t\t\t\t<\/div>\n\t\t\t\t\t<\/div>\n\t\t<\/div>\n\t\t\t\t\t<\/div>\n\t\t<\/section>\n\t\t\t\t<\/div>\n\t\t","protected":false},"author":183,"featured_media":91411,"template":"","class_list":["post-91396","pferde-der-woche","type-pferde-der-woche","status-publish","has-post-thumbnail","hentry"],"_oembed_6e2261a90c0f61b3f6e5cbf5248ae69a":null,"_oembed_d83ed97665bbfe5cbf2a5acd0571bfe8":null,"_oembed_879340bd3c064234a240bcda2f369c23":null,"_oembed_519616b8842fb308e7a3039c04f55a79":null,"yoast_head":"<!-- This site is optimized with the Yoast SEO plugin v27.5 - https:\/\/yoast.com\/product\/yoast-seo-wordpress\/ -->\n<title>Haflinger der Woche: Gek\u00f6rte Qualit\u00e4t &amp; Freizeit-Allrounder - ehorses Magazin<\/title>\n<meta name=\"description\" content=\"Haflinger der Woche: Vom pr\u00e4mierten William-B \u00fcber den charmanten Youngster bis zur 155 cm Stute. Finde jetzt dein blondes Gold f\u00fcr 2026!\" \/>\n<meta name=\"robots\" content=\"index, follow, max-snippet:-1, max-image-preview:large, max-video-preview:-1\" \/>\n<link rel=\"canonical\" href=\"https:\/\/www.ehorses.de\/magazin\/pferde-der-woche\/haflinger-der-woche-010526\/\" \/>\n<meta property=\"og:locale\" content=\"de_DE\" \/>\n<meta property=\"og:type\" content=\"article\" \/>\n<meta property=\"og:title\" content=\"Haflinger der Woche: Gek\u00f6rte Qualit\u00e4t &amp; Freizeit-Allrounder - ehorses Magazin\" \/>\n<meta property=\"og:description\" content=\"Haflinger der Woche: Vom pr\u00e4mierten William-B \u00fcber den charmanten Youngster bis zur 155 cm Stute. Finde jetzt dein blondes Gold f\u00fcr 2026!\" \/>\n<meta property=\"og:url\" content=\"https:\/\/www.ehorses.de\/magazin\/pferde-der-woche\/haflinger-der-woche-010526\/\" \/>\n<meta property=\"og:site_name\" content=\"ehorses Magazin\" \/>\n<meta property=\"og:image\" content=\"https:\/\/www.ehorses.de\/magazin\/wp-content\/uploads\/pferde-der-woche-010526.webp\" \/>\n\t<meta property=\"og:image:width\" content=\"1200\" \/>\n\t<meta property=\"og:image:height\" content=\"800\" \/>\n\t<meta property=\"og:image:type\" content=\"image\/webp\" \/>\n<meta name=\"twitter:card\" content=\"summary_large_image\" \/>\n<meta name=\"twitter:label1\" content=\"Gesch\u00e4tzte Lesezeit\" \/>\n\t<meta name=\"twitter:data1\" content=\"7\u00a0Minuten\" \/>\n<script type=\"application\/ld+json\" class=\"yoast-schema-graph\">{\"@context\":\"https:\\\/\\\/schema.org\",\"@graph\":[{\"@type\":\"WebPage\",\"@id\":\"https:\\\/\\\/www.ehorses.de\\\/magazin\\\/pferde-der-woche\\\/haflinger-der-woche-010526\\\/\",\"url\":\"https:\\\/\\\/www.ehorses.de\\\/magazin\\\/pferde-der-woche\\\/haflinger-der-woche-010526\\\/\",\"name\":\"Haflinger der Woche: Gek\u00f6rte Qualit\u00e4t & Freizeit-Allrounder - ehorses Magazin\",\"isPartOf\":{\"@id\":\"https:\\\/\\\/www.ehorses.de\\\/magazin\\\/#website\"},\"primaryImageOfPage\":{\"@id\":\"https:\\\/\\\/www.ehorses.de\\\/magazin\\\/pferde-der-woche\\\/haflinger-der-woche-010526\\\/#primaryimage\"},\"image\":{\"@id\":\"https:\\\/\\\/www.ehorses.de\\\/magazin\\\/pferde-der-woche\\\/haflinger-der-woche-010526\\\/#primaryimage\"},\"thumbnailUrl\":\"https:\\\/\\\/www.ehorses.de\\\/magazin\\\/wp-content\\\/uploads\\\/pferde-der-woche-010526.webp\",\"datePublished\":\"2026-05-01T06:04:00+00:00\",\"description\":\"Haflinger der Woche: Vom pr\u00e4mierten William-B \u00fcber den charmanten Youngster bis zur 155 cm Stute. Finde jetzt dein blondes Gold f\u00fcr 2026!\",\"breadcrumb\":{\"@id\":\"https:\\\/\\\/www.ehorses.de\\\/magazin\\\/pferde-der-woche\\\/haflinger-der-woche-010526\\\/#breadcrumb\"},\"inLanguage\":\"de\",\"potentialAction\":[{\"@type\":\"ReadAction\",\"target\":[\"https:\\\/\\\/www.ehorses.de\\\/magazin\\\/pferde-der-woche\\\/haflinger-der-woche-010526\\\/\"]}]},{\"@type\":\"ImageObject\",\"inLanguage\":\"de\",\"@id\":\"https:\\\/\\\/www.ehorses.de\\\/magazin\\\/pferde-der-woche\\\/haflinger-der-woche-010526\\\/#primaryimage\",\"url\":\"https:\\\/\\\/www.ehorses.de\\\/magazin\\\/wp-content\\\/uploads\\\/pferde-der-woche-010526.webp\",\"contentUrl\":\"https:\\\/\\\/www.ehorses.de\\\/magazin\\\/wp-content\\\/uploads\\\/pferde-der-woche-010526.webp\",\"width\":1200,\"height\":800,\"caption\":\"Eine Ganzk\u00f6rper-Profilaufnahme eines stehenden Haflinger, der nach links blickt. Das Pferd hat helles Fuchs-Fell und eine lange, flachsfarbene M\u00e4hne und Schweif. Es steht korrekt auf einem Gartenweg mit Steinumrandung und tr\u00e4gt ein braunes Lederhalfter mit F\u00fchrstrick. Der Hintergrund ist ein gepflegter Garten mit einer Holzbank.\"},{\"@type\":\"BreadcrumbList\",\"@id\":\"https:\\\/\\\/www.ehorses.de\\\/magazin\\\/pferde-der-woche\\\/haflinger-der-woche-010526\\\/#breadcrumb\",\"itemListElement\":[{\"@type\":\"ListItem\",\"position\":1,\"name\":\"Startseite\",\"item\":\"https:\\\/\\\/www.ehorses.de\\\/magazin\\\/\"},{\"@type\":\"ListItem\",\"position\":2,\"name\":\"Haflinger der Woche: Gek\u00f6rte Qualit\u00e4t &#038; Freizeit-Allrounder\"}]},{\"@type\":\"WebSite\",\"@id\":\"https:\\\/\\\/www.ehorses.de\\\/magazin\\\/#website\",\"url\":\"https:\\\/\\\/www.ehorses.de\\\/magazin\\\/\",\"name\":\"ehorses Magazin\",\"description\":\"\",\"potentialAction\":[{\"@type\":\"SearchAction\",\"target\":{\"@type\":\"EntryPoint\",\"urlTemplate\":\"https:\\\/\\\/www.ehorses.de\\\/magazin\\\/?s={search_term_string}\"},\"query-input\":{\"@type\":\"PropertyValueSpecification\",\"valueRequired\":true,\"valueName\":\"search_term_string\"}}],\"inLanguage\":\"de\"}]}<\/script>\n<!-- \/ Yoast SEO plugin. -->","yoast_head_json":{"title":"Haflinger der Woche: Gek\u00f6rte Qualit\u00e4t & Freizeit-Allrounder - ehorses Magazin","description":"Haflinger der Woche: Vom pr\u00e4mierten William-B \u00fcber den charmanten Youngster bis zur 155 cm Stute. Finde jetzt dein blondes Gold f\u00fcr 2026!","robots":{"index":"index","follow":"follow","max-snippet":"max-snippet:-1","max-image-preview":"max-image-preview:large","max-video-preview":"max-video-preview:-1"},"canonical":"https:\/\/www.ehorses.de\/magazin\/pferde-der-woche\/haflinger-der-woche-010526\/","og_locale":"de_DE","og_type":"article","og_title":"Haflinger der Woche: Gek\u00f6rte Qualit\u00e4t & Freizeit-Allrounder - ehorses Magazin","og_description":"Haflinger der Woche: Vom pr\u00e4mierten William-B \u00fcber den charmanten Youngster bis zur 155 cm Stute. Finde jetzt dein blondes Gold f\u00fcr 2026!","og_url":"https:\/\/www.ehorses.de\/magazin\/pferde-der-woche\/haflinger-der-woche-010526\/","og_site_name":"ehorses Magazin","og_image":[{"width":1200,"height":800,"url":"https:\/\/www.ehorses.de\/magazin\/wp-content\/uploads\/pferde-der-woche-010526.webp","type":"image\/webp"}],"twitter_card":"summary_large_image","twitter_misc":{"Gesch\u00e4tzte Lesezeit":"7\u00a0Minuten"},"schema":{"@context":"https:\/\/schema.org","@graph":[{"@type":"WebPage","@id":"https:\/\/www.ehorses.de\/magazin\/pferde-der-woche\/haflinger-der-woche-010526\/","url":"https:\/\/www.ehorses.de\/magazin\/pferde-der-woche\/haflinger-der-woche-010526\/","name":"Haflinger der Woche: Gek\u00f6rte Qualit\u00e4t & Freizeit-Allrounder - ehorses Magazin","isPartOf":{"@id":"https:\/\/www.ehorses.de\/magazin\/#website"},"primaryImageOfPage":{"@id":"https:\/\/www.ehorses.de\/magazin\/pferde-der-woche\/haflinger-der-woche-010526\/#primaryimage"},"image":{"@id":"https:\/\/www.ehorses.de\/magazin\/pferde-der-woche\/haflinger-der-woche-010526\/#primaryimage"},"thumbnailUrl":"https:\/\/www.ehorses.de\/magazin\/wp-content\/uploads\/pferde-der-woche-010526.webp","datePublished":"2026-05-01T06:04:00+00:00","description":"Haflinger der Woche: Vom pr\u00e4mierten William-B \u00fcber den charmanten Youngster bis zur 155 cm Stute. Finde jetzt dein blondes Gold f\u00fcr 2026!","breadcrumb":{"@id":"https:\/\/www.ehorses.de\/magazin\/pferde-der-woche\/haflinger-der-woche-010526\/#breadcrumb"},"inLanguage":"de","potentialAction":[{"@type":"ReadAction","target":["https:\/\/www.ehorses.de\/magazin\/pferde-der-woche\/haflinger-der-woche-010526\/"]}]},{"@type":"ImageObject","inLanguage":"de","@id":"https:\/\/www.ehorses.de\/magazin\/pferde-der-woche\/haflinger-der-woche-010526\/#primaryimage","url":"https:\/\/www.ehorses.de\/magazin\/wp-content\/uploads\/pferde-der-woche-010526.webp","contentUrl":"https:\/\/www.ehorses.de\/magazin\/wp-content\/uploads\/pferde-der-woche-010526.webp","width":1200,"height":800,"caption":"Eine Ganzk\u00f6rper-Profilaufnahme eines stehenden Haflinger, der nach links blickt. Das Pferd hat helles Fuchs-Fell und eine lange, flachsfarbene M\u00e4hne und Schweif. Es steht korrekt auf einem Gartenweg mit Steinumrandung und tr\u00e4gt ein braunes Lederhalfter mit F\u00fchrstrick. Der Hintergrund ist ein gepflegter Garten mit einer Holzbank."},{"@type":"BreadcrumbList","@id":"https:\/\/www.ehorses.de\/magazin\/pferde-der-woche\/haflinger-der-woche-010526\/#breadcrumb","itemListElement":[{"@type":"ListItem","position":1,"name":"Startseite","item":"https:\/\/www.ehorses.de\/magazin\/"},{"@type":"ListItem","position":2,"name":"Haflinger der Woche: Gek\u00f6rte Qualit\u00e4t &#038; Freizeit-Allrounder"}]},{"@type":"WebSite","@id":"https:\/\/www.ehorses.de\/magazin\/#website","url":"https:\/\/www.ehorses.de\/magazin\/","name":"ehorses Magazin","description":"","potentialAction":[{"@type":"SearchAction","target":{"@type":"EntryPoint","urlTemplate":"https:\/\/www.ehorses.de\/magazin\/?s={search_term_string}"},"query-input":{"@type":"PropertyValueSpecification","valueRequired":true,"valueName":"search_term_string"}}],"inLanguage":"de"}]}},"_links":{"self":[{"href":"https:\/\/www.ehorses.de\/magazin\/wp-json\/wp\/v2\/pferde-der-woche\/91396","targetHints":{"allow":["GET"]}}],"collection":[{"href":"https:\/\/www.ehorses.de\/magazin\/wp-json\/wp\/v2\/pferde-der-woche"}],"about":[{"href":"https:\/\/www.ehorses.de\/magazin\/wp-json\/wp\/v2\/types\/pferde-der-woche"}],"author":[{"embeddable":true,"href":"https:\/\/www.ehorses.de\/magazin\/wp-json\/wp\/v2\/users\/183"}],"version-history":[{"count":1,"href":"https:\/\/www.ehorses.de\/magazin\/wp-json\/wp\/v2\/pferde-der-woche\/91396\/revisions"}],"predecessor-version":[{"id":91605,"href":"https:\/\/www.ehorses.de\/magazin\/wp-json\/wp\/v2\/pferde-der-woche\/91396\/revisions\/91605"}],"wp:featuredmedia":[{"embeddable":true,"href":"https:\/\/www.ehorses.de\/magazin\/wp-json\/wp\/v2\/media\/91411"}],"wp:attachment":[{"href":"https:\/\/www.ehorses.de\/magazin\/wp-json\/wp\/v2\/media?parent=91396"}],"curies":[{"name":"wp","href":"https:\/\/api.w.org\/{rel}","templated":true}]}}