{"id":95684,"date":"2026-09-06T08:08:00","date_gmt":"2026-09-06T06:08:00","guid":{"rendered":"https:\/\/www.ehorses.de\/magazin\/?p=95684"},"modified":"2026-09-04T12:13:12","modified_gmt":"2026-09-04T10:13:12","slug":"top-3-edelsten-dunkelfuechse","status":"publish","type":"pferde-der-woche","link":"https:\/\/www.ehorses.de\/magazin\/pferde-der-woche\/top-3-edelsten-dunkelfuechse\/","title":{"rendered":"Dunkelf\u00fcchse mit Klasse: Diese 3 Pferdetalente begeistern"},"content":{"rendered":"\t\t<div data-elementor-type=\"wp-post\" data-elementor-id=\"95684\" class=\"elementor elementor-95684\" data-elementor-post-type=\"pferde-der-woche\">\n\t\t\t\t\t\t<section data-particle_enable=\"false\" data-particle-mobile-disabled=\"false\" class=\"penci-section penci-disSticky penci-structure-10 elementor-section elementor-top-section elementor-element elementor-element-a2daa07 elementor-section-full_width elementor-section-height-default elementor-section-height-default\" data-id=\"a2daa07\" data-element_type=\"section\" data-e-type=\"section\">\n\t\t\t\t\t\t<div class=\"elementor-container elementor-column-gap-default\">\n\t\t\t\t\t<div class=\"penci-ercol-100 penci-ercol-order-1 penci-sticky-ct    elementor-column elementor-col-100 elementor-top-column elementor-element elementor-element-f6cb2b6\" data-id=\"f6cb2b6\" data-element_type=\"column\" data-e-type=\"column\">\n\t\t\t<div class=\"elementor-widget-wrap elementor-element-populated\">\n\t\t\t\t\t\t<div class=\"elementor-element elementor-element-7bc0347 elementor-widget elementor-widget-html\" data-id=\"7bc0347\" data-element_type=\"widget\" data-e-type=\"widget\" data-widget_type=\"html.default\">\n\t\t\t\t<div class=\"elementor-widget-container\">\n\t\t\t\t\t<!-- kein <style>-Block, keine Inline-Styles \u2014 Styling zentral in magazin-styles.css (.eh-mag) -->\r\n<div class=\"eh-mag\">\r\n\r\n  <p class=\"eh-mag__teaser\">Dunkelf\u00fcchse \u00fcberzeugen durch zeitlose Eleganz. Wir haben f\u00fcr dich drei wundersch\u00f6ne Dunkelf\u00fcchse aus dem ehorses Pferdemarkt herausgesucht: Eine L-siegreiche Stute, ein typstarkes McLaren-Fohlen und ein Nachwuchswallach auf A-Niveau.<\/p>\r\n  <p><\/p>\r\n  \r\n  <p><\/p>\r\n\r\n  <div class=\"eh-mag__item\">\r\n    <h2>Leeve Marie, bildsch\u00f6ne Stute mit ausdrucksstarken Grundgangarten<\/h2>\r\n    <p>\u201eLeeve Marie\u201c macht ihrem Namen alle Ehre, denn im Umgang ist die gro\u00dfrahmige Dunkelfuchsstute ein <strong>absoluter Schatz<\/strong>. Doch nicht nur ihr Charakter macht sie so besonders, auch sportlich ist die siebenj\u00e4hrige Livaldon-Tochter ein echter \u00dcberflieger. Sie wurde erst Ende vierj\u00e4hrig angeritten und bekam viel Zeit zum Reifen. Ihre allererste Turniersaison absolvierte sie in diesem Jahr direkt auf Dressurpferde-L-Niveau \u2013 und schloss jeden einzelnen Start mit einer hohen Platzierung oder einem Sieg ab.<\/p>\r\n    <p>Unter dem Sattel punktet die 174 cm gro\u00dfe Stute mit ganz viel Arbeitseinstellung. Neue Lektionen fallen ihr leicht, weshalb sie sich aktuell schon spielerisch an die Klasse M herantastet. Neben der Dressurarbeit bereitet ihr auch Abwechslung durch Springgymnastik gro\u00dfe Freude. Der t\u00e4gliche, mehrst\u00fcndige <a href=\"https:\/\/www.ehorses.de\/magazin\/pferdeweide\/\">Weidegang<\/a> bildet das Fundament f\u00fcr ihre Ausgeglichenheit. Zudem ist sie v\u00f6llig unkompliziert im Handling: Schmied, Verladen und H\u00e4ngerfahren geh\u00f6ren f\u00fcr sie zum problemlosen Alltag. Ein rittiges, ehrliches Nachwuchspferd, das aus Altersgr\u00fcnden der Besitzerin verkauft wird.<\/p>\r\n\r\n    <div class=\"eh-mag__gallery\">\r\n      <button class=\"eh-mag__gallery-nav eh-mag__gallery-nav--prev\" type=\"button\" aria-label=\"Vorheriges Bild\"><\/button>\r\n      <div class=\"eh-mag__gallery-track\">\r\n        <img decoding=\"async\" src=\"https:\/\/cdn.ehorses.media\/image\/withwatermark\/facebook\/87757332-8131-42a9-93c6-e5a94f3e1160.jpg\" alt=\"Leeve Marie \u2013 Impression 1\" loading=\"lazy\" \/>\r\n        <img decoding=\"async\" src=\"https:\/\/cdn.ehorses.media\/image\/withwatermark\/facebook\/bc52f2f5-2854-4030-b8ad-9f87c90bcb87.jpg\" alt=\"Leeve Marie \u2013 Impression 2\" loading=\"lazy\" \/>\r\n        <img decoding=\"async\" src=\"https:\/\/cdn.ehorses.media\/image\/withwatermark\/facebook\/7bbb4566-f5af-453e-88a0-573395a7c643.jpg\" alt=\"Leeve Marie \u2013 Impression 3\" loading=\"lazy\" \/>\r\n      <\/div>\r\n      <button class=\"eh-mag__gallery-nav eh-mag__gallery-nav--next\" type=\"button\" aria-label=\"N\u00e4chstes Bild\"><\/button>\r\n    <\/div>\r\n\r\n    <div class=\"eh-mag__cta\">\r\n      <p class=\"eh-mag__cta-text\">Du m\u00f6chtest mehr \u00fcber Leeve Marie erfahren? \ud83d\udc34<\/p>\r\n      <a href=\"https:\/\/www.ehorses.de\/hannoveraner-stute-7jahre-174-cm-dunkelfuchs-dressurpferd-zuchtpferd-straubenhardt\/4882332.html\" class=\"eh-mag__cta-button\" target=\"_blank\" rel=\"noopener\">Pferd ansehen<\/a>\r\n    <\/div>\r\n  <\/div>\r\n\r\n  <div class=\"eh-mag__item\">\r\n    <h2>Edles Stutfohlen von McLaren<\/h2>\r\n    <p>Hier stimmt nicht nur die Optik: Dieses langbeinige Stutfohlen von McLaren f\u00e4llt durch ihren edlen Typ und ihre Bewegungsqualit\u00e4t auf und bringt dazu einen <strong>hochinteressanten <a href=\"https:\/\/www.ehorses.de\/magazin\/hengstauswahl\/\">Mutterstamm<\/a><\/strong> mit. Sie ist die Halbschwester zu Harmony's Dantes Peak (v. Dante Weltino), der unter Michael Klimke siegreich in der Grand-Prix-Klasse ist. Ihre Mutter Apollina \u2013 eine Schwester zum Interm\u00e9diaire-I-erfolgreichen Dublin \u2013 gibt ihre Bewegungsqualit\u00e4t verl\u00e4sslich weiter und brachte bereits mehrere begehrte Auktionsfohlen.<\/p>\r\n    <p>Zwei ihrer T\u00f6chter von Millennium sichern die Genetik in der Zucht des Verk\u00e4ufers und brachten ebenfalls schon hochpreisige, bewegungsstarke Auktionsfohlen hervor. Diese Vererbungssicherheit kommt nicht von ungef\u00e4hr: Aus dem Stamm gehen der gek\u00f6rte und international erfolgreiche August der Starke OLD (Victoria Max-Theurer) sowie die Grand-Prix-Sieger Goldfinger und Flashdancer (beide Anna Merveldt) hervor. Ein Nachwuchstalent mit besten Aussichten f\u00fcr das gro\u00dfe Viereck oder die Anpaarung von morgen.<\/p>\r\n\r\n    <div class=\"eh-mag__gallery\">\r\n      <button class=\"eh-mag__gallery-nav eh-mag__gallery-nav--prev\" type=\"button\" aria-label=\"Vorheriges Bild\"><\/button>\r\n      <div class=\"eh-mag__gallery-track\">\r\n        <img decoding=\"async\" src=\"https:\/\/cdn.ehorses.media\/image\/withwatermark\/facebook\/33a4f553-122b-4874-a1a4-5a4bfd4c4c07.jpg\" alt=\"McLaren-Stutfohlen \u2013 Impression 1\" loading=\"lazy\" \/>\r\n      <\/div>\r\n      <button class=\"eh-mag__gallery-nav eh-mag__gallery-nav--next\" type=\"button\" aria-label=\"N\u00e4chstes Bild\"><\/button>\r\n    <\/div>\r\n\r\n    <div class=\"eh-mag__cta\">\r\n      <p class=\"eh-mag__cta-text\">Dieses Pferd hat dein Interesse geweckt? \ud83d\udc34<\/p>\r\n      <a href=\"https:\/\/www.ehorses.de\/oldenburger-stute-fohlen-dunkelfuchs-dressurpferd-loeningen\/4947154.html\" class=\"eh-mag__cta-button\" target=\"_blank\" rel=\"noopener\">Pferd ansehen<\/a>\r\n    <\/div>\r\n  <\/div>\r\n\r\n  <div class=\"eh-mag__item\">\r\n    <h2>Charmanter Nachwuchswallach<\/h2>\r\n    <p>Dieser f\u00fcnfj\u00e4hrige Nachwuchswallach \u00fcberzeugt im Alltag vor allem durch seinen <strong>unkomplizierten, ehrlichen<\/strong> Charakter. Er wurde bislang schonend gearbeitet und befindet sich aktuell auf solidem Dressurpferde-A-Niveau. Mit seinen drei guten, gut zu sitzenden Grundgangarten bringt er eine tolle Basis f\u00fcr die t\u00e4gliche Arbeit mit.<\/p>\r\n    <p>Auch abseits des Vierecks zeigt er sich gelassen: Ausritte ins Gel\u00e4nde und das Verladen meistert er v\u00f6llig problemlos. Ein sympathisches Nachwuchspferd zum Weiterausbilden (R\u00f6ntgenbilder liegen bereits vor).<\/p>\r\n\r\n    <div class=\"eh-mag__gallery\">\r\n      <button class=\"eh-mag__gallery-nav eh-mag__gallery-nav--prev\" type=\"button\" aria-label=\"Vorheriges Bild\"><\/button>\r\n      <div class=\"eh-mag__gallery-track\">\r\n        <img decoding=\"async\" src=\"https:\/\/cdn.ehorses.media\/image\/withwatermark\/facebook\/70059f96-85e6-491a-b6e8-459033f9ebf6.jpg\" alt=\"Nachwuchswallach \u2013 Impression 1\" loading=\"lazy\" \/>\r\n        <img decoding=\"async\" src=\"https:\/\/cdn.ehorses.media\/image\/withwatermark\/facebook\/6ef29084-35ff-470c-81aa-31c8ce595975.jpg\" alt=\"Nachwuchswallach \u2013 Impression 2\" loading=\"lazy\" \/>\r\n      <\/div>\r\n      <button class=\"eh-mag__gallery-nav eh-mag__gallery-nav--next\" type=\"button\" aria-label=\"N\u00e4chstes Bild\"><\/button>\r\n    <\/div>\r\n\r\n    <div class=\"eh-mag__cta\">\r\n      <p class=\"eh-mag__cta-text\">Dieses Pferd hat dein Interesse geweckt? \ud83d\udc34<\/p>\r\n      <a href=\"https:\/\/www.ehorses.de\/hannoveraner-wallach-5jahre-dunkelfuchs-dressurpferd-freizeitpferd-visbek\/4920993.html\" class=\"eh-mag__cta-button\" target=\"_blank\" rel=\"noopener\">Pferd ansehen<\/a>\r\n    <\/div>\r\n  <\/div>\r\n\r\n<\/div>\t\t\t\t<\/div>\n\t\t\t\t<\/div>\n\t\t\t\t\t<\/div>\n\t\t<\/div>\n\t\t\t\t\t<\/div>\n\t\t<\/section>\n\t\t\t\t<\/div>\n\t\t","protected":false},"author":129,"featured_media":95810,"template":"","class_list":["post-95684","pferde-der-woche","type-pferde-der-woche","status-publish","has-post-thumbnail","hentry"],"_oembed_6e2261a90c0f61b3f6e5cbf5248ae69a":null,"_oembed_d83ed97665bbfe5cbf2a5acd0571bfe8":null,"_oembed_879340bd3c064234a240bcda2f369c23":null,"_oembed_519616b8842fb308e7a3039c04f55a79":null,"yoast_head":"<!-- This site is optimized with the Yoast SEO plugin v28.4 - https:\/\/yoast.com\/product\/yoast-seo-wordpress\/ -->\n<title>Dunkelf\u00fcchse mit Klasse: Diese 3 Pferdetalente begeistern<\/title>\n<meta name=\"description\" content=\"Absolute Hingucker: Vom bezaubernden Fohlen bis zum 7-j\u00e4hrigen Dressurpferd: Die 3 edelsten Dunkelf\u00fcchse der Woche. \u25ba Jetzt entdecken!\" \/>\n<meta name=\"robots\" content=\"index, follow, max-snippet:-1, max-image-preview:large, max-video-preview:-1\" \/>\n<link rel=\"canonical\" href=\"https:\/\/www.ehorses.de\/magazin\/pferde-der-woche\/top-3-edelsten-dunkelfuechse\/\" \/>\n<meta property=\"og:locale\" content=\"de_DE\" \/>\n<meta property=\"og:type\" content=\"article\" \/>\n<meta property=\"og:title\" content=\"Dunkelf\u00fcchse mit Klasse: Diese 3 Pferdetalente begeistern\" \/>\n<meta property=\"og:description\" content=\"Absolute Hingucker: Vom bezaubernden Fohlen bis zum 7-j\u00e4hrigen Dressurpferd: Die 3 edelsten Dunkelf\u00fcchse der Woche. \u25ba Jetzt entdecken!\" \/>\n<meta property=\"og:url\" content=\"https:\/\/www.ehorses.de\/magazin\/pferde-der-woche\/top-3-edelsten-dunkelfuechse\/\" \/>\n<meta property=\"og:site_name\" content=\"ehorses Magazin\" \/>\n<meta property=\"og:image\" content=\"https:\/\/www.ehorses.de\/magazin\/wp-content\/uploads\/dunkelfuechse-zum-verlieben-1.webp\" \/>\n\t<meta property=\"og:image:width\" content=\"1200\" \/>\n\t<meta property=\"og:image:height\" content=\"800\" \/>\n\t<meta property=\"og:image:type\" content=\"image\/webp\" \/>\n<meta name=\"twitter:card\" content=\"summary_large_image\" \/>\n<meta name=\"twitter:label1\" content=\"Gesch\u00e4tzte Lesezeit\" \/>\n\t<meta name=\"twitter:data1\" content=\"4\u00a0Minuten\" \/>\n<script type=\"application\/ld+json\" class=\"yoast-schema-graph\">{\"@context\":\"https:\\\/\\\/schema.org\",\"@graph\":[{\"@type\":\"WebPage\",\"@id\":\"https:\\\/\\\/www.ehorses.de\\\/magazin\\\/pferde-der-woche\\\/top-3-edelsten-dunkelfuechse\\\/\",\"url\":\"https:\\\/\\\/www.ehorses.de\\\/magazin\\\/pferde-der-woche\\\/top-3-edelsten-dunkelfuechse\\\/\",\"name\":\"Dunkelf\u00fcchse mit Klasse: Diese 3 Pferdetalente begeistern\",\"isPartOf\":{\"@id\":\"https:\\\/\\\/www.ehorses.de\\\/magazin\\\/#website\"},\"primaryImageOfPage\":{\"@id\":\"https:\\\/\\\/www.ehorses.de\\\/magazin\\\/pferde-der-woche\\\/top-3-edelsten-dunkelfuechse\\\/#primaryimage\"},\"image\":{\"@id\":\"https:\\\/\\\/www.ehorses.de\\\/magazin\\\/pferde-der-woche\\\/top-3-edelsten-dunkelfuechse\\\/#primaryimage\"},\"thumbnailUrl\":\"https:\\\/\\\/www.ehorses.de\\\/magazin\\\/wp-content\\\/uploads\\\/dunkelfuechse-zum-verlieben-1.webp\",\"datePublished\":\"2026-09-06T06:08:00+00:00\",\"description\":\"Absolute Hingucker: Vom bezaubernden Fohlen bis zum 7-j\u00e4hrigen Dressurpferd: Die 3 edelsten Dunkelf\u00fcchse der Woche. \u25ba Jetzt entdecken!\",\"breadcrumb\":{\"@id\":\"https:\\\/\\\/www.ehorses.de\\\/magazin\\\/pferde-der-woche\\\/top-3-edelsten-dunkelfuechse\\\/#breadcrumb\"},\"inLanguage\":\"de\",\"potentialAction\":[{\"@type\":\"ReadAction\",\"target\":[\"https:\\\/\\\/www.ehorses.de\\\/magazin\\\/pferde-der-woche\\\/top-3-edelsten-dunkelfuechse\\\/\"]}]},{\"@type\":\"ImageObject\",\"inLanguage\":\"de\",\"@id\":\"https:\\\/\\\/www.ehorses.de\\\/magazin\\\/pferde-der-woche\\\/top-3-edelsten-dunkelfuechse\\\/#primaryimage\",\"url\":\"https:\\\/\\\/www.ehorses.de\\\/magazin\\\/wp-content\\\/uploads\\\/dunkelfuechse-zum-verlieben-1.webp\",\"contentUrl\":\"https:\\\/\\\/www.ehorses.de\\\/magazin\\\/wp-content\\\/uploads\\\/dunkelfuechse-zum-verlieben-1.webp\",\"width\":1200,\"height\":800,\"caption\":\"Ein braunes Pferd, das auf gepflastertem Boden steht. Das Pferd ist mit einer schwarzen Trense und einer Longierleine ausgestattet und hat eingeflochtene M\u00e4hnenz\u00f6pfe.\"},{\"@type\":\"BreadcrumbList\",\"@id\":\"https:\\\/\\\/www.ehorses.de\\\/magazin\\\/pferde-der-woche\\\/top-3-edelsten-dunkelfuechse\\\/#breadcrumb\",\"itemListElement\":[{\"@type\":\"ListItem\",\"position\":1,\"name\":\"Startseite\",\"item\":\"https:\\\/\\\/www.ehorses.de\\\/magazin\\\/\"},{\"@type\":\"ListItem\",\"position\":2,\"name\":\"Dunkelf\u00fcchse mit Klasse: Diese 3 Pferdetalente begeistern\"}]},{\"@type\":\"WebSite\",\"@id\":\"https:\\\/\\\/www.ehorses.de\\\/magazin\\\/#website\",\"url\":\"https:\\\/\\\/www.ehorses.de\\\/magazin\\\/\",\"name\":\"ehorses Magazin\",\"description\":\"\",\"potentialAction\":[{\"@type\":\"SearchAction\",\"target\":{\"@type\":\"EntryPoint\",\"urlTemplate\":\"https:\\\/\\\/www.ehorses.de\\\/magazin\\\/?s={search_term_string}\"},\"query-input\":{\"@type\":\"PropertyValueSpecification\",\"valueRequired\":true,\"valueName\":\"search_term_string\"}}],\"inLanguage\":\"de\"}]}<\/script>\n<!-- \/ Yoast SEO plugin. -->","yoast_head_json":{"title":"Dunkelf\u00fcchse mit Klasse: Diese 3 Pferdetalente begeistern","description":"Absolute Hingucker: Vom bezaubernden Fohlen bis zum 7-j\u00e4hrigen Dressurpferd: Die 3 edelsten Dunkelf\u00fcchse der Woche. \u25ba Jetzt entdecken!","robots":{"index":"index","follow":"follow","max-snippet":"max-snippet:-1","max-image-preview":"max-image-preview:large","max-video-preview":"max-video-preview:-1"},"canonical":"https:\/\/www.ehorses.de\/magazin\/pferde-der-woche\/top-3-edelsten-dunkelfuechse\/","og_locale":"de_DE","og_type":"article","og_title":"Dunkelf\u00fcchse mit Klasse: Diese 3 Pferdetalente begeistern","og_description":"Absolute Hingucker: Vom bezaubernden Fohlen bis zum 7-j\u00e4hrigen Dressurpferd: Die 3 edelsten Dunkelf\u00fcchse der Woche. \u25ba Jetzt entdecken!","og_url":"https:\/\/www.ehorses.de\/magazin\/pferde-der-woche\/top-3-edelsten-dunkelfuechse\/","og_site_name":"ehorses Magazin","og_image":[{"width":1200,"height":800,"url":"https:\/\/www.ehorses.de\/magazin\/wp-content\/uploads\/dunkelfuechse-zum-verlieben-1.webp","type":"image\/webp"}],"twitter_card":"summary_large_image","twitter_misc":{"Gesch\u00e4tzte Lesezeit":"4\u00a0Minuten"},"schema":{"@context":"https:\/\/schema.org","@graph":[{"@type":"WebPage","@id":"https:\/\/www.ehorses.de\/magazin\/pferde-der-woche\/top-3-edelsten-dunkelfuechse\/","url":"https:\/\/www.ehorses.de\/magazin\/pferde-der-woche\/top-3-edelsten-dunkelfuechse\/","name":"Dunkelf\u00fcchse mit Klasse: Diese 3 Pferdetalente begeistern","isPartOf":{"@id":"https:\/\/www.ehorses.de\/magazin\/#website"},"primaryImageOfPage":{"@id":"https:\/\/www.ehorses.de\/magazin\/pferde-der-woche\/top-3-edelsten-dunkelfuechse\/#primaryimage"},"image":{"@id":"https:\/\/www.ehorses.de\/magazin\/pferde-der-woche\/top-3-edelsten-dunkelfuechse\/#primaryimage"},"thumbnailUrl":"https:\/\/www.ehorses.de\/magazin\/wp-content\/uploads\/dunkelfuechse-zum-verlieben-1.webp","datePublished":"2026-09-06T06:08:00+00:00","description":"Absolute Hingucker: Vom bezaubernden Fohlen bis zum 7-j\u00e4hrigen Dressurpferd: Die 3 edelsten Dunkelf\u00fcchse der Woche. \u25ba Jetzt entdecken!","breadcrumb":{"@id":"https:\/\/www.ehorses.de\/magazin\/pferde-der-woche\/top-3-edelsten-dunkelfuechse\/#breadcrumb"},"inLanguage":"de","potentialAction":[{"@type":"ReadAction","target":["https:\/\/www.ehorses.de\/magazin\/pferde-der-woche\/top-3-edelsten-dunkelfuechse\/"]}]},{"@type":"ImageObject","inLanguage":"de","@id":"https:\/\/www.ehorses.de\/magazin\/pferde-der-woche\/top-3-edelsten-dunkelfuechse\/#primaryimage","url":"https:\/\/www.ehorses.de\/magazin\/wp-content\/uploads\/dunkelfuechse-zum-verlieben-1.webp","contentUrl":"https:\/\/www.ehorses.de\/magazin\/wp-content\/uploads\/dunkelfuechse-zum-verlieben-1.webp","width":1200,"height":800,"caption":"Ein braunes Pferd, das auf gepflastertem Boden steht. Das Pferd ist mit einer schwarzen Trense und einer Longierleine ausgestattet und hat eingeflochtene M\u00e4hnenz\u00f6pfe."},{"@type":"BreadcrumbList","@id":"https:\/\/www.ehorses.de\/magazin\/pferde-der-woche\/top-3-edelsten-dunkelfuechse\/#breadcrumb","itemListElement":[{"@type":"ListItem","position":1,"name":"Startseite","item":"https:\/\/www.ehorses.de\/magazin\/"},{"@type":"ListItem","position":2,"name":"Dunkelf\u00fcchse mit Klasse: Diese 3 Pferdetalente begeistern"}]},{"@type":"WebSite","@id":"https:\/\/www.ehorses.de\/magazin\/#website","url":"https:\/\/www.ehorses.de\/magazin\/","name":"ehorses Magazin","description":"","potentialAction":[{"@type":"SearchAction","target":{"@type":"EntryPoint","urlTemplate":"https:\/\/www.ehorses.de\/magazin\/?s={search_term_string}"},"query-input":{"@type":"PropertyValueSpecification","valueRequired":true,"valueName":"search_term_string"}}],"inLanguage":"de"}]}},"_links":{"self":[{"href":"https:\/\/www.ehorses.de\/magazin\/wp-json\/wp\/v2\/pferde-der-woche\/95684","targetHints":{"allow":["GET"]}}],"collection":[{"href":"https:\/\/www.ehorses.de\/magazin\/wp-json\/wp\/v2\/pferde-der-woche"}],"about":[{"href":"https:\/\/www.ehorses.de\/magazin\/wp-json\/wp\/v2\/types\/pferde-der-woche"}],"author":[{"embeddable":true,"href":"https:\/\/www.ehorses.de\/magazin\/wp-json\/wp\/v2\/users\/129"}],"version-history":[{"count":12,"href":"https:\/\/www.ehorses.de\/magazin\/wp-json\/wp\/v2\/pferde-der-woche\/95684\/revisions"}],"predecessor-version":[{"id":95813,"href":"https:\/\/www.ehorses.de\/magazin\/wp-json\/wp\/v2\/pferde-der-woche\/95684\/revisions\/95813"}],"wp:featuredmedia":[{"embeddable":true,"href":"https:\/\/www.ehorses.de\/magazin\/wp-json\/wp\/v2\/media\/95810"}],"wp:attachment":[{"href":"https:\/\/www.ehorses.de\/magazin\/wp-json\/wp\/v2\/media?parent=95684"}],"curies":[{"name":"wp","href":"https:\/\/api.w.org\/{rel}","templated":true}]}}